{"version":"1.0","provider_name":"Haber Kuzey","provider_url":"https:\/\/haberkuzey.com","author_name":"haberkuzey","author_url":"https:\/\/haberkuzey.com\/index.php\/author\/haberkuzey\/","title":"Meteoroloji\u2019nden karada ve denizde f\u0131rt\u0131na uyar\u0131s\u0131 - Haber Kuzey","type":"rich","width":600,"height":338,"html":"<blockquote class=\"wp-embedded-content\" data-secret=\"Dvgt0pngv5\"><a href=\"https:\/\/haberkuzey.com\/index.php\/2026\/05\/03\/meteorolojinden-karada-ve-denizde-firtina-uyarisi\/\">Meteoroloji\u2019nden karada ve denizde f\u0131rt\u0131na uyar\u0131s\u0131<\/a><\/blockquote><iframe sandbox=\"allow-scripts\" security=\"restricted\" src=\"https:\/\/haberkuzey.com\/index.php\/2026\/05\/03\/meteorolojinden-karada-ve-denizde-firtina-uyarisi\/embed\/#?secret=Dvgt0pngv5\" width=\"600\" height=\"338\" title=\"&#8220;Meteoroloji\u2019nden karada ve denizde f\u0131rt\u0131na uyar\u0131s\u0131&#8221; &#8212; Haber Kuzey\" data-secret=\"Dvgt0pngv5\" frameborder=\"0\" marginwidth=\"0\" marginheight=\"0\" scrolling=\"no\" class=\"wp-embedded-content\"><\/iframe><script type=\"text\/javascript\">\n\/* <![CDATA[ *\/\n\/*! This file is auto-generated *\/\n!function(d,l){\"use strict\";l.querySelector&&d.addEventListener&&\"undefined\"!=typeof URL&&(d.wp=d.wp||{},d.wp.receiveEmbedMessage||(d.wp.receiveEmbedMessage=function(e){var t=e.data;if((t||t.secret||t.message||t.value)&&!\/[^a-zA-Z0-9]\/.test(t.secret)){for(var s,r,n,a=l.querySelectorAll('iframe[data-secret=\"'+t.secret+'\"]'),o=l.querySelectorAll('blockquote[data-secret=\"'+t.secret+'\"]'),c=new RegExp(\"^https?:$\",\"i\"),i=0;i<o.length;i++)o[i].style.display=\"none\";for(i=0;i<a.length;i++)s=a[i],e.source===s.contentWindow&&(s.removeAttribute(\"style\"),\"height\"===t.message?(1e3<(r=parseInt(t.value,10))?r=1e3:~~r<200&&(r=200),s.height=r):\"link\"===t.message&&(r=new URL(s.getAttribute(\"src\")),n=new URL(t.value),c.test(n.protocol))&&n.host===r.host&&l.activeElement===s&&(d.top.location.href=t.value))}},d.addEventListener(\"message\",d.wp.receiveEmbedMessage,!1),l.addEventListener(\"DOMContentLoaded\",function(){for(var e,t,s=l.querySelectorAll(\"iframe.wp-embedded-content\"),r=0;r<s.length;r++)(t=(e=s[r]).getAttribute(\"data-secret\"))||(t=Math.random().toString(36).substring(2,12),e.src+=\"#?secret=\"+t,e.setAttribute(\"data-secret\",t)),e.contentWindow.postMessage({message:\"ready\",secret:t},\"*\")},!1)))}(window,document);\n\/\/# sourceURL=https:\/\/haberkuzey.com\/wp-includes\/js\/wp-embed.min.js\n\/* ]]> *\/\n<\/script>\n","thumbnail_url":"https:\/\/haberkuzey.com\/wp-content\/uploads\/2026\/05\/firtina.jpg","thumbnail_width":1654,"thumbnail_height":1104,"description":"Meteoroloji, karada ve denizde f\u0131rt\u0131na uyar\u0131s\u0131 yapt\u0131. Meteoroloji Dairesi\u2019nin ihbar\u0131na g\u00f6re, karada ve denizde etkili olacak f\u0131rt\u0131nan\u0131n bug\u00fcn saat 15.00\u2019ten yar\u0131n gece yar\u0131s\u0131na kadar s\u00fcrmesi bekleniyor. Karada, G\u00fcney ve Bat\u0131 y\u00f6nlerinden kuvvetli esen r\u00fczgar\u0131n yer yer f\u0131rt\u0131na (saatte 62-74 kilometre), denizlerinden Taurus&#8217;ta G\u00fcney ve Bat\u0131,\u00a0 Delta&#8217;da ise Kuzey ve Bat\u0131 y\u00f6nlerden esen r\u00fczgar\u0131n zamanla &#8220;8&#8221; [&hellip;]"}