{"version":"1.0","provider_name":"Haber Kuzey","provider_url":"https:\/\/haberkuzey.com","author_name":"haberkuzey","author_url":"https:\/\/haberkuzey.com\/index.php\/author\/haberkuzey\/","title":"Avrupa'da ka\u00e7 ABD askeri var ve neden oradalar? - Haber Kuzey","type":"rich","width":600,"height":338,"html":"<blockquote class=\"wp-embedded-content\" data-secret=\"ITKYCJlJhh\"><a href=\"https:\/\/haberkuzey.com\/index.php\/2026\/05\/02\/avrupada-kac-abd-askeri-var-ve-neden-oradalar\/\">Avrupa&#8217;da ka\u00e7 ABD askeri var ve neden oradalar?<\/a><\/blockquote><iframe sandbox=\"allow-scripts\" security=\"restricted\" src=\"https:\/\/haberkuzey.com\/index.php\/2026\/05\/02\/avrupada-kac-abd-askeri-var-ve-neden-oradalar\/embed\/#?secret=ITKYCJlJhh\" width=\"600\" height=\"338\" title=\"&#8220;Avrupa&#8217;da ka\u00e7 ABD askeri var ve neden oradalar?&#8221; &#8212; Haber Kuzey\" data-secret=\"ITKYCJlJhh\" frameborder=\"0\" marginwidth=\"0\" marginheight=\"0\" scrolling=\"no\" class=\"wp-embedded-content\"><\/iframe><script type=\"text\/javascript\">\n\/* <![CDATA[ *\/\n\/*! This file is auto-generated *\/\n!function(d,l){\"use strict\";l.querySelector&&d.addEventListener&&\"undefined\"!=typeof URL&&(d.wp=d.wp||{},d.wp.receiveEmbedMessage||(d.wp.receiveEmbedMessage=function(e){var t=e.data;if((t||t.secret||t.message||t.value)&&!\/[^a-zA-Z0-9]\/.test(t.secret)){for(var s,r,n,a=l.querySelectorAll('iframe[data-secret=\"'+t.secret+'\"]'),o=l.querySelectorAll('blockquote[data-secret=\"'+t.secret+'\"]'),c=new RegExp(\"^https?:$\",\"i\"),i=0;i<o.length;i++)o[i].style.display=\"none\";for(i=0;i<a.length;i++)s=a[i],e.source===s.contentWindow&&(s.removeAttribute(\"style\"),\"height\"===t.message?(1e3<(r=parseInt(t.value,10))?r=1e3:~~r<200&&(r=200),s.height=r):\"link\"===t.message&&(r=new URL(s.getAttribute(\"src\")),n=new URL(t.value),c.test(n.protocol))&&n.host===r.host&&l.activeElement===s&&(d.top.location.href=t.value))}},d.addEventListener(\"message\",d.wp.receiveEmbedMessage,!1),l.addEventListener(\"DOMContentLoaded\",function(){for(var e,t,s=l.querySelectorAll(\"iframe.wp-embedded-content\"),r=0;r<s.length;r++)(t=(e=s[r]).getAttribute(\"data-secret\"))||(t=Math.random().toString(36).substring(2,12),e.src+=\"#?secret=\"+t,e.setAttribute(\"data-secret\",t)),e.contentWindow.postMessage({message:\"ready\",secret:t},\"*\")},!1)))}(window,document);\n\/\/# sourceURL=https:\/\/haberkuzey.com\/wp-includes\/js\/wp-embed.min.js\n\/* ]]> *\/\n<\/script>\n","thumbnail_url":"https:\/\/trthaberstatic.cdn.wp.trt.com.tr\/resimler\/1586000\/afganistan-abd-askeri-1587809.jpg","thumbnail_width":600,"thumbnail_height":338,"description":"&#13; Amerika Birle\u015fik Devletleri, Avrupa k\u0131tas\u0131ndaki askeri konu\u015flanmas\u0131nda kapsaml\u0131 bir d\u00fczenlemeye giderek Almanya\u2019da g\u00f6rev yapan 5 bin askerini geri \u00e7ekme karar\u0131 ald\u0131. Pentagon\u2019un bu hamlesiyle birlikte b\u00f6lgedeki Amerikan g\u00fcc\u00fc, 2022 y\u0131l\u0131ndaki Ukrayna i\u015fgali \u00f6ncesindeki seviyelere gerilemi\u015f olacak. &#13; Karar\u0131n en dikkat \u00e7ekici detaylar\u0131ndan biri ise bu y\u0131l i\u00e7inde Almanya\u2019ya sevk edilmesi planlanan uzun menzilli f\u00fcze [&hellip;]"}