{"version":"1.0","provider_name":"Haber Kuzey","provider_url":"https:\/\/haberkuzey.com","author_name":"haberkuzey","author_url":"https:\/\/haberkuzey.com\/index.php\/author\/haberkuzey\/","title":"Gazeteci Abdi \u0130pek\u00e7i Caddesi\u2019ne trafik \u0131\u015f\u0131klar\u0131 konuldu - Haber Kuzey","type":"rich","width":600,"height":338,"html":"<blockquote class=\"wp-embedded-content\" data-secret=\"yQ67dYkfwR\"><a href=\"https:\/\/haberkuzey.com\/index.php\/2026\/05\/01\/gazeteci-abdi-ipekci-caddesine-trafik-isiklari-konuldu\/\">Gazeteci Abdi \u0130pek\u00e7i Caddesi\u2019ne trafik \u0131\u015f\u0131klar\u0131 konuldu<\/a><\/blockquote><iframe sandbox=\"allow-scripts\" security=\"restricted\" src=\"https:\/\/haberkuzey.com\/index.php\/2026\/05\/01\/gazeteci-abdi-ipekci-caddesine-trafik-isiklari-konuldu\/embed\/#?secret=yQ67dYkfwR\" width=\"600\" height=\"338\" title=\"&#8220;Gazeteci Abdi \u0130pek\u00e7i Caddesi\u2019ne trafik \u0131\u015f\u0131klar\u0131 konuldu&#8221; &#8212; Haber Kuzey\" data-secret=\"yQ67dYkfwR\" frameborder=\"0\" marginwidth=\"0\" marginheight=\"0\" scrolling=\"no\" class=\"wp-embedded-content\"><\/iframe><script type=\"text\/javascript\">\n\/* <![CDATA[ *\/\n\/*! This file is auto-generated *\/\n!function(d,l){\"use strict\";l.querySelector&&d.addEventListener&&\"undefined\"!=typeof URL&&(d.wp=d.wp||{},d.wp.receiveEmbedMessage||(d.wp.receiveEmbedMessage=function(e){var t=e.data;if((t||t.secret||t.message||t.value)&&!\/[^a-zA-Z0-9]\/.test(t.secret)){for(var s,r,n,a=l.querySelectorAll('iframe[data-secret=\"'+t.secret+'\"]'),o=l.querySelectorAll('blockquote[data-secret=\"'+t.secret+'\"]'),c=new RegExp(\"^https?:$\",\"i\"),i=0;i<o.length;i++)o[i].style.display=\"none\";for(i=0;i<a.length;i++)s=a[i],e.source===s.contentWindow&&(s.removeAttribute(\"style\"),\"height\"===t.message?(1e3<(r=parseInt(t.value,10))?r=1e3:~~r<200&&(r=200),s.height=r):\"link\"===t.message&&(r=new URL(s.getAttribute(\"src\")),n=new URL(t.value),c.test(n.protocol))&&n.host===r.host&&l.activeElement===s&&(d.top.location.href=t.value))}},d.addEventListener(\"message\",d.wp.receiveEmbedMessage,!1),l.addEventListener(\"DOMContentLoaded\",function(){for(var e,t,s=l.querySelectorAll(\"iframe.wp-embedded-content\"),r=0;r<s.length;r++)(t=(e=s[r]).getAttribute(\"data-secret\"))||(t=Math.random().toString(36).substring(2,12),e.src+=\"#?secret=\"+t,e.setAttribute(\"data-secret\",t)),e.contentWindow.postMessage({message:\"ready\",secret:t},\"*\")},!1)))}(window,document);\n\/\/# sourceURL=https:\/\/haberkuzey.com\/wp-includes\/js\/wp-embed.min.js\n\/* ]]> *\/\n<\/script>\n","thumbnail_url":"https:\/\/haberkuzey.com\/wp-content\/uploads\/2026\/05\/WhatsApp-Image-2026-05-01-at-18.45.06-e1777650886288.jpeg","thumbnail_width":2030,"thumbnail_height":1170,"description":"Trafik \u0131\u015f\u0131klar\u0131n\u0131n olmamas\u0131ndan dolay\u0131 s\u00fcrekli kazalar\u0131n ger\u00e7ekle\u015fti\u011fi Gazeteci Abdi \u0130pek\u00e7i Caddesi\u2019ne trafik \u0131\u015f\u0131klar\u0131 konuldu. Caddedeki yaya ge\u00e7idinde s\u00fcrekli olarak kazalar\u0131n oldu\u011funu kaydeden b\u00f6lge sakinleri, bu kazalar\u0131n sebebinin trafik \u0131\u015f\u0131klar\u0131n\u0131n eksikli\u011fi oldu\u011funu ifade ediyordu ve bu durumdan \u015fikayet\u00e7iydi. Trafik \u0131\u015f\u0131klar\u0131n\u0131n caddeye yerle\u015ftirildi\u011fini g\u00f6ren b\u00f6lge sakinleri, bu durumdan memnun olduklar\u0131n\u0131 aktararak, bu vesileyle bu noktadaki kazalar\u0131n azalmas\u0131n\u0131 [&hellip;]"}