{"version":"1.0","provider_name":"Haber Kuzey","provider_url":"https:\/\/haberkuzey.com","author_name":"haberkuzey","author_url":"https:\/\/haberkuzey.com\/index.php\/author\/haberkuzey\/","title":"Bug\u00fcn 1 May\u0131s Emek ve Dayan\u0131\u015fma G\u00fcn\u00fc\u2026 - Haber Kuzey","type":"rich","width":600,"height":338,"html":"<blockquote class=\"wp-embedded-content\" data-secret=\"ZNIdTuVve3\"><a href=\"https:\/\/haberkuzey.com\/index.php\/2026\/05\/01\/bugun-1-mayis-emek-ve-dayanisma-gunu\/\">Bug\u00fcn 1 May\u0131s Emek ve Dayan\u0131\u015fma G\u00fcn\u00fc\u2026<\/a><\/blockquote><iframe sandbox=\"allow-scripts\" security=\"restricted\" src=\"https:\/\/haberkuzey.com\/index.php\/2026\/05\/01\/bugun-1-mayis-emek-ve-dayanisma-gunu\/embed\/#?secret=ZNIdTuVve3\" width=\"600\" height=\"338\" title=\"&#8220;Bug\u00fcn 1 May\u0131s Emek ve Dayan\u0131\u015fma G\u00fcn\u00fc\u2026&#8221; &#8212; Haber Kuzey\" data-secret=\"ZNIdTuVve3\" frameborder=\"0\" marginwidth=\"0\" marginheight=\"0\" scrolling=\"no\" class=\"wp-embedded-content\"><\/iframe><script type=\"text\/javascript\">\n\/* <![CDATA[ *\/\n\/*! This file is auto-generated *\/\n!function(d,l){\"use strict\";l.querySelector&&d.addEventListener&&\"undefined\"!=typeof URL&&(d.wp=d.wp||{},d.wp.receiveEmbedMessage||(d.wp.receiveEmbedMessage=function(e){var t=e.data;if((t||t.secret||t.message||t.value)&&!\/[^a-zA-Z0-9]\/.test(t.secret)){for(var s,r,n,a=l.querySelectorAll('iframe[data-secret=\"'+t.secret+'\"]'),o=l.querySelectorAll('blockquote[data-secret=\"'+t.secret+'\"]'),c=new RegExp(\"^https?:$\",\"i\"),i=0;i<o.length;i++)o[i].style.display=\"none\";for(i=0;i<a.length;i++)s=a[i],e.source===s.contentWindow&&(s.removeAttribute(\"style\"),\"height\"===t.message?(1e3<(r=parseInt(t.value,10))?r=1e3:~~r<200&&(r=200),s.height=r):\"link\"===t.message&&(r=new URL(s.getAttribute(\"src\")),n=new URL(t.value),c.test(n.protocol))&&n.host===r.host&&l.activeElement===s&&(d.top.location.href=t.value))}},d.addEventListener(\"message\",d.wp.receiveEmbedMessage,!1),l.addEventListener(\"DOMContentLoaded\",function(){for(var e,t,s=l.querySelectorAll(\"iframe.wp-embedded-content\"),r=0;r<s.length;r++)(t=(e=s[r]).getAttribute(\"data-secret\"))||(t=Math.random().toString(36).substring(2,12),e.src+=\"#?secret=\"+t,e.setAttribute(\"data-secret\",t)),e.contentWindow.postMessage({message:\"ready\",secret:t},\"*\")},!1)))}(window,document);\n\/\/# sourceURL=https:\/\/haberkuzey.com\/wp-includes\/js\/wp-embed.min.js\n\/* ]]> *\/\n<\/script>\n","thumbnail_url":"https:\/\/haberkuzey.com\/wp-content\/uploads\/2026\/05\/17776191579121-MAYIS-26.jpg","thumbnail_width":510,"thumbnail_height":330,"description":"\u00a01 May\u0131s Eemek ve Dayan\u0131\u015fma G\u00fcn\u00fc dolay\u0131s\u0131yla bug\u00fcn etkinlik d\u00fczenlenecek. Ara b\u00f6lgede d\u00fczenlenecek iki toplumlu etkinli\u011fe, Kuzey\u2019den kat\u0131lacaklar saat 17.30\u2019da Lefko\u015fa Ku\u011fulu Park\u2019ta toplanarak kortej halinde ara b\u00f6lgeye gidecek. G\u00fcney\u2019den kat\u0131lacaklar ise saat 17.00\u2019de Eleftheria Meydan\u0131\u2019nda toplanacak.\u00a0Konu\u015fmalar\u0131n\u0131n ard\u0131ndan ara b\u00f6lgeye y\u00fcr\u00fcy\u00fc\u015f yap\u0131lacak. Ara b\u00f6lgedeki ortak etkinlikte ortak a\u00e7\u0131klama okunacak, D\u00fcnya Sendikalar Federasyonu Genel Sekreteri selamlama [&hellip;]"}