{"version":"1.0","provider_name":"Haber Kuzey","provider_url":"https:\/\/haberkuzey.com","author_name":"haberkuzey","author_url":"https:\/\/haberkuzey.com\/index.php\/author\/haberkuzey\/","title":"XXI. Evvel Zaman \u0130\u00e7inde Lurucina Panay\u0131r\u0131, 3 May\u0131s\u2019ta - Haber Kuzey","type":"rich","width":600,"height":338,"html":"<blockquote class=\"wp-embedded-content\" data-secret=\"MhcRa4mmdd\"><a href=\"https:\/\/haberkuzey.com\/index.php\/2026\/04\/30\/xxi-evvel-zaman-icinde-lurucina-panayiri-3-mayista\/\">XXI. Evvel Zaman \u0130\u00e7inde Lurucina Panay\u0131r\u0131, 3 May\u0131s\u2019ta<\/a><\/blockquote><iframe sandbox=\"allow-scripts\" security=\"restricted\" src=\"https:\/\/haberkuzey.com\/index.php\/2026\/04\/30\/xxi-evvel-zaman-icinde-lurucina-panayiri-3-mayista\/embed\/#?secret=MhcRa4mmdd\" width=\"600\" height=\"338\" title=\"&#8220;XXI. Evvel Zaman \u0130\u00e7inde Lurucina Panay\u0131r\u0131, 3 May\u0131s\u2019ta&#8221; &#8212; Haber Kuzey\" data-secret=\"MhcRa4mmdd\" frameborder=\"0\" marginwidth=\"0\" marginheight=\"0\" scrolling=\"no\" class=\"wp-embedded-content\"><\/iframe><script type=\"text\/javascript\">\n\/* <![CDATA[ *\/\n\/*! This file is auto-generated *\/\n!function(d,l){\"use strict\";l.querySelector&&d.addEventListener&&\"undefined\"!=typeof URL&&(d.wp=d.wp||{},d.wp.receiveEmbedMessage||(d.wp.receiveEmbedMessage=function(e){var t=e.data;if((t||t.secret||t.message||t.value)&&!\/[^a-zA-Z0-9]\/.test(t.secret)){for(var s,r,n,a=l.querySelectorAll('iframe[data-secret=\"'+t.secret+'\"]'),o=l.querySelectorAll('blockquote[data-secret=\"'+t.secret+'\"]'),c=new RegExp(\"^https?:$\",\"i\"),i=0;i<o.length;i++)o[i].style.display=\"none\";for(i=0;i<a.length;i++)s=a[i],e.source===s.contentWindow&&(s.removeAttribute(\"style\"),\"height\"===t.message?(1e3<(r=parseInt(t.value,10))?r=1e3:~~r<200&&(r=200),s.height=r):\"link\"===t.message&&(r=new URL(s.getAttribute(\"src\")),n=new URL(t.value),c.test(n.protocol))&&n.host===r.host&&l.activeElement===s&&(d.top.location.href=t.value))}},d.addEventListener(\"message\",d.wp.receiveEmbedMessage,!1),l.addEventListener(\"DOMContentLoaded\",function(){for(var e,t,s=l.querySelectorAll(\"iframe.wp-embedded-content\"),r=0;r<s.length;r++)(t=(e=s[r]).getAttribute(\"data-secret\"))||(t=Math.random().toString(36).substring(2,12),e.src+=\"#?secret=\"+t,e.setAttribute(\"data-secret\",t)),e.contentWindow.postMessage({message:\"ready\",secret:t},\"*\")},!1)))}(window,document);\n\/\/# sourceURL=https:\/\/haberkuzey.com\/wp-includes\/js\/wp-embed.min.js\n\/* ]]> *\/\n<\/script>\n","thumbnail_url":"https:\/\/haberkuzey.com\/wp-content\/uploads\/2026\/04\/luricina-panayiri-pazar-gunu-gerceklestiriliyor_dc803.jpg","thumbnail_width":1280,"thumbnail_height":720,"description":"De\u011firmenlik Ak\u0131nc\u0131lar Belediyesi\u2019nin d\u00fczenledi\u011fi \u201cXXI. Evvel Zaman \u0130\u00e7inde Lurucina Panay\u0131r\u0131\u201d, 3 May\u0131s\u2019ta yap\u0131l\u0131yor. Bu y\u0131l Lurucina Panay\u0131r\u0131\u2019nda bir ilke de imza at\u0131l\u0131yor. K\u0131br\u0131sl\u0131 T\u00fcrk sanat\u00e7\u0131 ve moda tasar\u0131mc\u0131s\u0131 Abdullah \u00d6ztoprak\u2019\u0131n, k\u00fclt\u00fcrel k\u00f6klerden beslenen, k\u0131sa film esteti\u011finde kurgulanan \u201cM\u0131sm\u0131l Muhabbet\u201d adl\u0131 \u015fark\u0131s\u0131n\u0131n klibinin lansman\u0131 da panay\u0131rda yap\u0131lacak. Bu \u00f6zel proje, yaln\u0131zca bir m\u00fczik eseri de\u011fil; ayn\u0131 [&hellip;]"}