{"version":"1.0","provider_name":"Haber Kuzey","provider_url":"https:\/\/haberkuzey.com","author_name":"haberkuzey","author_url":"https:\/\/haberkuzey.com\/index.php\/author\/haberkuzey\/","title":"Ac\u0131 Kay\u0131p: Jale Sakall\u0131 hayat\u0131n\u0131 kaybetti - Haber Kuzey","type":"rich","width":600,"height":338,"html":"<blockquote class=\"wp-embedded-content\" data-secret=\"1453BQwQtV\"><a href=\"https:\/\/haberkuzey.com\/index.php\/2026\/04\/30\/aci-kayip-jale-sakalli-hayatini-kaybetti\/\">Ac\u0131 Kay\u0131p: Jale Sakall\u0131 hayat\u0131n\u0131 kaybetti<\/a><\/blockquote><iframe sandbox=\"allow-scripts\" security=\"restricted\" src=\"https:\/\/haberkuzey.com\/index.php\/2026\/04\/30\/aci-kayip-jale-sakalli-hayatini-kaybetti\/embed\/#?secret=1453BQwQtV\" width=\"600\" height=\"338\" title=\"&#8220;Ac\u0131 Kay\u0131p: Jale Sakall\u0131 hayat\u0131n\u0131 kaybetti&#8221; &#8212; Haber Kuzey\" data-secret=\"1453BQwQtV\" frameborder=\"0\" marginwidth=\"0\" marginheight=\"0\" scrolling=\"no\" class=\"wp-embedded-content\"><\/iframe><script type=\"text\/javascript\">\n\/* <![CDATA[ *\/\n\/*! This file is auto-generated *\/\n!function(d,l){\"use strict\";l.querySelector&&d.addEventListener&&\"undefined\"!=typeof URL&&(d.wp=d.wp||{},d.wp.receiveEmbedMessage||(d.wp.receiveEmbedMessage=function(e){var t=e.data;if((t||t.secret||t.message||t.value)&&!\/[^a-zA-Z0-9]\/.test(t.secret)){for(var s,r,n,a=l.querySelectorAll('iframe[data-secret=\"'+t.secret+'\"]'),o=l.querySelectorAll('blockquote[data-secret=\"'+t.secret+'\"]'),c=new RegExp(\"^https?:$\",\"i\"),i=0;i<o.length;i++)o[i].style.display=\"none\";for(i=0;i<a.length;i++)s=a[i],e.source===s.contentWindow&&(s.removeAttribute(\"style\"),\"height\"===t.message?(1e3<(r=parseInt(t.value,10))?r=1e3:~~r<200&&(r=200),s.height=r):\"link\"===t.message&&(r=new URL(s.getAttribute(\"src\")),n=new URL(t.value),c.test(n.protocol))&&n.host===r.host&&l.activeElement===s&&(d.top.location.href=t.value))}},d.addEventListener(\"message\",d.wp.receiveEmbedMessage,!1),l.addEventListener(\"DOMContentLoaded\",function(){for(var e,t,s=l.querySelectorAll(\"iframe.wp-embedded-content\"),r=0;r<s.length;r++)(t=(e=s[r]).getAttribute(\"data-secret\"))||(t=Math.random().toString(36).substring(2,12),e.src+=\"#?secret=\"+t,e.setAttribute(\"data-secret\",t)),e.contentWindow.postMessage({message:\"ready\",secret:t},\"*\")},!1)))}(window,document);\n\/\/# sourceURL=https:\/\/haberkuzey.com\/wp-includes\/js\/wp-embed.min.js\n\/* ]]> *\/\n<\/script>\n","thumbnail_url":"https:\/\/haberkuzey.com\/wp-content\/uploads\/2026\/04\/Yeni-Proje-11-11.jpg","thumbnail_width":1920,"thumbnail_height":1080,"description":"Jale Sakall\u0131\u2019n\u0131n vefat\u0131 ailesi, yak\u0131nlar\u0131 ve sevenlerini yasa bo\u011fdu. Cenazesi cuma g\u00fcn\u00fc Pile\u2019de topra\u011fa verilecek. Jale Sakall\u0131, 29 Nisan 2026 tarihinde hayat\u0131n\u0131 kaybetti. Merhumenin cenazesi, 01 May\u0131s Cuma g\u00fcn\u00fc Pile Camii\u2019nde k\u0131l\u0131nacak \u00f6\u011fle namaz\u0131n\u0131n ard\u0131ndan Pile Mezarl\u0131\u011f\u0131\u2019nda defnedilecek. Ailesi, dostlar\u0131, akrabalar\u0131 ve sevenleri b\u00fcy\u00fck \u00fcz\u00fcnt\u00fc ya\u015farken, sevenleri son g\u00f6revlerini yerine getirmek \u00fczere cenaze t\u00f6reninde bir [&hellip;]"}