{"version":"1.0","provider_name":"Haber Kuzey","provider_url":"https:\/\/haberkuzey.com","author_name":"haberkuzey","author_url":"https:\/\/haberkuzey.com\/index.php\/author\/haberkuzey\/","title":"Tatar: AB Zirvesi\u2019nin GKRY\u2019de yap\u0131lmas\u0131 son derece hatal\u0131 - Haber Kuzey","type":"rich","width":600,"height":338,"html":"<blockquote class=\"wp-embedded-content\" data-secret=\"7GEf4MiDck\"><a href=\"https:\/\/haberkuzey.com\/index.php\/2026\/04\/26\/tatar-ab-zirvesinin-gkryde-yapilmasi-son-derece-hatali\/\">Tatar: AB Zirvesi\u2019nin GKRY\u2019de yap\u0131lmas\u0131 son derece hatal\u0131<\/a><\/blockquote><iframe sandbox=\"allow-scripts\" security=\"restricted\" src=\"https:\/\/haberkuzey.com\/index.php\/2026\/04\/26\/tatar-ab-zirvesinin-gkryde-yapilmasi-son-derece-hatali\/embed\/#?secret=7GEf4MiDck\" width=\"600\" height=\"338\" title=\"&#8220;Tatar: AB Zirvesi\u2019nin GKRY\u2019de yap\u0131lmas\u0131 son derece hatal\u0131&#8221; &#8212; Haber Kuzey\" data-secret=\"7GEf4MiDck\" frameborder=\"0\" marginwidth=\"0\" marginheight=\"0\" scrolling=\"no\" class=\"wp-embedded-content\"><\/iframe><script type=\"text\/javascript\">\n\/* <![CDATA[ *\/\n\/*! This file is auto-generated *\/\n!function(d,l){\"use strict\";l.querySelector&&d.addEventListener&&\"undefined\"!=typeof URL&&(d.wp=d.wp||{},d.wp.receiveEmbedMessage||(d.wp.receiveEmbedMessage=function(e){var t=e.data;if((t||t.secret||t.message||t.value)&&!\/[^a-zA-Z0-9]\/.test(t.secret)){for(var s,r,n,a=l.querySelectorAll('iframe[data-secret=\"'+t.secret+'\"]'),o=l.querySelectorAll('blockquote[data-secret=\"'+t.secret+'\"]'),c=new RegExp(\"^https?:$\",\"i\"),i=0;i<o.length;i++)o[i].style.display=\"none\";for(i=0;i<a.length;i++)s=a[i],e.source===s.contentWindow&&(s.removeAttribute(\"style\"),\"height\"===t.message?(1e3<(r=parseInt(t.value,10))?r=1e3:~~r<200&&(r=200),s.height=r):\"link\"===t.message&&(r=new URL(s.getAttribute(\"src\")),n=new URL(t.value),c.test(n.protocol))&&n.host===r.host&&l.activeElement===s&&(d.top.location.href=t.value))}},d.addEventListener(\"message\",d.wp.receiveEmbedMessage,!1),l.addEventListener(\"DOMContentLoaded\",function(){for(var e,t,s=l.querySelectorAll(\"iframe.wp-embedded-content\"),r=0;r<s.length;r++)(t=(e=s[r]).getAttribute(\"data-secret\"))||(t=Math.random().toString(36).substring(2,12),e.src+=\"#?secret=\"+t,e.setAttribute(\"data-secret\",t)),e.contentWindow.postMessage({message:\"ready\",secret:t},\"*\")},!1)))}(window,document);\n\/\/# sourceURL=https:\/\/haberkuzey.com\/wp-includes\/js\/wp-embed.min.js\n\/* ]]> *\/\n<\/script>\n","thumbnail_url":"https:\/\/haberkuzey.com\/wp-content\/uploads\/2026\/04\/17771902128411776108638685Tatar-5.jpg","thumbnail_width":864,"thumbnail_height":486,"description":"5\u2019inci Cumhurba\u015fkan\u0131 Ersin Tatar, \u201cAvrupa Birli\u011fi\u2019nin zirve toplant\u0131s\u0131n\u0131n K\u0131br\u0131s T\u00fcrk halk\u0131n\u0131n iradesi ve haklar\u0131 yok say\u0131larak, Avrupa Birli\u011fi\u2019ne haks\u0131z bi\u00e7imde tek tarafl\u0131 \u00fcye yap\u0131lan G\u00fcney K\u0131br\u0131s Rum Y\u00f6netimi\u2019nde ger\u00e7ekle\u015ftirilmesi son derece hatal\u0131d\u0131r.\u201d dedi. Tatar, konuya ili\u015fkin yaz\u0131l\u0131 a\u00e7\u0131klamas\u0131nda, Avrupa Birli\u011fi\u2019nin 2004\u2019te G\u00fcney K\u0131br\u0131s Rum Y\u00f6netimi\u2019ni adan\u0131n tamam\u0131n\u0131 temsilen \u00fcyeli\u011fe kabul ederek K\u0131br\u0131s T\u00fcrk taraf\u0131na haks\u0131zl\u0131k [&hellip;]"}