{"version":"1.0","provider_name":"Haber Kuzey","provider_url":"https:\/\/haberkuzey.com","author_name":"haberkuzey","author_url":"https:\/\/haberkuzey.com\/index.php\/author\/haberkuzey\/","title":"D\u00f6rtyol\u2019da in\u015faattan d\u00fc\u015fen i\u015f\u00e7i hayat\u0131n\u0131 kaybetti - Haber Kuzey","type":"rich","width":600,"height":338,"html":"<blockquote class=\"wp-embedded-content\" data-secret=\"BqJwlKFU2D\"><a href=\"https:\/\/haberkuzey.com\/index.php\/2026\/04\/24\/dortyolda-insaattan-dusen-isci-hayatini-kaybetti\/\">D\u00f6rtyol\u2019da in\u015faattan d\u00fc\u015fen i\u015f\u00e7i hayat\u0131n\u0131 kaybetti<\/a><\/blockquote><iframe sandbox=\"allow-scripts\" security=\"restricted\" src=\"https:\/\/haberkuzey.com\/index.php\/2026\/04\/24\/dortyolda-insaattan-dusen-isci-hayatini-kaybetti\/embed\/#?secret=BqJwlKFU2D\" width=\"600\" height=\"338\" title=\"&#8220;D\u00f6rtyol\u2019da in\u015faattan d\u00fc\u015fen i\u015f\u00e7i hayat\u0131n\u0131 kaybetti&#8221; &#8212; Haber Kuzey\" data-secret=\"BqJwlKFU2D\" frameborder=\"0\" marginwidth=\"0\" marginheight=\"0\" scrolling=\"no\" class=\"wp-embedded-content\"><\/iframe><script type=\"text\/javascript\">\n\/* <![CDATA[ *\/\n\/*! This file is auto-generated *\/\n!function(d,l){\"use strict\";l.querySelector&&d.addEventListener&&\"undefined\"!=typeof URL&&(d.wp=d.wp||{},d.wp.receiveEmbedMessage||(d.wp.receiveEmbedMessage=function(e){var t=e.data;if((t||t.secret||t.message||t.value)&&!\/[^a-zA-Z0-9]\/.test(t.secret)){for(var s,r,n,a=l.querySelectorAll('iframe[data-secret=\"'+t.secret+'\"]'),o=l.querySelectorAll('blockquote[data-secret=\"'+t.secret+'\"]'),c=new RegExp(\"^https?:$\",\"i\"),i=0;i<o.length;i++)o[i].style.display=\"none\";for(i=0;i<a.length;i++)s=a[i],e.source===s.contentWindow&&(s.removeAttribute(\"style\"),\"height\"===t.message?(1e3<(r=parseInt(t.value,10))?r=1e3:~~r<200&&(r=200),s.height=r):\"link\"===t.message&&(r=new URL(s.getAttribute(\"src\")),n=new URL(t.value),c.test(n.protocol))&&n.host===r.host&&l.activeElement===s&&(d.top.location.href=t.value))}},d.addEventListener(\"message\",d.wp.receiveEmbedMessage,!1),l.addEventListener(\"DOMContentLoaded\",function(){for(var e,t,s=l.querySelectorAll(\"iframe.wp-embedded-content\"),r=0;r<s.length;r++)(t=(e=s[r]).getAttribute(\"data-secret\"))||(t=Math.random().toString(36).substring(2,12),e.src+=\"#?secret=\"+t,e.setAttribute(\"data-secret\",t)),e.contentWindow.postMessage({message:\"ready\",secret:t},\"*\")},!1)))}(window,document);\n\/\/# sourceURL=https:\/\/haberkuzey.com\/wp-includes\/js\/wp-embed.min.js\n\/* ]]> *\/\n<\/script>\n","thumbnail_url":"https:\/\/haberkuzey.com\/wp-content\/uploads\/2026\/04\/yuksekten-dusme.jpg","thumbnail_width":720,"thumbnail_height":405,"description":"D\u00f6rtyol\u2019da yap\u0131m\u0131 s\u00fcren bir in\u015faatta meydana gelen i\u015f kazas\u0131 \u00f6l\u00fcmle sonu\u00e7land\u0131. Polisten verilen bilgiye g\u00f6re, 23 Nisan 2026 tarihinde saat 14.15 s\u0131ralar\u0131nda, in\u015faat\u0131n alt\u0131nc\u0131 kat\u0131ndaki balkonda bulunan kimli\u011fi hen\u00fcz tespit edilemeyen erkek \u015fah\u0131s, dengesini kaybederek yakla\u015f\u0131k 19 metre y\u00fckseklikten zemine d\u00fc\u015ft\u00fc. A\u011f\u0131r yaralanan \u015fah\u0131s, kald\u0131r\u0131ld\u0131\u011f\u0131 Gazima\u011fusa Devlet Hastanesi\u2019nde doktorlar\u0131n t\u00fcm m\u00fcdahalelerine ra\u011fmen kurtar\u0131lamayarak ya\u015fam\u0131n\u0131 yitirdi. [&hellip;]"}