{"version":"1.0","provider_name":"Haber Kuzey","provider_url":"https:\/\/haberkuzey.com","author_name":"haberkuzey","author_url":"https:\/\/haberkuzey.com\/index.php\/author\/haberkuzey\/","title":"\u00dclkenin gelece\u011fini beraber in\u015fa edece\u011fiz - Haber Kuzey","type":"rich","width":600,"height":338,"html":"<blockquote class=\"wp-embedded-content\" data-secret=\"vMkIXNldAN\"><a href=\"https:\/\/haberkuzey.com\/index.php\/2026\/03\/15\/ulkenin-gelecegini-beraber-insa-edecegiz\/\">\u00dclkenin gelece\u011fini beraber in\u015fa edece\u011fiz<\/a><\/blockquote><iframe sandbox=\"allow-scripts\" security=\"restricted\" src=\"https:\/\/haberkuzey.com\/index.php\/2026\/03\/15\/ulkenin-gelecegini-beraber-insa-edecegiz\/embed\/#?secret=vMkIXNldAN\" width=\"600\" height=\"338\" title=\"&#8220;\u00dclkenin gelece\u011fini beraber in\u015fa edece\u011fiz&#8221; &#8212; Haber Kuzey\" data-secret=\"vMkIXNldAN\" frameborder=\"0\" marginwidth=\"0\" marginheight=\"0\" scrolling=\"no\" class=\"wp-embedded-content\"><\/iframe><script type=\"text\/javascript\">\n\/* <![CDATA[ *\/\n\/*! This file is auto-generated *\/\n!function(d,l){\"use strict\";l.querySelector&&d.addEventListener&&\"undefined\"!=typeof URL&&(d.wp=d.wp||{},d.wp.receiveEmbedMessage||(d.wp.receiveEmbedMessage=function(e){var t=e.data;if((t||t.secret||t.message||t.value)&&!\/[^a-zA-Z0-9]\/.test(t.secret)){for(var s,r,n,a=l.querySelectorAll('iframe[data-secret=\"'+t.secret+'\"]'),o=l.querySelectorAll('blockquote[data-secret=\"'+t.secret+'\"]'),c=new RegExp(\"^https?:$\",\"i\"),i=0;i<o.length;i++)o[i].style.display=\"none\";for(i=0;i<a.length;i++)s=a[i],e.source===s.contentWindow&&(s.removeAttribute(\"style\"),\"height\"===t.message?(1e3<(r=parseInt(t.value,10))?r=1e3:~~r<200&&(r=200),s.height=r):\"link\"===t.message&&(r=new URL(s.getAttribute(\"src\")),n=new URL(t.value),c.test(n.protocol))&&n.host===r.host&&l.activeElement===s&&(d.top.location.href=t.value))}},d.addEventListener(\"message\",d.wp.receiveEmbedMessage,!1),l.addEventListener(\"DOMContentLoaded\",function(){for(var e,t,s=l.querySelectorAll(\"iframe.wp-embedded-content\"),r=0;r<s.length;r++)(t=(e=s[r]).getAttribute(\"data-secret\"))||(t=Math.random().toString(36).substring(2,12),e.src+=\"#?secret=\"+t,e.setAttribute(\"data-secret\",t)),e.contentWindow.postMessage({message:\"ready\",secret:t},\"*\")},!1)))}(window,document);\n\/\/# sourceURL=https:\/\/haberkuzey.com\/wp-includes\/js\/wp-embed.min.js\n\/* ]]> *\/\n<\/script>\n","thumbnail_url":"https:\/\/haberkuzey.com\/wp-content\/uploads\/2026\/03\/1773571206999CTP-YOL-HARITASI-7-750x500.jpeg","thumbnail_width":600,"thumbnail_height":400,"description":"Partiden yap\u0131lan a\u00e7\u0131klamaya g\u00f6re, \u00fclkenin gelece\u011fine ili\u015fkin d\u00fczenlenen ilk \u00e7al\u0131\u015ftayda, ekonomiden kamu y\u00f6netimine, e\u011fitimden sa\u011fl\u0131\u011fa, enerjiden ula\u015f\u0131ma ve sosyal politikalardan kurumsal yap\u0131ya kadar 16 temel ve onlarca alt ba\u015fl\u0131kla ilgili bir araya gelen uzman, siyaset\u00e7i, akademisyen, sivil toplum temsilcisinin \u00e7al\u0131\u015fmalar\u0131 son a\u015famaya geldi. Buna g\u00f6re, \u00e7al\u0131\u015ftay\u0131n ilk g\u00fcn\u00fcnde d\u00fcn \u201cgen\u00e7lik, spor ve e\u011fitim\u201d konu ba\u015fl\u0131klar [&hellip;]"}