{"version":"1.0","provider_name":"Haber Kuzey","provider_url":"https:\/\/haberkuzey.com","author_name":"haberkuzey","author_url":"https:\/\/haberkuzey.com\/index.php\/author\/haberkuzey\/","title":"Sendikal haklar \u00e7al\u0131\u015fma hayat\u0131n\u0131n temelidir. - Haber Kuzey","type":"rich","width":600,"height":338,"html":"<blockquote class=\"wp-embedded-content\" data-secret=\"gPXkukoU1w\"><a href=\"https:\/\/haberkuzey.com\/index.php\/2026\/03\/13\/sendikal-haklar-calisma-hayatinin-temelidir\/\">Sendikal haklar \u00e7al\u0131\u015fma hayat\u0131n\u0131n temelidir.<\/a><\/blockquote><iframe sandbox=\"allow-scripts\" security=\"restricted\" src=\"https:\/\/haberkuzey.com\/index.php\/2026\/03\/13\/sendikal-haklar-calisma-hayatinin-temelidir\/embed\/#?secret=gPXkukoU1w\" width=\"600\" height=\"338\" title=\"&#8220;Sendikal haklar \u00e7al\u0131\u015fma hayat\u0131n\u0131n temelidir.&#8221; &#8212; Haber Kuzey\" data-secret=\"gPXkukoU1w\" frameborder=\"0\" marginwidth=\"0\" marginheight=\"0\" scrolling=\"no\" class=\"wp-embedded-content\"><\/iframe><script type=\"text\/javascript\">\n\/* <![CDATA[ *\/\n\/*! This file is auto-generated *\/\n!function(d,l){\"use strict\";l.querySelector&&d.addEventListener&&\"undefined\"!=typeof URL&&(d.wp=d.wp||{},d.wp.receiveEmbedMessage||(d.wp.receiveEmbedMessage=function(e){var t=e.data;if((t||t.secret||t.message||t.value)&&!\/[^a-zA-Z0-9]\/.test(t.secret)){for(var s,r,n,a=l.querySelectorAll('iframe[data-secret=\"'+t.secret+'\"]'),o=l.querySelectorAll('blockquote[data-secret=\"'+t.secret+'\"]'),c=new RegExp(\"^https?:$\",\"i\"),i=0;i<o.length;i++)o[i].style.display=\"none\";for(i=0;i<a.length;i++)s=a[i],e.source===s.contentWindow&&(s.removeAttribute(\"style\"),\"height\"===t.message?(1e3<(r=parseInt(t.value,10))?r=1e3:~~r<200&&(r=200),s.height=r):\"link\"===t.message&&(r=new URL(s.getAttribute(\"src\")),n=new URL(t.value),c.test(n.protocol))&&n.host===r.host&&l.activeElement===s&&(d.top.location.href=t.value))}},d.addEventListener(\"message\",d.wp.receiveEmbedMessage,!1),l.addEventListener(\"DOMContentLoaded\",function(){for(var e,t,s=l.querySelectorAll(\"iframe.wp-embedded-content\"),r=0;r<s.length;r++)(t=(e=s[r]).getAttribute(\"data-secret\"))||(t=Math.random().toString(36).substring(2,12),e.src+=\"#?secret=\"+t,e.setAttribute(\"data-secret\",t)),e.contentWindow.postMessage({message:\"ready\",secret:t},\"*\")},!1)))}(window,document);\n\/\/# sourceURL=https:\/\/haberkuzey.com\/wp-includes\/js\/wp-embed.min.js\n\/* ]]> *\/\n<\/script>\n","thumbnail_url":"https:\/\/haberkuzey.com\/wp-content\/uploads\/2026\/03\/IMG_8127-750x420.jpeg","thumbnail_width":600,"thumbnail_height":336,"description":"&nbsp; Atan, s\u00fcrecin diyalog ve kar\u015f\u0131l\u0131kl\u0131 anlay\u0131\u015fla sonu\u00e7lanmas\u0131n\u0131n hem \u00e7al\u0131\u015fanlar hem de \u00fclke ekonomisi a\u00e7\u0131s\u0131ndan \u00f6nemli oldu\u011funu belirtti. Ba\u015fbakan \u00dcnal \u00dcstel ba\u015fta olmak \u00fczere h\u00fck\u00fcmetin ve \u00c7al\u0131\u015fma Bakanl\u0131\u011f\u0131\u2019n\u0131n s\u00fcrece katk\u0131 koymas\u0131n\u0131n \u00e7\u00f6z\u00fcm\u00fcn sa\u011flanmas\u0131nda etkili oldu\u011funu ifade etti. \u201cSendikal haklar demokrasinin ve \u00e7al\u0131\u015fma hayat\u0131n\u0131n temelidir\u201d diyen Atan, i\u015f\u00e7ilerin haklar\u0131n\u0131n korunmas\u0131 ve geli\u015ftirilmesi a\u00e7\u0131s\u0131ndan sendikal m\u00fccadelenin b\u00fcy\u00fck [&hellip;]"}