{"version":"1.0","provider_name":"Haber Kuzey","provider_url":"https:\/\/haberkuzey.com","author_name":"haberkuzey","author_url":"https:\/\/haberkuzey.com\/index.php\/author\/haberkuzey\/","title":"Zamlar toplumsal sorunlar\u0131 da do\u011furur - Haber Kuzey","type":"rich","width":600,"height":338,"html":"<blockquote class=\"wp-embedded-content\" data-secret=\"TWJwLAjs5L\"><a href=\"https:\/\/haberkuzey.com\/index.php\/2026\/03\/12\/zamlar-toplumsal-sorunlari-da-dogurur\/\">Zamlar toplumsal sorunlar\u0131 da do\u011furur<\/a><\/blockquote><iframe sandbox=\"allow-scripts\" security=\"restricted\" src=\"https:\/\/haberkuzey.com\/index.php\/2026\/03\/12\/zamlar-toplumsal-sorunlari-da-dogurur\/embed\/#?secret=TWJwLAjs5L\" width=\"600\" height=\"338\" title=\"&#8220;Zamlar toplumsal sorunlar\u0131 da do\u011furur&#8221; &#8212; Haber Kuzey\" data-secret=\"TWJwLAjs5L\" frameborder=\"0\" marginwidth=\"0\" marginheight=\"0\" scrolling=\"no\" class=\"wp-embedded-content\"><\/iframe><script type=\"text\/javascript\">\n\/* <![CDATA[ *\/\n\/*! This file is auto-generated *\/\n!function(d,l){\"use strict\";l.querySelector&&d.addEventListener&&\"undefined\"!=typeof URL&&(d.wp=d.wp||{},d.wp.receiveEmbedMessage||(d.wp.receiveEmbedMessage=function(e){var t=e.data;if((t||t.secret||t.message||t.value)&&!\/[^a-zA-Z0-9]\/.test(t.secret)){for(var s,r,n,a=l.querySelectorAll('iframe[data-secret=\"'+t.secret+'\"]'),o=l.querySelectorAll('blockquote[data-secret=\"'+t.secret+'\"]'),c=new RegExp(\"^https?:$\",\"i\"),i=0;i<o.length;i++)o[i].style.display=\"none\";for(i=0;i<a.length;i++)s=a[i],e.source===s.contentWindow&&(s.removeAttribute(\"style\"),\"height\"===t.message?(1e3<(r=parseInt(t.value,10))?r=1e3:~~r<200&&(r=200),s.height=r):\"link\"===t.message&&(r=new URL(s.getAttribute(\"src\")),n=new URL(t.value),c.test(n.protocol))&&n.host===r.host&&l.activeElement===s&&(d.top.location.href=t.value))}},d.addEventListener(\"message\",d.wp.receiveEmbedMessage,!1),l.addEventListener(\"DOMContentLoaded\",function(){for(var e,t,s=l.querySelectorAll(\"iframe.wp-embedded-content\"),r=0;r<s.length;r++)(t=(e=s[r]).getAttribute(\"data-secret\"))||(t=Math.random().toString(36).substring(2,12),e.src+=\"#?secret=\"+t,e.setAttribute(\"data-secret\",t)),e.contentWindow.postMessage({message:\"ready\",secret:t},\"*\")},!1)))}(window,document);\n\/\/# sourceURL=https:\/\/haberkuzey.com\/wp-includes\/js\/wp-embed.min.js\n\/* ]]> *\/\n<\/script>\n","thumbnail_url":"https:\/\/haberkuzey.com\/wp-content\/uploads\/2026\/03\/Basit-Metin-ve-Fotograf-Yeni-Sarki-Videosu-Youtube-Kucuk-Resmi-15-750x422.png","thumbnail_width":600,"thumbnail_height":338,"description":"KAMUSEN Ba\u015fkan\u0131 Metin Atan\u2019dan Akaryak\u0131t Zamlar\u0131na Sert Tepki Yap\u0131lan zamlar\u0131n yaln\u0131zca akaryak\u0131t fiyatlar\u0131n\u0131 art\u0131rmakla kalmad\u0131\u011f\u0131n\u0131 vurgulayan Atan, bunun zincirleme \u015fekilde t\u00fcm \u00fcr\u00fcn ve hizmetlere yeni zamlar getirece\u011fini s\u00f6yledi. Elektrik \u00fcretiminde kullan\u0131lan yak\u0131t maliyetlerinin artmas\u0131yla birlikte elektrik zamm\u0131n\u0131n da ka\u00e7\u0131n\u0131lmaz hale gelebilece\u011fini ifade eden Atan, vatanda\u015f\u0131n her ge\u00e7en g\u00fcn daha da a\u011f\u0131rla\u015fan bir ekonomik y\u00fck\u00fcn alt\u0131na [&hellip;]"}