{"version":"1.0","provider_name":"Haber Kuzey","provider_url":"https:\/\/haberkuzey.com","author_name":"haberkuzey","author_url":"https:\/\/haberkuzey.com\/index.php\/author\/haberkuzey\/","title":"Serdaro\u011flu\u2019ndan akaryak\u0131t zamm\u0131na sert tepki - Haber Kuzey","type":"rich","width":600,"height":338,"html":"<blockquote class=\"wp-embedded-content\" data-secret=\"4tKXio1Mv9\"><a href=\"https:\/\/haberkuzey.com\/index.php\/2026\/03\/12\/serdaroglundan-akaryakit-zammina-sert-tepki\/\">Serdaro\u011flu\u2019ndan akaryak\u0131t zamm\u0131na sert tepki<\/a><\/blockquote><iframe sandbox=\"allow-scripts\" security=\"restricted\" src=\"https:\/\/haberkuzey.com\/index.php\/2026\/03\/12\/serdaroglundan-akaryakit-zammina-sert-tepki\/embed\/#?secret=4tKXio1Mv9\" width=\"600\" height=\"338\" title=\"&#8220;Serdaro\u011flu\u2019ndan akaryak\u0131t zamm\u0131na sert tepki&#8221; &#8212; Haber Kuzey\" data-secret=\"4tKXio1Mv9\" frameborder=\"0\" marginwidth=\"0\" marginheight=\"0\" scrolling=\"no\" class=\"wp-embedded-content\"><\/iframe><script type=\"text\/javascript\">\n\/* <![CDATA[ *\/\n\/*! This file is auto-generated *\/\n!function(d,l){\"use strict\";l.querySelector&&d.addEventListener&&\"undefined\"!=typeof URL&&(d.wp=d.wp||{},d.wp.receiveEmbedMessage||(d.wp.receiveEmbedMessage=function(e){var t=e.data;if((t||t.secret||t.message||t.value)&&!\/[^a-zA-Z0-9]\/.test(t.secret)){for(var s,r,n,a=l.querySelectorAll('iframe[data-secret=\"'+t.secret+'\"]'),o=l.querySelectorAll('blockquote[data-secret=\"'+t.secret+'\"]'),c=new RegExp(\"^https?:$\",\"i\"),i=0;i<o.length;i++)o[i].style.display=\"none\";for(i=0;i<a.length;i++)s=a[i],e.source===s.contentWindow&&(s.removeAttribute(\"style\"),\"height\"===t.message?(1e3<(r=parseInt(t.value,10))?r=1e3:~~r<200&&(r=200),s.height=r):\"link\"===t.message&&(r=new URL(s.getAttribute(\"src\")),n=new URL(t.value),c.test(n.protocol))&&n.host===r.host&&l.activeElement===s&&(d.top.location.href=t.value))}},d.addEventListener(\"message\",d.wp.receiveEmbedMessage,!1),l.addEventListener(\"DOMContentLoaded\",function(){for(var e,t,s=l.querySelectorAll(\"iframe.wp-embedded-content\"),r=0;r<s.length;r++)(t=(e=s[r]).getAttribute(\"data-secret\"))||(t=Math.random().toString(36).substring(2,12),e.src+=\"#?secret=\"+t,e.setAttribute(\"data-secret\",t)),e.contentWindow.postMessage({message:\"ready\",secret:t},\"*\")},!1)))}(window,document);\n\/\/# sourceURL=https:\/\/haberkuzey.com\/wp-includes\/js\/wp-embed.min.js\n\/* ]]> *\/\n<\/script>\n","thumbnail_url":"https:\/\/haberkuzey.com\/wp-content\/uploads\/2026\/03\/Basit-Metin-ve-Fotograf-Yeni-Sarki-Videosu-Youtube-Kucuk-Resmi-17-750x422.png","thumbnail_width":600,"thumbnail_height":338,"description":"H\u00dcR-\u0130\u015e\u2019TEN ZAM TEPK\u0130S\u0130 H\u00fcr-\u0130\u015f Federasyonu Genel Ba\u015fkan\u0131 Ahmet Serdaro\u011flu, akaryak\u0131t fiyatlar\u0131na k\u0131sa s\u00fcrede yap\u0131lan toplam 11 TL\u2019lik zamma sert tepki g\u00f6sterdi. Serdaro\u011flu yapt\u0131\u011f\u0131 yaz\u0131l\u0131 a\u00e7\u0131klamada, h\u00fck\u00fcmetin ekonomi y\u00f6netimini ele\u015ftirerek bu zamlar\u0131n sava\u015f nedeniyle de\u011fil ekonomiyi y\u00f6netemeyenlerin beceriksizli\u011finden kaynakland\u0131\u011f\u0131n\u0131 savundu. \u201cBU ZAM YALNIZCA POMPADA KALMAYACAK\u201d Serdaro\u011flu, akaryak\u0131t zamlar\u0131n\u0131n piyasadaki t\u00fcm \u00fcr\u00fcn ve hizmetlere yans\u0131yaca\u011f\u0131n\u0131 belirterek yeni [&hellip;]"}