{"version":"1.0","provider_name":"Haber Kuzey","provider_url":"https:\/\/haberkuzey.com","author_name":"haberkuzey","author_url":"https:\/\/haberkuzey.com\/index.php\/author\/haberkuzey\/","title":"\u0130lahiyat Koleji protokol\u00fcne Anayasa Mahkemesi\u2019nden onay - Haber Kuzey","type":"rich","width":600,"height":338,"html":"<blockquote class=\"wp-embedded-content\" data-secret=\"bCQHqwGE2z\"><a href=\"https:\/\/haberkuzey.com\/index.php\/2026\/03\/12\/ilahiyat-koleji-protokolune-anayasa-mahkemesinden-onay\/\">\u0130lahiyat Koleji protokol\u00fcne Anayasa Mahkemesi\u2019nden onay<\/a><\/blockquote><iframe sandbox=\"allow-scripts\" security=\"restricted\" src=\"https:\/\/haberkuzey.com\/index.php\/2026\/03\/12\/ilahiyat-koleji-protokolune-anayasa-mahkemesinden-onay\/embed\/#?secret=bCQHqwGE2z\" width=\"600\" height=\"338\" title=\"&#8220;\u0130lahiyat Koleji protokol\u00fcne Anayasa Mahkemesi\u2019nden onay&#8221; &#8212; Haber Kuzey\" data-secret=\"bCQHqwGE2z\" frameborder=\"0\" marginwidth=\"0\" marginheight=\"0\" scrolling=\"no\" class=\"wp-embedded-content\"><\/iframe><script type=\"text\/javascript\">\n\/* <![CDATA[ *\/\n\/*! This file is auto-generated *\/\n!function(d,l){\"use strict\";l.querySelector&&d.addEventListener&&\"undefined\"!=typeof URL&&(d.wp=d.wp||{},d.wp.receiveEmbedMessage||(d.wp.receiveEmbedMessage=function(e){var t=e.data;if((t||t.secret||t.message||t.value)&&!\/[^a-zA-Z0-9]\/.test(t.secret)){for(var s,r,n,a=l.querySelectorAll('iframe[data-secret=\"'+t.secret+'\"]'),o=l.querySelectorAll('blockquote[data-secret=\"'+t.secret+'\"]'),c=new RegExp(\"^https?:$\",\"i\"),i=0;i<o.length;i++)o[i].style.display=\"none\";for(i=0;i<a.length;i++)s=a[i],e.source===s.contentWindow&&(s.removeAttribute(\"style\"),\"height\"===t.message?(1e3<(r=parseInt(t.value,10))?r=1e3:~~r<200&&(r=200),s.height=r):\"link\"===t.message&&(r=new URL(s.getAttribute(\"src\")),n=new URL(t.value),c.test(n.protocol))&&n.host===r.host&&l.activeElement===s&&(d.top.location.href=t.value))}},d.addEventListener(\"message\",d.wp.receiveEmbedMessage,!1),l.addEventListener(\"DOMContentLoaded\",function(){for(var e,t,s=l.querySelectorAll(\"iframe.wp-embedded-content\"),r=0;r<s.length;r++)(t=(e=s[r]).getAttribute(\"data-secret\"))||(t=Math.random().toString(36).substring(2,12),e.src+=\"#?secret=\"+t,e.setAttribute(\"data-secret\",t)),e.contentWindow.postMessage({message:\"ready\",secret:t},\"*\")},!1)))}(window,document);\n\/\/# sourceURL=https:\/\/haberkuzey.com\/wp-includes\/js\/wp-embed.min.js\n\/* ]]> *\/\n<\/script>\n","thumbnail_url":"https:\/\/haberkuzey.com\/wp-content\/uploads\/2026\/03\/Basit-Metin-ve-Fotograf-Yeni-Sarki-Videosu-Youtube-Kucuk-Resmi-16-750x422.png","thumbnail_width":600,"thumbnail_height":338,"description":"KKTC H\u00fck\u00fcmeti ile T\u00fcrkiye Cumhuriyeti H\u00fck\u00fcmeti aras\u0131nda imzalanan Gazima\u011fusa \u0130lahiyat Koleji Yap\u0131m Projesi Protokol\u00fc\u2019n\u00fcn onaylanmas\u0131na ili\u015fkin yasa tasar\u0131s\u0131 hakk\u0131nda Anayasa Mahkemesi g\u00f6r\u00fc\u015f\u00fcn\u00fc a\u00e7\u0131klad\u0131. Cumhuriyet Meclisi Genel Kurulu\u2019nun 17 Kas\u0131m 2025 tarihli 6\u2019nc\u0131 birle\u015fiminde oy\u00e7oklu\u011fuyla kabul edilen \u201cKuzey K\u0131br\u0131s T\u00fcrk Cumhuriyeti H\u00fck\u00fcmeti ile T\u00fcrkiye Cumhuriyeti H\u00fck\u00fcmeti Aras\u0131nda Gazima\u011fusa \u0130lahiyat Koleji Yap\u0131m Projesi Protokol\u00fcn\u00fcn Onaylanmas\u0131n\u0131n Uygun Bulunmas\u0131na [&hellip;]"}