{"version":"1.0","provider_name":"Haber Kuzey","provider_url":"https:\/\/haberkuzey.com","author_name":"haberkuzey","author_url":"https:\/\/haberkuzey.com\/index.php\/author\/haberkuzey\/","title":"\u00c7a\u011f\u0131ner: Turizm pandemi d\u00f6nemini arar hale geldi - Haber Kuzey","type":"rich","width":600,"height":338,"html":"<blockquote class=\"wp-embedded-content\" data-secret=\"QPygrjAhKY\"><a href=\"https:\/\/haberkuzey.com\/index.php\/2026\/03\/12\/caginer-turizm-pandemi-donemini-arar-hale-geldi\/\">\u00c7a\u011f\u0131ner: Turizm pandemi d\u00f6nemini arar hale geldi<\/a><\/blockquote><iframe sandbox=\"allow-scripts\" security=\"restricted\" src=\"https:\/\/haberkuzey.com\/index.php\/2026\/03\/12\/caginer-turizm-pandemi-donemini-arar-hale-geldi\/embed\/#?secret=QPygrjAhKY\" width=\"600\" height=\"338\" title=\"&#8220;\u00c7a\u011f\u0131ner: Turizm pandemi d\u00f6nemini arar hale geldi&#8221; &#8212; Haber Kuzey\" data-secret=\"QPygrjAhKY\" frameborder=\"0\" marginwidth=\"0\" marginheight=\"0\" scrolling=\"no\" class=\"wp-embedded-content\"><\/iframe><script type=\"text\/javascript\">\n\/* <![CDATA[ *\/\n\/*! This file is auto-generated *\/\n!function(d,l){\"use strict\";l.querySelector&&d.addEventListener&&\"undefined\"!=typeof URL&&(d.wp=d.wp||{},d.wp.receiveEmbedMessage||(d.wp.receiveEmbedMessage=function(e){var t=e.data;if((t||t.secret||t.message||t.value)&&!\/[^a-zA-Z0-9]\/.test(t.secret)){for(var s,r,n,a=l.querySelectorAll('iframe[data-secret=\"'+t.secret+'\"]'),o=l.querySelectorAll('blockquote[data-secret=\"'+t.secret+'\"]'),c=new RegExp(\"^https?:$\",\"i\"),i=0;i<o.length;i++)o[i].style.display=\"none\";for(i=0;i<a.length;i++)s=a[i],e.source===s.contentWindow&&(s.removeAttribute(\"style\"),\"height\"===t.message?(1e3<(r=parseInt(t.value,10))?r=1e3:~~r<200&&(r=200),s.height=r):\"link\"===t.message&&(r=new URL(s.getAttribute(\"src\")),n=new URL(t.value),c.test(n.protocol))&&n.host===r.host&&l.activeElement===s&&(d.top.location.href=t.value))}},d.addEventListener(\"message\",d.wp.receiveEmbedMessage,!1),l.addEventListener(\"DOMContentLoaded\",function(){for(var e,t,s=l.querySelectorAll(\"iframe.wp-embedded-content\"),r=0;r<s.length;r++)(t=(e=s[r]).getAttribute(\"data-secret\"))||(t=Math.random().toString(36).substring(2,12),e.src+=\"#?secret=\"+t,e.setAttribute(\"data-secret\",t)),e.contentWindow.postMessage({message:\"ready\",secret:t},\"*\")},!1)))}(window,document);\n\/\/# sourceURL=https:\/\/haberkuzey.com\/wp-includes\/js\/wp-embed.min.js\n\/* ]]> *\/\n<\/script>\n","thumbnail_url":"https:\/\/haberkuzey.com\/wp-content\/uploads\/2026\/03\/IMG_8080-750x422.jpeg","thumbnail_width":600,"thumbnail_height":338,"description":"\u00c7a\u011f\u0131ner\u2019in yaz\u0131l\u0131 a\u00e7\u0131klamas\u0131n\u0131n tamam\u0131 \u015f\u00f6yle: \u201cUzun s\u00fcredir devam eden girdi maliyetlerindeki art\u0131\u015f nedeni ile rekabet edilebilirli\u011fini yitirmi\u015f olan KKTC turizm piyasas\u0131; sava\u015f \u00f6ncesi yak\u0131t zamm\u0131 ve sava\u015f sonras\u0131 bu ak\u015fam yap\u0131lan ilave zamm\u0131n yak\u0131nda elektrik fiyatlar\u0131na ve di\u011fer maliyetlere de yans\u0131mas\u0131 ile birlikte alt\u0131ndan KALKILMASI m\u00fcmk\u00fcn OLMAYACAK bir yola girmi\u015ftir. \u0130lave zam furyas\u0131 ve sava\u015f [&hellip;]"}