{"version":"1.0","provider_name":"Haber Kuzey","provider_url":"https:\/\/haberkuzey.com","author_name":"haberkuzey","author_url":"https:\/\/haberkuzey.com\/index.php\/author\/haberkuzey\/","title":"Avc\u0131o\u011flu: \u201cZamlar\u0131n arkas\u0131 gelecek\u201d - Haber Kuzey","type":"rich","width":600,"height":338,"html":"<blockquote class=\"wp-embedded-content\" data-secret=\"HmieKkPTT4\"><a href=\"https:\/\/haberkuzey.com\/index.php\/2026\/03\/12\/avcioglu-zamlarin-arkasi-gelecek\/\">Avc\u0131o\u011flu: \u201cZamlar\u0131n arkas\u0131 gelecek\u201d<\/a><\/blockquote><iframe sandbox=\"allow-scripts\" security=\"restricted\" src=\"https:\/\/haberkuzey.com\/index.php\/2026\/03\/12\/avcioglu-zamlarin-arkasi-gelecek\/embed\/#?secret=HmieKkPTT4\" width=\"600\" height=\"338\" title=\"&#8220;Avc\u0131o\u011flu: \u201cZamlar\u0131n arkas\u0131 gelecek\u201d&#8221; &#8212; Haber Kuzey\" data-secret=\"HmieKkPTT4\" frameborder=\"0\" marginwidth=\"0\" marginheight=\"0\" scrolling=\"no\" class=\"wp-embedded-content\"><\/iframe><script type=\"text\/javascript\">\n\/* <![CDATA[ *\/\n\/*! This file is auto-generated *\/\n!function(d,l){\"use strict\";l.querySelector&&d.addEventListener&&\"undefined\"!=typeof URL&&(d.wp=d.wp||{},d.wp.receiveEmbedMessage||(d.wp.receiveEmbedMessage=function(e){var t=e.data;if((t||t.secret||t.message||t.value)&&!\/[^a-zA-Z0-9]\/.test(t.secret)){for(var s,r,n,a=l.querySelectorAll('iframe[data-secret=\"'+t.secret+'\"]'),o=l.querySelectorAll('blockquote[data-secret=\"'+t.secret+'\"]'),c=new RegExp(\"^https?:$\",\"i\"),i=0;i<o.length;i++)o[i].style.display=\"none\";for(i=0;i<a.length;i++)s=a[i],e.source===s.contentWindow&&(s.removeAttribute(\"style\"),\"height\"===t.message?(1e3<(r=parseInt(t.value,10))?r=1e3:~~r<200&&(r=200),s.height=r):\"link\"===t.message&&(r=new URL(s.getAttribute(\"src\")),n=new URL(t.value),c.test(n.protocol))&&n.host===r.host&&l.activeElement===s&&(d.top.location.href=t.value))}},d.addEventListener(\"message\",d.wp.receiveEmbedMessage,!1),l.addEventListener(\"DOMContentLoaded\",function(){for(var e,t,s=l.querySelectorAll(\"iframe.wp-embedded-content\"),r=0;r<s.length;r++)(t=(e=s[r]).getAttribute(\"data-secret\"))||(t=Math.random().toString(36).substring(2,12),e.src+=\"#?secret=\"+t,e.setAttribute(\"data-secret\",t)),e.contentWindow.postMessage({message:\"ready\",secret:t},\"*\")},!1)))}(window,document);\n\/\/# sourceURL=https:\/\/haberkuzey.com\/wp-includes\/js\/wp-embed.min.js\n\/* ]]> *\/\n<\/script>\n","thumbnail_url":"https:\/\/haberkuzey.com\/wp-content\/uploads\/2026\/03\/Basit-Metin-ve-Fotograf-Yeni-Sarki-Videosu-Youtube-Kucuk-Resmi-14-750x422.png","thumbnail_width":600,"thumbnail_height":338,"description":"Yusuf Avc\u0131o\u011flu\u2019ndan Akaryak\u0131t Zamlar\u0131na Sert Tepki &nbsp; Avc\u0131o\u011flu a\u00e7\u0131klamas\u0131nda, Maliye Bakan\u0131\u2019n\u0131n petrol varil fiyatlar\u0131n\u0131n yakla\u015f\u0131k 20 dolar gerilemesine ra\u011fmen yap\u0131lan zamlar\u0131n b\u00fct\u00e7e a\u00e7\u0131\u011f\u0131n\u0131 kapatmak i\u00e7in olmad\u0131\u011f\u0131n\u0131 s\u00f6ylemesine de tepki g\u00f6sterdi. \u00dclke y\u00f6netiminin \u00f6ng\u00f6r\u00fc ve liyakatten uzak bir anlay\u0131\u015fa emanet edildi\u011fini savunan Avc\u0131o\u011flu, kararlar\u0131n ekonomik ger\u00e7eklerle ba\u011fda\u015fmad\u0131\u011f\u0131n\u0131 ifade etti. Elektrik \u00fcretiminde kullan\u0131lan Eurodizel maliyetlerinin de zamlarla [&hellip;]"}