{"version":"1.0","provider_name":"Haber Kuzey","provider_url":"https:\/\/haberkuzey.com","author_name":"haberkuzey","author_url":"https:\/\/haberkuzey.com\/index.php\/author\/haberkuzey\/","title":"T\u00fcrkiye G\u00fcvenli\u011fimizin Teminat\u0131 - Haber Kuzey","type":"rich","width":600,"height":338,"html":"<blockquote class=\"wp-embedded-content\" data-secret=\"6sdDzcpzel\"><a href=\"https:\/\/haberkuzey.com\/index.php\/2026\/03\/10\/turkiye-guvenligimizin-teminati\/\">T\u00fcrkiye G\u00fcvenli\u011fimizin Teminat\u0131<\/a><\/blockquote><iframe sandbox=\"allow-scripts\" security=\"restricted\" src=\"https:\/\/haberkuzey.com\/index.php\/2026\/03\/10\/turkiye-guvenligimizin-teminati\/embed\/#?secret=6sdDzcpzel\" width=\"600\" height=\"338\" title=\"&#8220;T\u00fcrkiye G\u00fcvenli\u011fimizin Teminat\u0131&#8221; &#8212; Haber Kuzey\" data-secret=\"6sdDzcpzel\" frameborder=\"0\" marginwidth=\"0\" marginheight=\"0\" scrolling=\"no\" class=\"wp-embedded-content\"><\/iframe><script type=\"text\/javascript\">\n\/* <![CDATA[ *\/\n\/*! This file is auto-generated *\/\n!function(d,l){\"use strict\";l.querySelector&&d.addEventListener&&\"undefined\"!=typeof URL&&(d.wp=d.wp||{},d.wp.receiveEmbedMessage||(d.wp.receiveEmbedMessage=function(e){var t=e.data;if((t||t.secret||t.message||t.value)&&!\/[^a-zA-Z0-9]\/.test(t.secret)){for(var s,r,n,a=l.querySelectorAll('iframe[data-secret=\"'+t.secret+'\"]'),o=l.querySelectorAll('blockquote[data-secret=\"'+t.secret+'\"]'),c=new RegExp(\"^https?:$\",\"i\"),i=0;i<o.length;i++)o[i].style.display=\"none\";for(i=0;i<a.length;i++)s=a[i],e.source===s.contentWindow&&(s.removeAttribute(\"style\"),\"height\"===t.message?(1e3<(r=parseInt(t.value,10))?r=1e3:~~r<200&&(r=200),s.height=r):\"link\"===t.message&&(r=new URL(s.getAttribute(\"src\")),n=new URL(t.value),c.test(n.protocol))&&n.host===r.host&&l.activeElement===s&&(d.top.location.href=t.value))}},d.addEventListener(\"message\",d.wp.receiveEmbedMessage,!1),l.addEventListener(\"DOMContentLoaded\",function(){for(var e,t,s=l.querySelectorAll(\"iframe.wp-embedded-content\"),r=0;r<s.length;r++)(t=(e=s[r]).getAttribute(\"data-secret\"))||(t=Math.random().toString(36).substring(2,12),e.src+=\"#?secret=\"+t,e.setAttribute(\"data-secret\",t)),e.contentWindow.postMessage({message:\"ready\",secret:t},\"*\")},!1)))}(window,document);\n\/\/# sourceURL=https:\/\/haberkuzey.com\/wp-includes\/js\/wp-embed.min.js\n\/* ]]> *\/\n<\/script>\n","thumbnail_url":"https:\/\/haberkuzey.com\/wp-content\/uploads\/2026\/03\/Basit-Metin-ve-Fotograf-Yeni-Sarki-Videosu-Youtube-Kucuk-Resmi-11-750x422.png","thumbnail_width":600,"thumbnail_height":338,"description":"&nbsp; Metin Atan, K\u0131br\u0131s Postas\u0131\u2019na konuk olarak yapt\u0131\u011f\u0131 de\u011ferlendirmelerde b\u00f6lgedeki sava\u015f ve g\u00fcvenlik geli\u015fmelerine ili\u015fkin \u00f6nemli a\u00e7\u0131klamalarda bulundu. Atan, Kuzey K\u0131br\u0131s T\u00fcrk Cumhuriyeti\u2019nin g\u00fcvenli\u011fi a\u00e7\u0131s\u0131ndan T\u00fcrkiye\u2019nin varl\u0131\u011f\u0131n\u0131n hayati \u00f6nem ta\u015f\u0131d\u0131\u011f\u0131n\u0131 vurgulad\u0131. \u201cD\u00fcnya b\u00fcy\u00fck bir gerilimin i\u00e7inde\u201d Atan, d\u00fcnyada bir\u00e7ok b\u00f6lgede \u00e7at\u0131\u015fmalar\u0131n s\u00fcrd\u00fc\u011f\u00fcn\u00fc belirterek k\u00fcresel \u00f6l\u00e7ekte gerilimin giderek artt\u0131\u011f\u0131na dikkat \u00e7ekti. Hindistan\u2013Pakistan, Rusya\u2013Ukrayna ve Orta Do\u011fu\u2019daki [&hellip;]"}