{"version":"1.0","provider_name":"Haber Kuzey","provider_url":"https:\/\/haberkuzey.com","author_name":"haberkuzey","author_url":"https:\/\/haberkuzey.com\/index.php\/author\/haberkuzey\/","title":"\u201cKad\u0131n\u0131n eme\u011fi g\u00fc\u00e7l\u00fc toplumun temelidir\u201d - Haber Kuzey","type":"rich","width":600,"height":338,"html":"<blockquote class=\"wp-embedded-content\" data-secret=\"SJIeRCfTgY\"><a href=\"https:\/\/haberkuzey.com\/index.php\/2026\/03\/07\/kadinin-emegi-guclu-toplumun-temelidir\/\">\u201cKad\u0131n\u0131n eme\u011fi g\u00fc\u00e7l\u00fc toplumun temelidir\u201d<\/a><\/blockquote><iframe sandbox=\"allow-scripts\" security=\"restricted\" src=\"https:\/\/haberkuzey.com\/index.php\/2026\/03\/07\/kadinin-emegi-guclu-toplumun-temelidir\/embed\/#?secret=SJIeRCfTgY\" width=\"600\" height=\"338\" title=\"&#8220;\u201cKad\u0131n\u0131n eme\u011fi g\u00fc\u00e7l\u00fc toplumun temelidir\u201d&#8221; &#8212; Haber Kuzey\" data-secret=\"SJIeRCfTgY\" frameborder=\"0\" marginwidth=\"0\" marginheight=\"0\" scrolling=\"no\" class=\"wp-embedded-content\"><\/iframe><script type=\"text\/javascript\">\n\/* <![CDATA[ *\/\n\/*! This file is auto-generated *\/\n!function(d,l){\"use strict\";l.querySelector&&d.addEventListener&&\"undefined\"!=typeof URL&&(d.wp=d.wp||{},d.wp.receiveEmbedMessage||(d.wp.receiveEmbedMessage=function(e){var t=e.data;if((t||t.secret||t.message||t.value)&&!\/[^a-zA-Z0-9]\/.test(t.secret)){for(var s,r,n,a=l.querySelectorAll('iframe[data-secret=\"'+t.secret+'\"]'),o=l.querySelectorAll('blockquote[data-secret=\"'+t.secret+'\"]'),c=new RegExp(\"^https?:$\",\"i\"),i=0;i<o.length;i++)o[i].style.display=\"none\";for(i=0;i<a.length;i++)s=a[i],e.source===s.contentWindow&&(s.removeAttribute(\"style\"),\"height\"===t.message?(1e3<(r=parseInt(t.value,10))?r=1e3:~~r<200&&(r=200),s.height=r):\"link\"===t.message&&(r=new URL(s.getAttribute(\"src\")),n=new URL(t.value),c.test(n.protocol))&&n.host===r.host&&l.activeElement===s&&(d.top.location.href=t.value))}},d.addEventListener(\"message\",d.wp.receiveEmbedMessage,!1),l.addEventListener(\"DOMContentLoaded\",function(){for(var e,t,s=l.querySelectorAll(\"iframe.wp-embedded-content\"),r=0;r<s.length;r++)(t=(e=s[r]).getAttribute(\"data-secret\"))||(t=Math.random().toString(36).substring(2,12),e.src+=\"#?secret=\"+t,e.setAttribute(\"data-secret\",t)),e.contentWindow.postMessage({message:\"ready\",secret:t},\"*\")},!1)))}(window,document);\n\/\/# sourceURL=https:\/\/haberkuzey.com\/wp-includes\/js\/wp-embed.min.js\n\/* ]]> *\/\n<\/script>\n","thumbnail_url":"https:\/\/haberkuzey.com\/wp-content\/uploads\/2026\/03\/1772883267718BEROVA-750x548.jpg","thumbnail_width":600,"thumbnail_height":438,"description":"Bakan Berova, kad\u0131nlar\u0131n toplumun her alan\u0131nda \u00fcstlendikleri rol\u00fcn b\u00fcy\u00fck \u00f6nem ta\u015f\u0131d\u0131\u011f\u0131n\u0131 belirtti. Kad\u0131n eme\u011finin, fedak\u00e2rl\u0131\u011f\u0131n\u0131n ve \u00fcretkenli\u011finin toplumlar\u0131n geli\u015fmesinde temel g\u00fc\u00e7 oldu\u011funu vurgulad\u0131. Kad\u0131nlar\u0131n ailede, i\u015f hayat\u0131nda, e\u011fitimde ve sosyal ya\u015fam\u0131n her alan\u0131nda b\u00fcy\u00fck sorumluluklar \u00fcstlendi\u011fini ifade eden Berova, kad\u0131nlar\u0131n g\u00fc\u00e7lenmesinin toplumun g\u00fc\u00e7lenmesi anlam\u0131na geldi\u011fini kaydetti. Maliye Bakan\u0131 \u00d6zdemir Berova mesaj\u0131nda \u015fu ifadelere yer verdi. [&hellip;]"}