{"version":"1.0","provider_name":"Haber Kuzey","provider_url":"https:\/\/haberkuzey.com","author_name":"haberkuzey","author_url":"https:\/\/haberkuzey.com\/index.php\/author\/haberkuzey\/","title":"\u00c7atalk\u00f6y-Esentepe Belediyesi\u2019nden 8 Mart kutlamas\u0131 - Haber Kuzey","type":"rich","width":600,"height":338,"html":"<blockquote class=\"wp-embedded-content\" data-secret=\"F8vDz2xgua\"><a href=\"https:\/\/haberkuzey.com\/index.php\/2026\/03\/07\/catalkoy-esentepe-belediyesinden-8-mart-kutlamasi\/\">\u00c7atalk\u00f6y-Esentepe Belediyesi\u2019nden 8 Mart kutlamas\u0131<\/a><\/blockquote><iframe sandbox=\"allow-scripts\" security=\"restricted\" src=\"https:\/\/haberkuzey.com\/index.php\/2026\/03\/07\/catalkoy-esentepe-belediyesinden-8-mart-kutlamasi\/embed\/#?secret=F8vDz2xgua\" width=\"600\" height=\"338\" title=\"&#8220;\u00c7atalk\u00f6y-Esentepe Belediyesi\u2019nden 8 Mart kutlamas\u0131&#8221; &#8212; Haber Kuzey\" data-secret=\"F8vDz2xgua\" frameborder=\"0\" marginwidth=\"0\" marginheight=\"0\" scrolling=\"no\" class=\"wp-embedded-content\"><\/iframe><script type=\"text\/javascript\">\n\/* <![CDATA[ *\/\n\/*! This file is auto-generated *\/\n!function(d,l){\"use strict\";l.querySelector&&d.addEventListener&&\"undefined\"!=typeof URL&&(d.wp=d.wp||{},d.wp.receiveEmbedMessage||(d.wp.receiveEmbedMessage=function(e){var t=e.data;if((t||t.secret||t.message||t.value)&&!\/[^a-zA-Z0-9]\/.test(t.secret)){for(var s,r,n,a=l.querySelectorAll('iframe[data-secret=\"'+t.secret+'\"]'),o=l.querySelectorAll('blockquote[data-secret=\"'+t.secret+'\"]'),c=new RegExp(\"^https?:$\",\"i\"),i=0;i<o.length;i++)o[i].style.display=\"none\";for(i=0;i<a.length;i++)s=a[i],e.source===s.contentWindow&&(s.removeAttribute(\"style\"),\"height\"===t.message?(1e3<(r=parseInt(t.value,10))?r=1e3:~~r<200&&(r=200),s.height=r):\"link\"===t.message&&(r=new URL(s.getAttribute(\"src\")),n=new URL(t.value),c.test(n.protocol))&&n.host===r.host&&l.activeElement===s&&(d.top.location.href=t.value))}},d.addEventListener(\"message\",d.wp.receiveEmbedMessage,!1),l.addEventListener(\"DOMContentLoaded\",function(){for(var e,t,s=l.querySelectorAll(\"iframe.wp-embedded-content\"),r=0;r<s.length;r++)(t=(e=s[r]).getAttribute(\"data-secret\"))||(t=Math.random().toString(36).substring(2,12),e.src+=\"#?secret=\"+t,e.setAttribute(\"data-secret\",t)),e.contentWindow.postMessage({message:\"ready\",secret:t},\"*\")},!1)))}(window,document);\n\/\/# sourceURL=https:\/\/haberkuzey.com\/wp-includes\/js\/wp-embed.min.js\n\/* ]]> *\/\n<\/script>\n","thumbnail_url":"https:\/\/haberkuzey.com\/wp-content\/uploads\/2026\/03\/1772869822915catalkoy-belediyesi-kadinlar-gunu-4-750x563.jpg","thumbnail_width":600,"thumbnail_height":450,"description":"\u00c7atalk\u00f6y Belediyesi&#8217;nden yap\u0131lan a\u00e7\u0131klamaya g\u00f6re, Belediye ekipleri kav\u015faklarda emek\u00e7i kad\u0131nlara karanfil da\u011f\u0131tt\u0131. Belediye Ba\u015fkan\u0131 Ceyhun K\u0131rok, okul, i\u015f yerleri ve Belediyede g\u00f6rev yapan kad\u0131n personeli ziyaret ederek kad\u0131nlar\u0131n g\u00fcn\u00fcn\u00fc kutlad\u0131. K\u0131rok, kad\u0131nlar\u0131n toplumdaki eme\u011fi ve katk\u0131lar\u0131n\u0131n b\u00fcy\u00fck de\u011fer ta\u015f\u0131d\u0131\u011f\u0131n\u0131 vurgulad\u0131. K\u0131rok, kad\u0131n \u00e7al\u0131\u015fanlar\u0131n emeklerinin ve katk\u0131lar\u0131n\u0131n hem \u00e7al\u0131\u015fma hayat\u0131nda hem de sosyal ya\u015famda son derece [&hellip;]"}