{"version":"1.0","provider_name":"Haber Kuzey","provider_url":"https:\/\/haberkuzey.com","author_name":"haberkuzey","author_url":"https:\/\/haberkuzey.com\/index.php\/author\/haberkuzey\/","title":"Zam politikalar\u0131 kabul edilemez - Haber Kuzey","type":"rich","width":600,"height":338,"html":"<blockquote class=\"wp-embedded-content\" data-secret=\"coAm6eJAAp\"><a href=\"https:\/\/haberkuzey.com\/index.php\/2026\/03\/06\/zam-politikalari-kabul-edilemez\/\">Zam politikalar\u0131 kabul edilemez<\/a><\/blockquote><iframe sandbox=\"allow-scripts\" security=\"restricted\" src=\"https:\/\/haberkuzey.com\/index.php\/2026\/03\/06\/zam-politikalari-kabul-edilemez\/embed\/#?secret=coAm6eJAAp\" width=\"600\" height=\"338\" title=\"&#8220;Zam politikalar\u0131 kabul edilemez&#8221; &#8212; Haber Kuzey\" data-secret=\"coAm6eJAAp\" frameborder=\"0\" marginwidth=\"0\" marginheight=\"0\" scrolling=\"no\" class=\"wp-embedded-content\"><\/iframe><script type=\"text\/javascript\">\n\/* <![CDATA[ *\/\n\/*! This file is auto-generated *\/\n!function(d,l){\"use strict\";l.querySelector&&d.addEventListener&&\"undefined\"!=typeof URL&&(d.wp=d.wp||{},d.wp.receiveEmbedMessage||(d.wp.receiveEmbedMessage=function(e){var t=e.data;if((t||t.secret||t.message||t.value)&&!\/[^a-zA-Z0-9]\/.test(t.secret)){for(var s,r,n,a=l.querySelectorAll('iframe[data-secret=\"'+t.secret+'\"]'),o=l.querySelectorAll('blockquote[data-secret=\"'+t.secret+'\"]'),c=new RegExp(\"^https?:$\",\"i\"),i=0;i<o.length;i++)o[i].style.display=\"none\";for(i=0;i<a.length;i++)s=a[i],e.source===s.contentWindow&&(s.removeAttribute(\"style\"),\"height\"===t.message?(1e3<(r=parseInt(t.value,10))?r=1e3:~~r<200&&(r=200),s.height=r):\"link\"===t.message&&(r=new URL(s.getAttribute(\"src\")),n=new URL(t.value),c.test(n.protocol))&&n.host===r.host&&l.activeElement===s&&(d.top.location.href=t.value))}},d.addEventListener(\"message\",d.wp.receiveEmbedMessage,!1),l.addEventListener(\"DOMContentLoaded\",function(){for(var e,t,s=l.querySelectorAll(\"iframe.wp-embedded-content\"),r=0;r<s.length;r++)(t=(e=s[r]).getAttribute(\"data-secret\"))||(t=Math.random().toString(36).substring(2,12),e.src+=\"#?secret=\"+t,e.setAttribute(\"data-secret\",t)),e.contentWindow.postMessage({message:\"ready\",secret:t},\"*\")},!1)))}(window,document);\n\/\/# sourceURL=https:\/\/haberkuzey.com\/wp-includes\/js\/wp-embed.min.js\n\/* ]]> *\/\n<\/script>\n","thumbnail_url":"https:\/\/haberkuzey.com\/wp-content\/uploads\/2026\/03\/IMG_7916.webp-750x422.webp","thumbnail_width":600,"thumbnail_height":338,"description":"K\u0131br\u0131s T\u00fcrk Kamu G\u00f6revlileri Sendikas\u0131 (KAMUSEN) Ba\u015fkan\u0131 Metin Atan, h\u00fck\u00fcmetin uygulad\u0131\u011f\u0131 zam politikalar\u0131na sert tepki g\u00f6sterdi. Atan, al\u0131nan kararlar\u0131n \u00e7al\u0131\u015fanlar, emekliler ve dar gelirli kesimler \u00fczerindeki ekonomik bask\u0131y\u0131 her ge\u00e7en g\u00fcn art\u0131rd\u0131\u011f\u0131n\u0131 ifade etti. Metin Atan yapt\u0131\u011f\u0131 a\u00e7\u0131klamada, \u00fclkede \u00f6zellikle sabit gelirli kesimlerin ya\u015fam ko\u015fullar\u0131n\u0131n giderek a\u011f\u0131rla\u015ft\u0131\u011f\u0131n\u0131 belirterek, zamlar\u0131n vatanda\u015f\u0131n al\u0131m g\u00fcc\u00fcn\u00fc ciddi \u015fekilde eritti\u011fini [&hellip;]"}