{"version":"1.0","provider_name":"Haber Kuzey","provider_url":"https:\/\/haberkuzey.com","author_name":"haberkuzey","author_url":"https:\/\/haberkuzey.com\/index.php\/author\/haberkuzey\/","title":"Uluslararas\u0131 hukuk etraf\u0131nda kenetlenmeliyiz - Haber Kuzey","type":"rich","width":600,"height":338,"html":"<blockquote class=\"wp-embedded-content\" data-secret=\"FzHNBKooLt\"><a href=\"https:\/\/haberkuzey.com\/index.php\/2026\/03\/06\/uluslararasi-hukuk-etrafinda-kenetlenmeliyiz\/\">Uluslararas\u0131 hukuk etraf\u0131nda kenetlenmeliyiz<\/a><\/blockquote><iframe sandbox=\"allow-scripts\" security=\"restricted\" src=\"https:\/\/haberkuzey.com\/index.php\/2026\/03\/06\/uluslararasi-hukuk-etrafinda-kenetlenmeliyiz\/embed\/#?secret=FzHNBKooLt\" width=\"600\" height=\"338\" title=\"&#8220;Uluslararas\u0131 hukuk etraf\u0131nda kenetlenmeliyiz&#8221; &#8212; Haber Kuzey\" data-secret=\"FzHNBKooLt\" frameborder=\"0\" marginwidth=\"0\" marginheight=\"0\" scrolling=\"no\" class=\"wp-embedded-content\"><\/iframe><script type=\"text\/javascript\">\n\/* <![CDATA[ *\/\n\/*! This file is auto-generated *\/\n!function(d,l){\"use strict\";l.querySelector&&d.addEventListener&&\"undefined\"!=typeof URL&&(d.wp=d.wp||{},d.wp.receiveEmbedMessage||(d.wp.receiveEmbedMessage=function(e){var t=e.data;if((t||t.secret||t.message||t.value)&&!\/[^a-zA-Z0-9]\/.test(t.secret)){for(var s,r,n,a=l.querySelectorAll('iframe[data-secret=\"'+t.secret+'\"]'),o=l.querySelectorAll('blockquote[data-secret=\"'+t.secret+'\"]'),c=new RegExp(\"^https?:$\",\"i\"),i=0;i<o.length;i++)o[i].style.display=\"none\";for(i=0;i<a.length;i++)s=a[i],e.source===s.contentWindow&&(s.removeAttribute(\"style\"),\"height\"===t.message?(1e3<(r=parseInt(t.value,10))?r=1e3:~~r<200&&(r=200),s.height=r):\"link\"===t.message&&(r=new URL(s.getAttribute(\"src\")),n=new URL(t.value),c.test(n.protocol))&&n.host===r.host&&l.activeElement===s&&(d.top.location.href=t.value))}},d.addEventListener(\"message\",d.wp.receiveEmbedMessage,!1),l.addEventListener(\"DOMContentLoaded\",function(){for(var e,t,s=l.querySelectorAll(\"iframe.wp-embedded-content\"),r=0;r<s.length;r++)(t=(e=s[r]).getAttribute(\"data-secret\"))||(t=Math.random().toString(36).substring(2,12),e.src+=\"#?secret=\"+t,e.setAttribute(\"data-secret\",t)),e.contentWindow.postMessage({message:\"ready\",secret:t},\"*\")},!1)))}(window,document);\n\/\/# sourceURL=https:\/\/haberkuzey.com\/wp-includes\/js\/wp-embed.min.js\n\/* ]]> *\/\n<\/script>\n","thumbnail_url":"https:\/\/haberkuzey.com\/wp-content\/uploads\/2026\/03\/Basit-Metin-ve-Fotograf-Yeni-Sarki-Videosu-Youtube-Kucuk-Resmi-6-750x422.png","thumbnail_width":600,"thumbnail_height":338,"description":"CTP\u2019den S\u00e1nchez\u2019e dayan\u0131\u015fma mektubu: \u0130lerici hareket uluslararas\u0131 hukuk etraf\u0131nda kenetlenmeli Cumhuriyet\u00e7i T\u00fcrk Partisi (CTP) Genel Ba\u015fkan\u0131 S\u0131la Usar \u0130ncirli, \u0130spanya Ba\u015fbakan\u0131 ve Sosyalist Enternasyonal Ba\u015fkan\u0131 Pedro S\u00e1nchez\u2019e dayan\u0131\u015fma mektubu g\u00f6nderdi. Mektupta, Amerika Birle\u015fik Devletleri ve \u0130srail taraf\u0131ndan \u0130ran\u2019a y\u00f6nelik ger\u00e7ekle\u015ftirilen son askeri sald\u0131r\u0131lar\u0131n tetikledi\u011fi geli\u015fmelerin derin bir endi\u015fe ile takip edildi\u011fi ifade edildi. \u201cULUSLARARASI HUKUKU [&hellip;]"}