{"version":"1.0","provider_name":"Haber Kuzey","provider_url":"https:\/\/haberkuzey.com","author_name":"haberkuzey","author_url":"https:\/\/haberkuzey.com\/index.php\/author\/haberkuzey\/","title":"Akaryak\u0131t zamm\u0131 halk\u0131n y\u00fck\u00fcn\u00fc art\u0131r\u0131yor - Haber Kuzey","type":"rich","width":600,"height":338,"html":"<blockquote class=\"wp-embedded-content\" data-secret=\"owHAYDIlSN\"><a href=\"https:\/\/haberkuzey.com\/index.php\/2026\/03\/06\/akaryakit-zammi-halkin-yukunu-artiriyor\/\">Akaryak\u0131t zamm\u0131 halk\u0131n y\u00fck\u00fcn\u00fc art\u0131r\u0131yor<\/a><\/blockquote><iframe sandbox=\"allow-scripts\" security=\"restricted\" src=\"https:\/\/haberkuzey.com\/index.php\/2026\/03\/06\/akaryakit-zammi-halkin-yukunu-artiriyor\/embed\/#?secret=owHAYDIlSN\" width=\"600\" height=\"338\" title=\"&#8220;Akaryak\u0131t zamm\u0131 halk\u0131n y\u00fck\u00fcn\u00fc art\u0131r\u0131yor&#8221; &#8212; Haber Kuzey\" data-secret=\"owHAYDIlSN\" frameborder=\"0\" marginwidth=\"0\" marginheight=\"0\" scrolling=\"no\" class=\"wp-embedded-content\"><\/iframe><script type=\"text\/javascript\">\n\/* <![CDATA[ *\/\n\/*! This file is auto-generated *\/\n!function(d,l){\"use strict\";l.querySelector&&d.addEventListener&&\"undefined\"!=typeof URL&&(d.wp=d.wp||{},d.wp.receiveEmbedMessage||(d.wp.receiveEmbedMessage=function(e){var t=e.data;if((t||t.secret||t.message||t.value)&&!\/[^a-zA-Z0-9]\/.test(t.secret)){for(var s,r,n,a=l.querySelectorAll('iframe[data-secret=\"'+t.secret+'\"]'),o=l.querySelectorAll('blockquote[data-secret=\"'+t.secret+'\"]'),c=new RegExp(\"^https?:$\",\"i\"),i=0;i<o.length;i++)o[i].style.display=\"none\";for(i=0;i<a.length;i++)s=a[i],e.source===s.contentWindow&&(s.removeAttribute(\"style\"),\"height\"===t.message?(1e3<(r=parseInt(t.value,10))?r=1e3:~~r<200&&(r=200),s.height=r):\"link\"===t.message&&(r=new URL(s.getAttribute(\"src\")),n=new URL(t.value),c.test(n.protocol))&&n.host===r.host&&l.activeElement===s&&(d.top.location.href=t.value))}},d.addEventListener(\"message\",d.wp.receiveEmbedMessage,!1),l.addEventListener(\"DOMContentLoaded\",function(){for(var e,t,s=l.querySelectorAll(\"iframe.wp-embedded-content\"),r=0;r<s.length;r++)(t=(e=s[r]).getAttribute(\"data-secret\"))||(t=Math.random().toString(36).substring(2,12),e.src+=\"#?secret=\"+t,e.setAttribute(\"data-secret\",t)),e.contentWindow.postMessage({message:\"ready\",secret:t},\"*\")},!1)))}(window,document);\n\/\/# sourceURL=https:\/\/haberkuzey.com\/wp-includes\/js\/wp-embed.min.js\n\/* ]]> *\/\n<\/script>\n","thumbnail_url":"https:\/\/haberkuzey.com\/wp-content\/uploads\/2026\/03\/IMG_3303.webp-750x426.webp","thumbnail_width":600,"thumbnail_height":341,"description":"H\u00fcr-\u0130\u015f Federasyonu ve Kamu-\u0130\u015f Ba\u015fkan\u0131 Ahmet Serdaro\u011flu, h\u00fck\u00fcmetin ald\u0131\u011f\u0131 zam kararlar\u0131na ili\u015fkin yaz\u0131l\u0131 bir bas\u0131n a\u00e7\u0131klamas\u0131 yaparak, \u00f6zellikle akaryak\u0131ta yap\u0131lan son zamm\u0131n toplumun t\u00fcm kesimlerini olumsuz etkileyece\u011fini belirtti. Serdaro\u011flu, \u00fclkede \u00e7al\u0131\u015fanlar, emekliler ve dar gelirli kesimlerin zaten a\u011f\u0131r hayat pahal\u0131l\u0131\u011f\u0131 alt\u0131nda ya\u015fam m\u00fccadelesi verdi\u011fini ifade ederek, h\u00fck\u00fcmetin zam politikalar\u0131n\u0131n halk\u0131n s\u0131rt\u0131ndaki y\u00fck\u00fc daha da art\u0131rd\u0131\u011f\u0131n\u0131 [&hellip;]"}