{"version":"1.0","provider_name":"Haber Kuzey","provider_url":"https:\/\/haberkuzey.com","author_name":"haberkuzey","author_url":"https:\/\/haberkuzey.com\/index.php\/author\/haberkuzey\/","title":"Karavelio\u011flu:\u201dD\u00f6vizde ani patlama beklemiyorum\u201d - Haber Kuzey","type":"rich","width":600,"height":338,"html":"<blockquote class=\"wp-embedded-content\" data-secret=\"2j6AOMQX46\"><a href=\"https:\/\/haberkuzey.com\/index.php\/2026\/03\/02\/karaveliogludovizde-ani-patlama-beklemiyorum\/\">Karavelio\u011flu:\u201dD\u00f6vizde ani patlama beklemiyorum\u201d<\/a><\/blockquote><iframe sandbox=\"allow-scripts\" security=\"restricted\" src=\"https:\/\/haberkuzey.com\/index.php\/2026\/03\/02\/karaveliogludovizde-ani-patlama-beklemiyorum\/embed\/#?secret=2j6AOMQX46\" width=\"600\" height=\"338\" title=\"&#8220;Karavelio\u011flu:\u201dD\u00f6vizde ani patlama beklemiyorum\u201d&#8221; &#8212; Haber Kuzey\" data-secret=\"2j6AOMQX46\" frameborder=\"0\" marginwidth=\"0\" marginheight=\"0\" scrolling=\"no\" class=\"wp-embedded-content\"><\/iframe><script type=\"text\/javascript\">\n\/* <![CDATA[ *\/\n\/*! This file is auto-generated *\/\n!function(d,l){\"use strict\";l.querySelector&&d.addEventListener&&\"undefined\"!=typeof URL&&(d.wp=d.wp||{},d.wp.receiveEmbedMessage||(d.wp.receiveEmbedMessage=function(e){var t=e.data;if((t||t.secret||t.message||t.value)&&!\/[^a-zA-Z0-9]\/.test(t.secret)){for(var s,r,n,a=l.querySelectorAll('iframe[data-secret=\"'+t.secret+'\"]'),o=l.querySelectorAll('blockquote[data-secret=\"'+t.secret+'\"]'),c=new RegExp(\"^https?:$\",\"i\"),i=0;i<o.length;i++)o[i].style.display=\"none\";for(i=0;i<a.length;i++)s=a[i],e.source===s.contentWindow&&(s.removeAttribute(\"style\"),\"height\"===t.message?(1e3<(r=parseInt(t.value,10))?r=1e3:~~r<200&&(r=200),s.height=r):\"link\"===t.message&&(r=new URL(s.getAttribute(\"src\")),n=new URL(t.value),c.test(n.protocol))&&n.host===r.host&&l.activeElement===s&&(d.top.location.href=t.value))}},d.addEventListener(\"message\",d.wp.receiveEmbedMessage,!1),l.addEventListener(\"DOMContentLoaded\",function(){for(var e,t,s=l.querySelectorAll(\"iframe.wp-embedded-content\"),r=0;r<s.length;r++)(t=(e=s[r]).getAttribute(\"data-secret\"))||(t=Math.random().toString(36).substring(2,12),e.src+=\"#?secret=\"+t,e.setAttribute(\"data-secret\",t)),e.contentWindow.postMessage({message:\"ready\",secret:t},\"*\")},!1)))}(window,document);\n\/\/# sourceURL=https:\/\/haberkuzey.com\/wp-includes\/js\/wp-embed.min.js\n\/* ]]> *\/\n<\/script>\n","thumbnail_url":"https:\/\/haberkuzey.com\/wp-content\/uploads\/2026\/03\/Basit-Metin-ve-Fotograf-Yeni-Sarki-Videosu-Youtube-Kucuk-Resmi-1-750x422.png","thumbnail_width":600,"thumbnail_height":338,"description":"Karavelio\u011flu, firmalara vadeli d\u00f6viz sat\u0131n alma opsiyonlar\u0131n\u0131n a\u00e7\u0131ld\u0131\u011f\u0131n\u0131 ve TCMB\u2019nin dolar kurunu kontrol edebilecek rezerv g\u00fcc\u00fcne sahip oldu\u011funu belirtti. Olas\u0131 d\u00f6viz talebine kar\u015f\u0131 yasal d\u00fczenlemelerin de yap\u0131ld\u0131\u011f\u0131n\u0131 ifade eden Karavelio\u011flu, kurda sert s\u0131\u00e7ramalar\u0131n beklenmedi\u011fini kaydetti. Borsa taraf\u0131nda ise temkinli olunmas\u0131 gerekti\u011fini vurgulayan Karavelio\u011flu, tepki sat\u0131\u015flar\u0131n\u0131n gelebilece\u011fini ve d\u00fc\u015f\u00fc\u015f beklentisinin \u00f6ne \u00e7\u0131kt\u0131\u011f\u0131n\u0131 dile getirdi. Belirsizlik d\u00f6nemlerinde [&hellip;]"}