{"version":"1.0","provider_name":"Haber Kuzey","provider_url":"https:\/\/haberkuzey.com","author_name":"haberkuzey","author_url":"https:\/\/haberkuzey.com\/index.php\/author\/haberkuzey\/","title":"Se\u00e7im Eyl\u00fcl\u2013Ekim\u2019de g\u00f6r\u00fcn\u00fcyor - Haber Kuzey","type":"rich","width":600,"height":338,"html":"<blockquote class=\"wp-embedded-content\" data-secret=\"r498vnhhdk\"><a href=\"https:\/\/haberkuzey.com\/index.php\/2026\/03\/01\/secim-eylul-ekimde-gorunuyor\/\">Se\u00e7im Eyl\u00fcl\u2013Ekim\u2019de g\u00f6r\u00fcn\u00fcyor<\/a><\/blockquote><iframe sandbox=\"allow-scripts\" security=\"restricted\" src=\"https:\/\/haberkuzey.com\/index.php\/2026\/03\/01\/secim-eylul-ekimde-gorunuyor\/embed\/#?secret=r498vnhhdk\" width=\"600\" height=\"338\" title=\"&#8220;Se\u00e7im Eyl\u00fcl\u2013Ekim\u2019de g\u00f6r\u00fcn\u00fcyor&#8221; &#8212; Haber Kuzey\" data-secret=\"r498vnhhdk\" frameborder=\"0\" marginwidth=\"0\" marginheight=\"0\" scrolling=\"no\" class=\"wp-embedded-content\"><\/iframe><script type=\"text\/javascript\">\n\/* <![CDATA[ *\/\n\/*! This file is auto-generated *\/\n!function(d,l){\"use strict\";l.querySelector&&d.addEventListener&&\"undefined\"!=typeof URL&&(d.wp=d.wp||{},d.wp.receiveEmbedMessage||(d.wp.receiveEmbedMessage=function(e){var t=e.data;if((t||t.secret||t.message||t.value)&&!\/[^a-zA-Z0-9]\/.test(t.secret)){for(var s,r,n,a=l.querySelectorAll('iframe[data-secret=\"'+t.secret+'\"]'),o=l.querySelectorAll('blockquote[data-secret=\"'+t.secret+'\"]'),c=new RegExp(\"^https?:$\",\"i\"),i=0;i<o.length;i++)o[i].style.display=\"none\";for(i=0;i<a.length;i++)s=a[i],e.source===s.contentWindow&&(s.removeAttribute(\"style\"),\"height\"===t.message?(1e3<(r=parseInt(t.value,10))?r=1e3:~~r<200&&(r=200),s.height=r):\"link\"===t.message&&(r=new URL(s.getAttribute(\"src\")),n=new URL(t.value),c.test(n.protocol))&&n.host===r.host&&l.activeElement===s&&(d.top.location.href=t.value))}},d.addEventListener(\"message\",d.wp.receiveEmbedMessage,!1),l.addEventListener(\"DOMContentLoaded\",function(){for(var e,t,s=l.querySelectorAll(\"iframe.wp-embedded-content\"),r=0;r<s.length;r++)(t=(e=s[r]).getAttribute(\"data-secret\"))||(t=Math.random().toString(36).substring(2,12),e.src+=\"#?secret=\"+t,e.setAttribute(\"data-secret\",t)),e.contentWindow.postMessage({message:\"ready\",secret:t},\"*\")},!1)))}(window,document);\n\/\/# sourceURL=https:\/\/haberkuzey.com\/wp-includes\/js\/wp-embed.min.js\n\/* ]]> *\/\n<\/script>\n","thumbnail_url":"https:\/\/haberkuzey.com\/wp-content\/uploads\/2026\/03\/IMG_7759-750x379.jpeg","thumbnail_width":600,"thumbnail_height":303,"description":"\u201cSiyasi E\u015fitlik Federasyondur, Egemen E\u015fitlik \u0130ki Devlettir\u201d \u00d6zersay, Cumhurba\u015fkan\u0131 Erh\u00fcrman\u2019\u0131n federasyon ifadesini a\u00e7\u0131k kullanmamas\u0131n\u0131n mu\u011flakl\u0131k yaratt\u0131\u011f\u0131n\u0131 savundu. Ankara iki devletli \u00e7\u00f6z\u00fcm derken pozisyon fark\u0131 varsa bunun a\u00e7\u0131k\u00e7a konu\u015fulmas\u0131 gerekti\u011fini s\u00f6yledi. \u201cRum Taraf\u0131nda Milliyet\u00e7ilik Y\u00fckseliyor\u201d ELAM\u2019\u0131n y\u00fckseli\u015fine dikkat \u00e7eken \u00d6zersay, Rum y\u00f6netiminin daha sert bir \u00e7izgiye kayd\u0131\u011f\u0131n\u0131 ve bu ortamda kapsaml\u0131 \u00e7\u00f6z\u00fcm beklentisinin ger\u00e7ek\u00e7i olmad\u0131\u011f\u0131n\u0131 ifade [&hellip;]"}