{"version":"1.0","provider_name":"Haber Kuzey","provider_url":"https:\/\/haberkuzey.com","author_name":"haberkuzey","author_url":"https:\/\/haberkuzey.com\/index.php\/author\/haberkuzey\/","title":"Apple CEOsu Tim Cook halefini ar\u0131yor - Haber Kuzey","type":"rich","width":600,"height":338,"html":"<blockquote class=\"wp-embedded-content\" data-secret=\"UKdpmtsZ9X\"><a href=\"https:\/\/haberkuzey.com\/index.php\/2025\/11\/17\/apple-ceosu-tim-cook-halefini-ariyor\/\">Apple CEOsu Tim Cook halefini ar\u0131yor<\/a><\/blockquote><iframe sandbox=\"allow-scripts\" security=\"restricted\" src=\"https:\/\/haberkuzey.com\/index.php\/2025\/11\/17\/apple-ceosu-tim-cook-halefini-ariyor\/embed\/#?secret=UKdpmtsZ9X\" width=\"600\" height=\"338\" title=\"&#8220;Apple CEOsu Tim Cook halefini ar\u0131yor&#8221; &#8212; Haber Kuzey\" data-secret=\"UKdpmtsZ9X\" frameborder=\"0\" marginwidth=\"0\" marginheight=\"0\" scrolling=\"no\" class=\"wp-embedded-content\"><\/iframe><script type=\"text\/javascript\">\n\/* <![CDATA[ *\/\n\/*! This file is auto-generated *\/\n!function(d,l){\"use strict\";l.querySelector&&d.addEventListener&&\"undefined\"!=typeof URL&&(d.wp=d.wp||{},d.wp.receiveEmbedMessage||(d.wp.receiveEmbedMessage=function(e){var t=e.data;if((t||t.secret||t.message||t.value)&&!\/[^a-zA-Z0-9]\/.test(t.secret)){for(var s,r,n,a=l.querySelectorAll('iframe[data-secret=\"'+t.secret+'\"]'),o=l.querySelectorAll('blockquote[data-secret=\"'+t.secret+'\"]'),c=new RegExp(\"^https?:$\",\"i\"),i=0;i<o.length;i++)o[i].style.display=\"none\";for(i=0;i<a.length;i++)s=a[i],e.source===s.contentWindow&&(s.removeAttribute(\"style\"),\"height\"===t.message?(1e3<(r=parseInt(t.value,10))?r=1e3:~~r<200&&(r=200),s.height=r):\"link\"===t.message&&(r=new URL(s.getAttribute(\"src\")),n=new URL(t.value),c.test(n.protocol))&&n.host===r.host&&l.activeElement===s&&(d.top.location.href=t.value))}},d.addEventListener(\"message\",d.wp.receiveEmbedMessage,!1),l.addEventListener(\"DOMContentLoaded\",function(){for(var e,t,s=l.querySelectorAll(\"iframe.wp-embedded-content\"),r=0;r<s.length;r++)(t=(e=s[r]).getAttribute(\"data-secret\"))||(t=Math.random().toString(36).substring(2,12),e.src+=\"#?secret=\"+t,e.setAttribute(\"data-secret\",t)),e.contentWindow.postMessage({message:\"ready\",secret:t},\"*\")},!1)))}(window,document);\n\/\/# sourceURL=https:\/\/haberkuzey.com\/wp-includes\/js\/wp-embed.min.js\n\/* ]]> *\/\n<\/script>\n","thumbnail_url":"https:\/\/trthaberstatic.cdn.wp.trt.com.tr\/resimler\/1772000\/apple-tim-cook-reu-1772313.jpg","thumbnail_width":600,"thumbnail_height":338,"description":"&#13; Financial Times\u2019\u0131n haberine g\u00f6re Apple y\u00f6netim kurulu ve \u00fcst d\u00fczey y\u00f6neticiler olas\u0131 bir ge\u00e7i\u015f i\u00e7in haz\u0131rl\u0131k yap\u0131yor. Cook\u2019un g\u00f6revi, \u015firketin ocak ay\u0131 sonunda a\u00e7\u0131klanacak y\u0131ll\u0131k mali sonu\u00e7lar\u0131n\u0131n ard\u0131ndan b\u0131rakabilece\u011fi iddia ediliyor. &#13; Tim Cook, 2011\u2019de Apple\u2019\u0131n kurucular\u0131ndan Steve Jobs\u2019un yerine CEO olarak atanm\u0131\u015ft\u0131. 65 ya\u015f\u0131ndaki Cook, 14 y\u0131ld\u0131r \u015firketin ba\u015f\u0131nda bulunuyor. &#13; Bu s\u00fcre\u00e7te [&hellip;]"}