{"version":"1.0","provider_name":"Haber Kuzey","provider_url":"https:\/\/haberkuzey.com","author_name":"haberkuzey","author_url":"https:\/\/haberkuzey.com\/index.php\/author\/haberkuzey\/","title":"\u201cTemmuz\u201d Osman \u00d6zc\u00f6mert ile yaz tempo kat\u0131yor - Haber Kuzey","type":"rich","width":600,"height":338,"html":"<blockquote class=\"wp-embedded-content\" data-secret=\"7btwsIF6EX\"><a href=\"https:\/\/haberkuzey.com\/index.php\/2025\/08\/08\/temmuz-osman-ozcomert-ile-yaz-tempo-katiyor\/\">\u201cTemmuz\u201d Osman \u00d6zc\u00f6mert ile yaz tempo kat\u0131yor<\/a><\/blockquote><iframe sandbox=\"allow-scripts\" security=\"restricted\" src=\"https:\/\/haberkuzey.com\/index.php\/2025\/08\/08\/temmuz-osman-ozcomert-ile-yaz-tempo-katiyor\/embed\/#?secret=7btwsIF6EX\" width=\"600\" height=\"338\" title=\"&#8220;\u201cTemmuz\u201d Osman \u00d6zc\u00f6mert ile yaz tempo kat\u0131yor&#8221; &#8212; Haber Kuzey\" data-secret=\"7btwsIF6EX\" frameborder=\"0\" marginwidth=\"0\" marginheight=\"0\" scrolling=\"no\" class=\"wp-embedded-content\"><\/iframe><script type=\"text\/javascript\">\n\/* <![CDATA[ *\/\n\/*! This file is auto-generated *\/\n!function(d,l){\"use strict\";l.querySelector&&d.addEventListener&&\"undefined\"!=typeof URL&&(d.wp=d.wp||{},d.wp.receiveEmbedMessage||(d.wp.receiveEmbedMessage=function(e){var t=e.data;if((t||t.secret||t.message||t.value)&&!\/[^a-zA-Z0-9]\/.test(t.secret)){for(var s,r,n,a=l.querySelectorAll('iframe[data-secret=\"'+t.secret+'\"]'),o=l.querySelectorAll('blockquote[data-secret=\"'+t.secret+'\"]'),c=new RegExp(\"^https?:$\",\"i\"),i=0;i<o.length;i++)o[i].style.display=\"none\";for(i=0;i<a.length;i++)s=a[i],e.source===s.contentWindow&&(s.removeAttribute(\"style\"),\"height\"===t.message?(1e3<(r=parseInt(t.value,10))?r=1e3:~~r<200&&(r=200),s.height=r):\"link\"===t.message&&(r=new URL(s.getAttribute(\"src\")),n=new URL(t.value),c.test(n.protocol))&&n.host===r.host&&l.activeElement===s&&(d.top.location.href=t.value))}},d.addEventListener(\"message\",d.wp.receiveEmbedMessage,!1),l.addEventListener(\"DOMContentLoaded\",function(){for(var e,t,s=l.querySelectorAll(\"iframe.wp-embedded-content\"),r=0;r<s.length;r++)(t=(e=s[r]).getAttribute(\"data-secret\"))||(t=Math.random().toString(36).substring(2,12),e.src+=\"#?secret=\"+t,e.setAttribute(\"data-secret\",t)),e.contentWindow.postMessage({message:\"ready\",secret:t},\"*\")},!1)))}(window,document);\n\/\/# sourceURL=https:\/\/haberkuzey.com\/wp-includes\/js\/wp-embed.min.js\n\/* ]]> *\/\n<\/script>\n","thumbnail_url":"https:\/\/brtk.net\/wp-content\/uploads\/2025\/08\/08\/Screenshot_20250808_175526_WhatsApp.jpg?ver=4ba6aec10da8592ca66cd0b3fa7dafa4","thumbnail_width":600,"thumbnail_height":319,"description":"\u00dclkemiz seslerinden Osman \u00d6zc\u00f6mert, bug\u00fcnlerde \u201cTemmuz\u201d adl\u0131 \u015fark\u0131s\u0131yla dikkat \u00e7ekiyor. S\u00f6z ve m\u00fczi\u011finde, Osman \u00d6zc\u00f6mert\u2019in kendi imzas\u0131n\u0131 ta\u015f\u0131yan \u015fark\u0131n\u0131n d\u00fczenlemesine Ziya Ba\u015fkal imza att\u0131. Yaza yak\u0131\u015fan hareketli temposuyla dikkat \u00e7eken \u015fark\u0131n\u0131n kibinde ise y\u00f6netmen koltu\u011funa Emre Demir\u00f6ren oturdu. Bayrak Fm M\u00fczik Haber \u0130leti\u015fim:[email\u00a0protected]"}