{"version":"1.0","provider_name":"Haber Kuzey","provider_url":"https:\/\/haberkuzey.com","author_name":"haberkuzey","author_url":"https:\/\/haberkuzey.com\/index.php\/author\/haberkuzey\/","title":"\u00c7anakkale\u2019de orman yang\u0131n\u0131 - Haber Kuzey","type":"rich","width":600,"height":338,"html":"<blockquote class=\"wp-embedded-content\" data-secret=\"0DO9r2cG2x\"><a href=\"https:\/\/haberkuzey.com\/index.php\/2025\/08\/08\/canakkalede-orman-yangini-2\/\">\u00c7anakkale\u2019de orman yang\u0131n\u0131<\/a><\/blockquote><iframe sandbox=\"allow-scripts\" security=\"restricted\" src=\"https:\/\/haberkuzey.com\/index.php\/2025\/08\/08\/canakkalede-orman-yangini-2\/embed\/#?secret=0DO9r2cG2x\" width=\"600\" height=\"338\" title=\"&#8220;\u00c7anakkale\u2019de orman yang\u0131n\u0131&#8221; &#8212; Haber Kuzey\" data-secret=\"0DO9r2cG2x\" frameborder=\"0\" marginwidth=\"0\" marginheight=\"0\" scrolling=\"no\" class=\"wp-embedded-content\"><\/iframe><script type=\"text\/javascript\">\n\/* <![CDATA[ *\/\n\/*! This file is auto-generated *\/\n!function(d,l){\"use strict\";l.querySelector&&d.addEventListener&&\"undefined\"!=typeof URL&&(d.wp=d.wp||{},d.wp.receiveEmbedMessage||(d.wp.receiveEmbedMessage=function(e){var t=e.data;if((t||t.secret||t.message||t.value)&&!\/[^a-zA-Z0-9]\/.test(t.secret)){for(var s,r,n,a=l.querySelectorAll('iframe[data-secret=\"'+t.secret+'\"]'),o=l.querySelectorAll('blockquote[data-secret=\"'+t.secret+'\"]'),c=new RegExp(\"^https?:$\",\"i\"),i=0;i<o.length;i++)o[i].style.display=\"none\";for(i=0;i<a.length;i++)s=a[i],e.source===s.contentWindow&&(s.removeAttribute(\"style\"),\"height\"===t.message?(1e3<(r=parseInt(t.value,10))?r=1e3:~~r<200&&(r=200),s.height=r):\"link\"===t.message&&(r=new URL(s.getAttribute(\"src\")),n=new URL(t.value),c.test(n.protocol))&&n.host===r.host&&l.activeElement===s&&(d.top.location.href=t.value))}},d.addEventListener(\"message\",d.wp.receiveEmbedMessage,!1),l.addEventListener(\"DOMContentLoaded\",function(){for(var e,t,s=l.querySelectorAll(\"iframe.wp-embedded-content\"),r=0;r<s.length;r++)(t=(e=s[r]).getAttribute(\"data-secret\"))||(t=Math.random().toString(36).substring(2,12),e.src+=\"#?secret=\"+t,e.setAttribute(\"data-secret\",t)),e.contentWindow.postMessage({message:\"ready\",secret:t},\"*\")},!1)))}(window,document);\n\/\/# sourceURL=https:\/\/haberkuzey.com\/wp-includes\/js\/wp-embed.min.js\n\/* ]]> *\/\n<\/script>\n","thumbnail_url":"https:\/\/brtk.net\/wp-content\/uploads\/2025\/08\/08\/jhkhk.jpg?ver=d0933eaa461da2aa7c57fad67b24dc99","thumbnail_width":600,"thumbnail_height":400,"description":"\u00c7anakkale\u2019de tar\u0131m arazisinde ba\u015flay\u0131p ormanl\u0131k alana s\u0131\u00e7rayan yang\u0131na havadan ve karadan m\u00fcdahale ediliyor. \u00c7anakkale Bo\u011faz\u0131 gemi trafi\u011fi, yang\u0131n s\u00f6nd\u00fcrme u\u00e7aklar\u0131n\u0131n \u00e7al\u0131\u015fmas\u0131n\u0131n engellenmemesi i\u00e7in \u00e7ift y\u00f6nde ve ge\u00e7ici olarak ask\u0131ya al\u0131nd\u0131. Merkeze ba\u011fl\u0131 Sar\u0131caeli k\u00f6y\u00fcndeki tar\u0131m arazisinde hen\u00fcz belirlenemeyen nedenle \u00e7\u0131kan yang\u0131n, ormanl\u0131k alana s\u0131\u00e7rad\u0131. \u0130hbar \u00fczerine b\u00f6lgeye sevk edilen ekipler, r\u00fczgar\u0131n etkisiyle yay\u0131lan yang\u0131n\u0131 kontrol [&hellip;]"}