{"version":"1.0","provider_name":"Haber Kuzey","provider_url":"https:\/\/haberkuzey.com","author_name":"haberkuzey","author_url":"https:\/\/haberkuzey.com\/index.php\/author\/haberkuzey\/","title":"Erh\u00fcrman \u00e7ar\u015famba g\u00fcn\u00fc ekonomistlerle bulu\u015facak - Haber Kuzey","type":"rich","width":600,"height":338,"html":"<blockquote class=\"wp-embedded-content\" data-secret=\"JLOJsUvsbs\"><a href=\"https:\/\/haberkuzey.com\/index.php\/2025\/08\/04\/erhurman-carsamba-gunu-ekonomistlerle-bulusacak\/\">Erh\u00fcrman \u00e7ar\u015famba g\u00fcn\u00fc ekonomistlerle bulu\u015facak<\/a><\/blockquote><iframe sandbox=\"allow-scripts\" security=\"restricted\" src=\"https:\/\/haberkuzey.com\/index.php\/2025\/08\/04\/erhurman-carsamba-gunu-ekonomistlerle-bulusacak\/embed\/#?secret=JLOJsUvsbs\" width=\"600\" height=\"338\" title=\"&#8220;Erh\u00fcrman \u00e7ar\u015famba g\u00fcn\u00fc ekonomistlerle bulu\u015facak&#8221; &#8212; Haber Kuzey\" data-secret=\"JLOJsUvsbs\" frameborder=\"0\" marginwidth=\"0\" marginheight=\"0\" scrolling=\"no\" class=\"wp-embedded-content\"><\/iframe><script type=\"text\/javascript\">\n\/* <![CDATA[ *\/\n\/*! This file is auto-generated *\/\n!function(d,l){\"use strict\";l.querySelector&&d.addEventListener&&\"undefined\"!=typeof URL&&(d.wp=d.wp||{},d.wp.receiveEmbedMessage||(d.wp.receiveEmbedMessage=function(e){var t=e.data;if((t||t.secret||t.message||t.value)&&!\/[^a-zA-Z0-9]\/.test(t.secret)){for(var s,r,n,a=l.querySelectorAll('iframe[data-secret=\"'+t.secret+'\"]'),o=l.querySelectorAll('blockquote[data-secret=\"'+t.secret+'\"]'),c=new RegExp(\"^https?:$\",\"i\"),i=0;i<o.length;i++)o[i].style.display=\"none\";for(i=0;i<a.length;i++)s=a[i],e.source===s.contentWindow&&(s.removeAttribute(\"style\"),\"height\"===t.message?(1e3<(r=parseInt(t.value,10))?r=1e3:~~r<200&&(r=200),s.height=r):\"link\"===t.message&&(r=new URL(s.getAttribute(\"src\")),n=new URL(t.value),c.test(n.protocol))&&n.host===r.host&&l.activeElement===s&&(d.top.location.href=t.value))}},d.addEventListener(\"message\",d.wp.receiveEmbedMessage,!1),l.addEventListener(\"DOMContentLoaded\",function(){for(var e,t,s=l.querySelectorAll(\"iframe.wp-embedded-content\"),r=0;r<s.length;r++)(t=(e=s[r]).getAttribute(\"data-secret\"))||(t=Math.random().toString(36).substring(2,12),e.src+=\"#?secret=\"+t,e.setAttribute(\"data-secret\",t)),e.contentWindow.postMessage({message:\"ready\",secret:t},\"*\")},!1)))}(window,document);\n\/\/# sourceURL=https:\/\/haberkuzey.com\/wp-includes\/js\/wp-embed.min.js\n\/* ]]> *\/\n<\/script>\n","thumbnail_url":"https:\/\/brtk.net\/wp-content\/uploads\/2025\/06\/30\/1751281790017Tufan-Erhurman-.jpg?ver=9893bdd9aedc786bfeefce83fe4ece25","thumbnail_width":600,"thumbnail_height":270,"description":"Cumhuriyet\u00e7i T\u00fcrk Partisi (CTP) Genel Ba\u015fkan\u0131 ve Cumhurba\u015fkan\u0131 aday\u0131 Tufan Erh\u00fcrman, \u00e7ar\u015famba g\u00fcn\u00fc Lefko\u015fa\u2019da ekonomistlerle bir araya geliyor. Partiden verilen bilgiye g\u00f6re Erh\u00fcrman, ekonomistlerle bulu\u015fmas\u0131nda, cumhurba\u015fkanl\u0131\u011f\u0131 makam\u0131n\u0131n i\u00e7 politika ve d\u0131\u015f ili\u015fkiler ba\u011flam\u0131nda ekonomi \u00fczerindeki etkisine ve rol\u00fcne ili\u015fkin de\u011ferlendirmelerini payla\u015facak ve bu alanda uzman ekonomistlerle g\u00f6r\u00fc\u015f al\u0131\u015fveri\u015finde bulunacak. \u201cCumhurba\u015fkanl\u0131\u011f\u0131n\u0131n \u0130\u00e7eride ve D\u0131\u015far\u0131da Ekonomideki Rol\u00fc\u201d [&hellip;]"}