{"version":"1.0","provider_name":"Haber Kuzey","provider_url":"https:\/\/haberkuzey.com","author_name":"haberkuzey","author_url":"https:\/\/haberkuzey.com\/index.php\/author\/haberkuzey\/","title":"T\u00fcrkiye genelinde 47 ilde ormanlara giri\u015f yasakland\u0131 - Haber Kuzey","type":"rich","width":600,"height":338,"html":"<blockquote class=\"wp-embedded-content\" data-secret=\"ywLrURdisL\"><a href=\"https:\/\/haberkuzey.com\/index.php\/2025\/06\/28\/turkiye-genelinde-47-ilde-ormanlara-giris-yasaklandi\/\">T\u00fcrkiye genelinde 47 ilde ormanlara giri\u015f yasakland\u0131<\/a><\/blockquote><iframe sandbox=\"allow-scripts\" security=\"restricted\" src=\"https:\/\/haberkuzey.com\/index.php\/2025\/06\/28\/turkiye-genelinde-47-ilde-ormanlara-giris-yasaklandi\/embed\/#?secret=ywLrURdisL\" width=\"600\" height=\"338\" title=\"&#8220;T\u00fcrkiye genelinde 47 ilde ormanlara giri\u015f yasakland\u0131&#8221; &#8212; Haber Kuzey\" data-secret=\"ywLrURdisL\" frameborder=\"0\" marginwidth=\"0\" marginheight=\"0\" scrolling=\"no\" class=\"wp-embedded-content\"><\/iframe><script type=\"text\/javascript\">\n\/* <![CDATA[ *\/\n\/*! This file is auto-generated *\/\n!function(d,l){\"use strict\";l.querySelector&&d.addEventListener&&\"undefined\"!=typeof URL&&(d.wp=d.wp||{},d.wp.receiveEmbedMessage||(d.wp.receiveEmbedMessage=function(e){var t=e.data;if((t||t.secret||t.message||t.value)&&!\/[^a-zA-Z0-9]\/.test(t.secret)){for(var s,r,n,a=l.querySelectorAll('iframe[data-secret=\"'+t.secret+'\"]'),o=l.querySelectorAll('blockquote[data-secret=\"'+t.secret+'\"]'),c=new RegExp(\"^https?:$\",\"i\"),i=0;i<o.length;i++)o[i].style.display=\"none\";for(i=0;i<a.length;i++)s=a[i],e.source===s.contentWindow&&(s.removeAttribute(\"style\"),\"height\"===t.message?(1e3<(r=parseInt(t.value,10))?r=1e3:~~r<200&&(r=200),s.height=r):\"link\"===t.message&&(r=new URL(s.getAttribute(\"src\")),n=new URL(t.value),c.test(n.protocol))&&n.host===r.host&&l.activeElement===s&&(d.top.location.href=t.value))}},d.addEventListener(\"message\",d.wp.receiveEmbedMessage,!1),l.addEventListener(\"DOMContentLoaded\",function(){for(var e,t,s=l.querySelectorAll(\"iframe.wp-embedded-content\"),r=0;r<s.length;r++)(t=(e=s[r]).getAttribute(\"data-secret\"))||(t=Math.random().toString(36).substring(2,12),e.src+=\"#?secret=\"+t,e.setAttribute(\"data-secret\",t)),e.contentWindow.postMessage({message:\"ready\",secret:t},\"*\")},!1)))}(window,document);\n\/\/# sourceURL=https:\/\/haberkuzey.com\/wp-includes\/js\/wp-embed.min.js\n\/* ]]> *\/\n<\/script>\n","thumbnail_url":"https:\/\/brtk.net\/wp-content\/uploads\/2025\/06\/28\/1751099774809thumbs_b_c_f8f34bb619d71ebc9636ef56d0b8f3bf.jpg?ver=b54da7dc64c564043a0c5b543ab3b24c","thumbnail_width":600,"thumbnail_height":338,"description":"T\u00fcrkiye genelinde meteorolojik \u015fartlar bak\u0131m\u0131ndan yang\u0131n riski ta\u015f\u0131yan 47 ilde, ormanlara giri\u015f yasakland\u0131. Valilerin ba\u015fkanl\u0131\u011f\u0131nda toplanan Orman Yang\u0131nlar\u0131 M\u00fccadele Komisyonlar\u0131n\u0131n karar\u0131 gere\u011fi, Meteorolojiden al\u0131nan hava tahminleri \u00e7er\u00e7evesinde hava s\u0131cakl\u0131klar\u0131n\u0131n y\u00fckselece\u011fi ve r\u00fczgar\u0131n kuvvetli olarak etki g\u00f6sterece\u011fi baz\u0131 kentlerde, bir dizi tedbir al\u0131nd\u0131. Yang\u0131na m\u00fcdahale ekiplerinin koordinasyonu ve g\u00f6rev da\u011f\u0131l\u0131m\u0131, hava ve kara ara\u00e7lar\u0131n\u0131n etkin kullan\u0131m\u0131, [&hellip;]"}