{"version":"1.0","provider_name":"Haber Kuzey","provider_url":"https:\/\/haberkuzey.com","author_name":"haberkuzey","author_url":"https:\/\/haberkuzey.com\/index.php\/author\/haberkuzey\/","title":"Cumhuriyet Meclisi yar\u0131n yasama g\u00fcndemiyle toplanacak - Haber Kuzey","type":"rich","width":600,"height":338,"html":"<blockquote class=\"wp-embedded-content\" data-secret=\"8q5OVqf9F0\"><a href=\"https:\/\/haberkuzey.com\/index.php\/2025\/05\/25\/cumhuriyet-meclisi-yarin-yasama-gundemiyle-toplanacak\/\">Cumhuriyet Meclisi yar\u0131n yasama g\u00fcndemiyle toplanacak<\/a><\/blockquote><iframe sandbox=\"allow-scripts\" security=\"restricted\" src=\"https:\/\/haberkuzey.com\/index.php\/2025\/05\/25\/cumhuriyet-meclisi-yarin-yasama-gundemiyle-toplanacak\/embed\/#?secret=8q5OVqf9F0\" width=\"600\" height=\"338\" title=\"&#8220;Cumhuriyet Meclisi yar\u0131n yasama g\u00fcndemiyle toplanacak&#8221; &#8212; Haber Kuzey\" data-secret=\"8q5OVqf9F0\" frameborder=\"0\" marginwidth=\"0\" marginheight=\"0\" scrolling=\"no\" class=\"wp-embedded-content\"><\/iframe><script type=\"text\/javascript\">\n\/* <![CDATA[ *\/\n\/*! This file is auto-generated *\/\n!function(d,l){\"use strict\";l.querySelector&&d.addEventListener&&\"undefined\"!=typeof URL&&(d.wp=d.wp||{},d.wp.receiveEmbedMessage||(d.wp.receiveEmbedMessage=function(e){var t=e.data;if((t||t.secret||t.message||t.value)&&!\/[^a-zA-Z0-9]\/.test(t.secret)){for(var s,r,n,a=l.querySelectorAll('iframe[data-secret=\"'+t.secret+'\"]'),o=l.querySelectorAll('blockquote[data-secret=\"'+t.secret+'\"]'),c=new RegExp(\"^https?:$\",\"i\"),i=0;i<o.length;i++)o[i].style.display=\"none\";for(i=0;i<a.length;i++)s=a[i],e.source===s.contentWindow&&(s.removeAttribute(\"style\"),\"height\"===t.message?(1e3<(r=parseInt(t.value,10))?r=1e3:~~r<200&&(r=200),s.height=r):\"link\"===t.message&&(r=new URL(s.getAttribute(\"src\")),n=new URL(t.value),c.test(n.protocol))&&n.host===r.host&&l.activeElement===s&&(d.top.location.href=t.value))}},d.addEventListener(\"message\",d.wp.receiveEmbedMessage,!1),l.addEventListener(\"DOMContentLoaded\",function(){for(var e,t,s=l.querySelectorAll(\"iframe.wp-embedded-content\"),r=0;r<s.length;r++)(t=(e=s[r]).getAttribute(\"data-secret\"))||(t=Math.random().toString(36).substring(2,12),e.src+=\"#?secret=\"+t,e.setAttribute(\"data-secret\",t)),e.contentWindow.postMessage({message:\"ready\",secret:t},\"*\")},!1)))}(window,document);\n\/\/# sourceURL=https:\/\/haberkuzey.com\/wp-includes\/js\/wp-embed.min.js\n\/* ]]> *\/\n<\/script>\n","thumbnail_url":"https:\/\/brtk.net\/wp-content\/uploads\/2025\/05\/25\/MECLIS-YENI-YERLESKESI-5.jpg?ver=0effcad2ecdf725e0a9ca9275c3af53d","thumbnail_width":600,"thumbnail_height":349,"description":"Cumhuriyet Meclisi Genel Kurulu, yar\u0131n yasama g\u00fcndemiyle toplanacak. Meclis Ba\u015fkan\u0131 Ziya \u00d6zt\u00fcrkler ba\u015fkanl\u0131\u011f\u0131nda saat 10.00\u2019da toplanmas\u0131 beklenen Genel Kurul\u2019da, Gelir Vergisi (De\u011fi\u015fiklik) Yasa Tasar\u0131s\u0131 ile Yabanc\u0131lar\u0131n \u00c7al\u0131\u015fma \u0130zinleri (De\u011fi\u015fiklik) Yasa Tasar\u0131s\u0131 ele al\u0131nacak. Kurulda ayr\u0131ca, Siyasal Partiler (De\u011fi\u015fiklik) Yasa \u00d6nerisinin \u00fc\u00e7\u00fcnc\u00fc g\u00f6r\u00fc\u015fmesi yap\u0131lacak."}