{"version":"1.0","provider_name":"Haber Kuzey","provider_url":"https:\/\/haberkuzey.com","author_name":"haberkuzey","author_url":"https:\/\/haberkuzey.com\/index.php\/author\/haberkuzey\/","title":"\u0130stanbul\u2019da bir saatte 8 deprem - Haber Kuzey","type":"rich","width":600,"height":338,"html":"<blockquote class=\"wp-embedded-content\" data-secret=\"kbrDOzgElt\"><a href=\"https:\/\/haberkuzey.com\/index.php\/2025\/04\/23\/istanbulda-bir-saatte-8-deprem\/\">\u0130stanbul\u2019da bir saatte 8 deprem<\/a><\/blockquote><iframe sandbox=\"allow-scripts\" security=\"restricted\" src=\"https:\/\/haberkuzey.com\/index.php\/2025\/04\/23\/istanbulda-bir-saatte-8-deprem\/embed\/#?secret=kbrDOzgElt\" width=\"600\" height=\"338\" title=\"&#8220;\u0130stanbul\u2019da bir saatte 8 deprem&#8221; &#8212; Haber Kuzey\" data-secret=\"kbrDOzgElt\" frameborder=\"0\" marginwidth=\"0\" marginheight=\"0\" scrolling=\"no\" class=\"wp-embedded-content\"><\/iframe><script type=\"text\/javascript\">\n\/* <![CDATA[ *\/\n\/*! This file is auto-generated *\/\n!function(d,l){\"use strict\";l.querySelector&&d.addEventListener&&\"undefined\"!=typeof URL&&(d.wp=d.wp||{},d.wp.receiveEmbedMessage||(d.wp.receiveEmbedMessage=function(e){var t=e.data;if((t||t.secret||t.message||t.value)&&!\/[^a-zA-Z0-9]\/.test(t.secret)){for(var s,r,n,a=l.querySelectorAll('iframe[data-secret=\"'+t.secret+'\"]'),o=l.querySelectorAll('blockquote[data-secret=\"'+t.secret+'\"]'),c=new RegExp(\"^https?:$\",\"i\"),i=0;i<o.length;i++)o[i].style.display=\"none\";for(i=0;i<a.length;i++)s=a[i],e.source===s.contentWindow&&(s.removeAttribute(\"style\"),\"height\"===t.message?(1e3<(r=parseInt(t.value,10))?r=1e3:~~r<200&&(r=200),s.height=r):\"link\"===t.message&&(r=new URL(s.getAttribute(\"src\")),n=new URL(t.value),c.test(n.protocol))&&n.host===r.host&&l.activeElement===s&&(d.top.location.href=t.value))}},d.addEventListener(\"message\",d.wp.receiveEmbedMessage,!1),l.addEventListener(\"DOMContentLoaded\",function(){for(var e,t,s=l.querySelectorAll(\"iframe.wp-embedded-content\"),r=0;r<s.length;r++)(t=(e=s[r]).getAttribute(\"data-secret\"))||(t=Math.random().toString(36).substring(2,12),e.src+=\"#?secret=\"+t,e.setAttribute(\"data-secret\",t)),e.contentWindow.postMessage({message:\"ready\",secret:t},\"*\")},!1)))}(window,document);\n\/\/# sourceURL=https:\/\/haberkuzey.com\/wp-includes\/js\/wp-embed.min.js\n\/* ]]> *\/\n<\/script>\n","thumbnail_url":"https:\/\/brtk.net\/wp-content\/uploads\/2025\/04\/23\/istanbul-deprem-2353957_1.jpg?ver=1681f3a495ad58456dceb567a539cd06","thumbnail_width":600,"thumbnail_height":299,"description":"\u0130stanbul\u2019da bir saat i\u00e7erisinde 8 deprem meydana geldi. TC \u0130\u00e7i\u015fleri Bakan\u0131 Yerlikaya t\u00fcm ekiplerin sahada oldu\u011funu ancak 112\u2019ye gelen herhangi bir y\u0131k\u0131m ihbar\u0131 bulunmad\u0131\u011f\u0131n\u0131 aktard\u0131. Afet ve Acil Durum Y\u00f6netimi Ba\u015fkanl\u0131\u011f\u0131n\u0131n (AFAD) internet sitesinden, AA muhabirinin derledi\u011fi bilgilere g\u00f6re, saat 12.19\u2019daki 3,9 b\u00fcy\u00fckl\u00fc\u011f\u00fcndeki depremin ard\u0131ndan 7 sars\u0131nt\u0131 daha ya\u015fand\u0131. Sars\u0131nt\u0131lar\u0131n en k\u00fc\u00e7\u00fc\u011f\u00fc \u0130stanbul\u2019un B\u00fcy\u00fck\u00e7ekmece il\u00e7esi [&hellip;]"}