{"version":"1.0","provider_name":"Haber Kuzey","provider_url":"https:\/\/haberkuzey.com","author_name":"haberkuzey","author_url":"https:\/\/haberkuzey.com\/index.php\/author\/haberkuzey\/","title":"\u0130stanbul\u2019da 6,2 b\u00fcy\u00fckl\u00fc\u011f\u00fcnde deprem - Haber Kuzey","type":"rich","width":600,"height":338,"html":"<blockquote class=\"wp-embedded-content\" data-secret=\"53vVsgKnJU\"><a href=\"https:\/\/haberkuzey.com\/index.php\/2025\/04\/23\/istanbulda-62-buyuklugunde-deprem\/\">\u0130stanbul\u2019da 6,2 b\u00fcy\u00fckl\u00fc\u011f\u00fcnde deprem<\/a><\/blockquote><iframe sandbox=\"allow-scripts\" security=\"restricted\" src=\"https:\/\/haberkuzey.com\/index.php\/2025\/04\/23\/istanbulda-62-buyuklugunde-deprem\/embed\/#?secret=53vVsgKnJU\" width=\"600\" height=\"338\" title=\"&#8220;\u0130stanbul\u2019da 6,2 b\u00fcy\u00fckl\u00fc\u011f\u00fcnde deprem&#8221; &#8212; Haber Kuzey\" data-secret=\"53vVsgKnJU\" frameborder=\"0\" marginwidth=\"0\" marginheight=\"0\" scrolling=\"no\" class=\"wp-embedded-content\"><\/iframe><script type=\"text\/javascript\">\n\/* <![CDATA[ *\/\n\/*! This file is auto-generated *\/\n!function(d,l){\"use strict\";l.querySelector&&d.addEventListener&&\"undefined\"!=typeof URL&&(d.wp=d.wp||{},d.wp.receiveEmbedMessage||(d.wp.receiveEmbedMessage=function(e){var t=e.data;if((t||t.secret||t.message||t.value)&&!\/[^a-zA-Z0-9]\/.test(t.secret)){for(var s,r,n,a=l.querySelectorAll('iframe[data-secret=\"'+t.secret+'\"]'),o=l.querySelectorAll('blockquote[data-secret=\"'+t.secret+'\"]'),c=new RegExp(\"^https?:$\",\"i\"),i=0;i<o.length;i++)o[i].style.display=\"none\";for(i=0;i<a.length;i++)s=a[i],e.source===s.contentWindow&&(s.removeAttribute(\"style\"),\"height\"===t.message?(1e3<(r=parseInt(t.value,10))?r=1e3:~~r<200&&(r=200),s.height=r):\"link\"===t.message&&(r=new URL(s.getAttribute(\"src\")),n=new URL(t.value),c.test(n.protocol))&&n.host===r.host&&l.activeElement===s&&(d.top.location.href=t.value))}},d.addEventListener(\"message\",d.wp.receiveEmbedMessage,!1),l.addEventListener(\"DOMContentLoaded\",function(){for(var e,t,s=l.querySelectorAll(\"iframe.wp-embedded-content\"),r=0;r<s.length;r++)(t=(e=s[r]).getAttribute(\"data-secret\"))||(t=Math.random().toString(36).substring(2,12),e.src+=\"#?secret=\"+t,e.setAttribute(\"data-secret\",t)),e.contentWindow.postMessage({message:\"ready\",secret:t},\"*\")},!1)))}(window,document);\n\/\/# sourceURL=https:\/\/haberkuzey.com\/wp-includes\/js\/wp-embed.min.js\n\/* ]]> *\/\n<\/script>\n","thumbnail_url":"https:\/\/brtk.net\/wp-content\/uploads\/2025\/02\/17\/17397823856802025-03-12-deprem-aa-jpg-1.jpeg?ver=ba9850d14ae52e942e61316ae016d33f","thumbnail_width":600,"thumbnail_height":324,"description":"\u0130stanbul\u2019da Silivri a\u00e7\u0131klar\u0131nda 6,2 b\u00fcy\u00fckl\u00fc\u011f\u00fcnde bir deprem meydana geldi. \u015eiddetli deprem, \u00e7ok say\u0131da \u00e7evre ilden de hissedildi. Afet ve Acil Durum Y\u00f6netimi Ba\u015fkanl\u0131\u011f\u0131n\u0131n (AFAD) internet sitesinde yer alan bilgiye g\u00f6re, merkez \u00fcss\u00fc Silivri a\u00e7\u0131klar\u0131nda 6,2 b\u00fcy\u00fckl\u00fc\u011f\u00fcnde sars\u0131nt\u0131 kaydedildi. Depremin yerin 6,92 kilometre derinli\u011finde meydana geldi\u011fi belirlendi. \u015eiddetli deprem Bursa, Yalova, Tekirda\u011f ba\u015fta olmak \u00fczere \u00e7evre [&hellip;]"}