{"version":"1.0","provider_name":"Haber Kuzey","provider_url":"https:\/\/haberkuzey.com","author_name":"haberkuzey","author_url":"https:\/\/haberkuzey.com\/index.php\/author\/haberkuzey\/","title":"AFAD: Bir can kayb\u0131 ve y\u0131k\u0131m ihbar\u0131 bulunmamaktad\u0131r - Haber Kuzey","type":"rich","width":600,"height":338,"html":"<blockquote class=\"wp-embedded-content\" data-secret=\"Kh9L5noqgg\"><a href=\"https:\/\/haberkuzey.com\/index.php\/2025\/04\/23\/afad-bir-can-kaybi-ve-yikim-ihbari-bulunmamaktadir\/\">AFAD: Bir can kayb\u0131 ve y\u0131k\u0131m ihbar\u0131 bulunmamaktad\u0131r<\/a><\/blockquote><iframe sandbox=\"allow-scripts\" security=\"restricted\" src=\"https:\/\/haberkuzey.com\/index.php\/2025\/04\/23\/afad-bir-can-kaybi-ve-yikim-ihbari-bulunmamaktadir\/embed\/#?secret=Kh9L5noqgg\" width=\"600\" height=\"338\" title=\"&#8220;AFAD: Bir can kayb\u0131 ve y\u0131k\u0131m ihbar\u0131 bulunmamaktad\u0131r&#8221; &#8212; Haber Kuzey\" data-secret=\"Kh9L5noqgg\" frameborder=\"0\" marginwidth=\"0\" marginheight=\"0\" scrolling=\"no\" class=\"wp-embedded-content\"><\/iframe><script type=\"text\/javascript\">\n\/* <![CDATA[ *\/\n\/*! This file is auto-generated *\/\n!function(d,l){\"use strict\";l.querySelector&&d.addEventListener&&\"undefined\"!=typeof URL&&(d.wp=d.wp||{},d.wp.receiveEmbedMessage||(d.wp.receiveEmbedMessage=function(e){var t=e.data;if((t||t.secret||t.message||t.value)&&!\/[^a-zA-Z0-9]\/.test(t.secret)){for(var s,r,n,a=l.querySelectorAll('iframe[data-secret=\"'+t.secret+'\"]'),o=l.querySelectorAll('blockquote[data-secret=\"'+t.secret+'\"]'),c=new RegExp(\"^https?:$\",\"i\"),i=0;i<o.length;i++)o[i].style.display=\"none\";for(i=0;i<a.length;i++)s=a[i],e.source===s.contentWindow&&(s.removeAttribute(\"style\"),\"height\"===t.message?(1e3<(r=parseInt(t.value,10))?r=1e3:~~r<200&&(r=200),s.height=r):\"link\"===t.message&&(r=new URL(s.getAttribute(\"src\")),n=new URL(t.value),c.test(n.protocol))&&n.host===r.host&&l.activeElement===s&&(d.top.location.href=t.value))}},d.addEventListener(\"message\",d.wp.receiveEmbedMessage,!1),l.addEventListener(\"DOMContentLoaded\",function(){for(var e,t,s=l.querySelectorAll(\"iframe.wp-embedded-content\"),r=0;r<s.length;r++)(t=(e=s[r]).getAttribute(\"data-secret\"))||(t=Math.random().toString(36).substring(2,12),e.src+=\"#?secret=\"+t,e.setAttribute(\"data-secret\",t)),e.contentWindow.postMessage({message:\"ready\",secret:t},\"*\")},!1)))}(window,document);\n\/\/# sourceURL=https:\/\/haberkuzey.com\/wp-includes\/js\/wp-embed.min.js\n\/* ]]> *\/\n<\/script>\n","thumbnail_url":"https:\/\/brtk.net\/wp-content\/uploads\/2023\/02\/06\/afad-icisleri-bkn-amblem.png?ver=760e9f2dd399d640eba390072ca4253b","thumbnail_width":600,"thumbnail_height":251,"description":"Afet ve Acil Durum Y\u00f6netimi Ba\u015fkanl\u0131\u011f\u0131 (AFAD), \u0130stanbul\u2019da meydana gelen depremlerin ard\u0131ndan saha taramalar\u0131 ve 112 Acil \u00c7a\u011fr\u0131 Merkezi\u2019ne gelen ihbarlar\u0131n de\u011ferlendirilmesi sonucunda, an itibar\u0131yla herhangi bir can kayb\u0131 ve y\u0131k\u0131m ihbar\u0131n\u0131n bulunmad\u0131\u011f\u0131n\u0131 duyurdu. AFAD\u2019dan yap\u0131lan a\u00e7\u0131klamada, saat 12.49\u2019da Marmara Denizi Silivri a\u00e7\u0131klar\u0131nda 6,2 b\u00fcy\u00fckl\u00fc\u011f\u00fcnde depremin meydana geldi\u011fi hat\u0131rlat\u0131larak, depremin, \u0130stanbul, Tekirda\u011f, Yalova, Bursa ve [&hellip;]"}