{"version":"1.0","provider_name":"Haber Kuzey","provider_url":"https:\/\/haberkuzey.com","author_name":"haberkuzey","author_url":"https:\/\/haberkuzey.com\/index.php\/author\/haberkuzey\/","title":"\u0130mamo\u011flu\u2019nun tutuklulu\u011funa yap\u0131lan itiraz reddedildi - Haber Kuzey","type":"rich","width":600,"height":338,"html":"<blockquote class=\"wp-embedded-content\" data-secret=\"UUzSZoHabN\"><a href=\"https:\/\/haberkuzey.com\/index.php\/2025\/04\/14\/imamoglunun-tutukluluguna-yapilan-itiraz-reddedildi\/\">\u0130mamo\u011flu\u2019nun tutuklulu\u011funa yap\u0131lan itiraz reddedildi<\/a><\/blockquote><iframe sandbox=\"allow-scripts\" security=\"restricted\" src=\"https:\/\/haberkuzey.com\/index.php\/2025\/04\/14\/imamoglunun-tutukluluguna-yapilan-itiraz-reddedildi\/embed\/#?secret=UUzSZoHabN\" width=\"600\" height=\"338\" title=\"&#8220;\u0130mamo\u011flu\u2019nun tutuklulu\u011funa yap\u0131lan itiraz reddedildi&#8221; &#8212; Haber Kuzey\" data-secret=\"UUzSZoHabN\" frameborder=\"0\" marginwidth=\"0\" marginheight=\"0\" scrolling=\"no\" class=\"wp-embedded-content\"><\/iframe><script type=\"text\/javascript\">\n\/* <![CDATA[ *\/\n\/*! This file is auto-generated *\/\n!function(d,l){\"use strict\";l.querySelector&&d.addEventListener&&\"undefined\"!=typeof URL&&(d.wp=d.wp||{},d.wp.receiveEmbedMessage||(d.wp.receiveEmbedMessage=function(e){var t=e.data;if((t||t.secret||t.message||t.value)&&!\/[^a-zA-Z0-9]\/.test(t.secret)){for(var s,r,n,a=l.querySelectorAll('iframe[data-secret=\"'+t.secret+'\"]'),o=l.querySelectorAll('blockquote[data-secret=\"'+t.secret+'\"]'),c=new RegExp(\"^https?:$\",\"i\"),i=0;i<o.length;i++)o[i].style.display=\"none\";for(i=0;i<a.length;i++)s=a[i],e.source===s.contentWindow&&(s.removeAttribute(\"style\"),\"height\"===t.message?(1e3<(r=parseInt(t.value,10))?r=1e3:~~r<200&&(r=200),s.height=r):\"link\"===t.message&&(r=new URL(s.getAttribute(\"src\")),n=new URL(t.value),c.test(n.protocol))&&n.host===r.host&&l.activeElement===s&&(d.top.location.href=t.value))}},d.addEventListener(\"message\",d.wp.receiveEmbedMessage,!1),l.addEventListener(\"DOMContentLoaded\",function(){for(var e,t,s=l.querySelectorAll(\"iframe.wp-embedded-content\"),r=0;r<s.length;r++)(t=(e=s[r]).getAttribute(\"data-secret\"))||(t=Math.random().toString(36).substring(2,12),e.src+=\"#?secret=\"+t,e.setAttribute(\"data-secret\",t)),e.contentWindow.postMessage({message:\"ready\",secret:t},\"*\")},!1)))}(window,document);\n\/\/# sourceURL=https:\/\/haberkuzey.com\/wp-includes\/js\/wp-embed.min.js\n\/* ]]> *\/\n<\/script>\n","thumbnail_url":"https:\/\/brtk.net\/wp-content\/uploads\/2025\/03\/19\/1742403966200imamoglu-ibb.jpg?ver=4f9e877ad35a4dfb4c0af1a0e8f070a4","thumbnail_width":600,"thumbnail_height":342,"description":"\u0130stanbul B\u00fcy\u00fck\u015fehir Belediyesine (\u0130BB) y\u00f6nelik y\u00fcr\u00fct\u00fclen yolsuzluk soru\u015fturmas\u0131 kapsam\u0131nda tutuklanmas\u0131n\u0131n ard\u0131ndan \u0130BB Ba\u015fkanl\u0131\u011f\u0131 g\u00f6revinden uzakla\u015ft\u0131r\u0131lan Ekrem \u0130mamo\u011flu\u2019nun da aralar\u0131nda bulundu\u011fu baz\u0131 \u015f\u00fcphelilerin tahliye talepleri kabul edilmedi. \u0130stanbul Cumhuriyet Ba\u015fsavc\u0131l\u0131\u011f\u0131nca, \u0130BB Ba\u015fkanl\u0131\u011f\u0131 g\u00f6revinden uzakla\u015ft\u0131r\u0131lan Ekrem \u0130mamo\u011flu ve 99 zanl\u0131 hakk\u0131nda, \u201csu\u00e7 \u00f6rg\u00fct\u00fc y\u00f6neticisi olmak\u201d, \u201csu\u00e7 \u00f6rg\u00fct\u00fcne \u00fcye olmak\u201d, \u201cirtikap\u201d, \u201cr\u00fc\u015fvet\u201d, \u201cnitelikli doland\u0131r\u0131c\u0131l\u0131k\u201d, \u201cki\u015fisel verileri hukuka ayk\u0131r\u0131 [&hellip;]"}