{"version":"1.0","provider_name":"Haber Kuzey","provider_url":"https:\/\/haberkuzey.com","author_name":"haberkuzey","author_url":"https:\/\/haberkuzey.com\/index.php\/author\/haberkuzey\/","title":"M\u00fcsilaj, Marmara Denizi\u2019nde dipte yo\u011funla\u015f\u0131yor - Haber Kuzey","type":"rich","width":600,"height":338,"html":"<blockquote class=\"wp-embedded-content\" data-secret=\"HGjEJnkKiA\"><a href=\"https:\/\/haberkuzey.com\/index.php\/2025\/04\/12\/musilaj-marmara-denizinde-dipte-yogunlasiyor\/\">M\u00fcsilaj, Marmara Denizi\u2019nde dipte yo\u011funla\u015f\u0131yor<\/a><\/blockquote><iframe sandbox=\"allow-scripts\" security=\"restricted\" src=\"https:\/\/haberkuzey.com\/index.php\/2025\/04\/12\/musilaj-marmara-denizinde-dipte-yogunlasiyor\/embed\/#?secret=HGjEJnkKiA\" width=\"600\" height=\"338\" title=\"&#8220;M\u00fcsilaj, Marmara Denizi\u2019nde dipte yo\u011funla\u015f\u0131yor&#8221; &#8212; Haber Kuzey\" data-secret=\"HGjEJnkKiA\" frameborder=\"0\" marginwidth=\"0\" marginheight=\"0\" scrolling=\"no\" class=\"wp-embedded-content\"><\/iframe><script type=\"text\/javascript\">\n\/* <![CDATA[ *\/\n\/*! This file is auto-generated *\/\n!function(d,l){\"use strict\";l.querySelector&&d.addEventListener&&\"undefined\"!=typeof URL&&(d.wp=d.wp||{},d.wp.receiveEmbedMessage||(d.wp.receiveEmbedMessage=function(e){var t=e.data;if((t||t.secret||t.message||t.value)&&!\/[^a-zA-Z0-9]\/.test(t.secret)){for(var s,r,n,a=l.querySelectorAll('iframe[data-secret=\"'+t.secret+'\"]'),o=l.querySelectorAll('blockquote[data-secret=\"'+t.secret+'\"]'),c=new RegExp(\"^https?:$\",\"i\"),i=0;i<o.length;i++)o[i].style.display=\"none\";for(i=0;i<a.length;i++)s=a[i],e.source===s.contentWindow&&(s.removeAttribute(\"style\"),\"height\"===t.message?(1e3<(r=parseInt(t.value,10))?r=1e3:~~r<200&&(r=200),s.height=r):\"link\"===t.message&&(r=new URL(s.getAttribute(\"src\")),n=new URL(t.value),c.test(n.protocol))&&n.host===r.host&&l.activeElement===s&&(d.top.location.href=t.value))}},d.addEventListener(\"message\",d.wp.receiveEmbedMessage,!1),l.addEventListener(\"DOMContentLoaded\",function(){for(var e,t,s=l.querySelectorAll(\"iframe.wp-embedded-content\"),r=0;r<s.length;r++)(t=(e=s[r]).getAttribute(\"data-secret\"))||(t=Math.random().toString(36).substring(2,12),e.src+=\"#?secret=\"+t,e.setAttribute(\"data-secret\",t)),e.contentWindow.postMessage({message:\"ready\",secret:t},\"*\")},!1)))}(window,document);\n\/\/# sourceURL=https:\/\/haberkuzey.com\/wp-includes\/js\/wp-embed.min.js\n\/* ]]> *\/\n<\/script>\n","thumbnail_url":"https:\/\/brtk.net\/wp-content\/uploads\/2025\/04\/12\/03492.jpg?ver=66bcaeec31a0054ec04bf2669b6e8136","thumbnail_width":600,"thumbnail_height":338,"description":"\u0130stanbul \u00dcniversitesi Su Bilimleri Fak\u00fcltesi \u00d6\u011fretim \u00dcyesi Prof. Dr. Yelda Aktan, m\u00fcsilaj\u0131n Marmara Denizi\u2019nde dipte yo\u011fun oldu\u011funun g\u00f6r\u00fcnd\u00fc\u011f\u00fcn\u00fc, tek h\u00fccreli bitkisel canl\u0131lar\u0131n a\u015f\u0131r\u0131 art\u0131\u015f\u0131 ve \u00f6l\u00fcm\u00fc sonras\u0131ndaki ayr\u0131\u015fma s\u00fcrecinde bakteriyel faaliyetlerle birlikte m\u00fcsilaj\u0131n zamanla deniz y\u00fczeyine ta\u015f\u0131nd\u0131\u011f\u0131n\u0131 bildirdi. Prof. Dr. Aktan, yapt\u0131\u011f\u0131 a\u00e7\u0131klamada, m\u00fcsilaj\u0131n yakla\u015f\u0131k son 20 y\u0131ld\u0131r ara ara g\u00fcndeme geldi\u011fini, baz\u0131 d\u00f6nemlerde ise [&hellip;]"}