{"version":"1.0","provider_name":"Haber Kuzey","provider_url":"https:\/\/haberkuzey.com","author_name":"haberkuzey","author_url":"https:\/\/haberkuzey.com\/index.php\/author\/haberkuzey\/","title":"Antalya Diplomasi Forumu 2025 ba\u015flad\u0131 - Haber Kuzey","type":"rich","width":600,"height":338,"html":"<blockquote class=\"wp-embedded-content\" data-secret=\"hi64WWa5Ky\"><a href=\"https:\/\/haberkuzey.com\/index.php\/2025\/04\/11\/antalya-diplomasi-forumu-2025-basladi\/\">Antalya Diplomasi Forumu 2025 ba\u015flad\u0131<\/a><\/blockquote><iframe sandbox=\"allow-scripts\" security=\"restricted\" src=\"https:\/\/haberkuzey.com\/index.php\/2025\/04\/11\/antalya-diplomasi-forumu-2025-basladi\/embed\/#?secret=hi64WWa5Ky\" width=\"600\" height=\"338\" title=\"&#8220;Antalya Diplomasi Forumu 2025 ba\u015flad\u0131&#8221; &#8212; Haber Kuzey\" data-secret=\"hi64WWa5Ky\" frameborder=\"0\" marginwidth=\"0\" marginheight=\"0\" scrolling=\"no\" class=\"wp-embedded-content\"><\/iframe><script type=\"text\/javascript\">\n\/* <![CDATA[ *\/\n\/*! This file is auto-generated *\/\n!function(d,l){\"use strict\";l.querySelector&&d.addEventListener&&\"undefined\"!=typeof URL&&(d.wp=d.wp||{},d.wp.receiveEmbedMessage||(d.wp.receiveEmbedMessage=function(e){var t=e.data;if((t||t.secret||t.message||t.value)&&!\/[^a-zA-Z0-9]\/.test(t.secret)){for(var s,r,n,a=l.querySelectorAll('iframe[data-secret=\"'+t.secret+'\"]'),o=l.querySelectorAll('blockquote[data-secret=\"'+t.secret+'\"]'),c=new RegExp(\"^https?:$\",\"i\"),i=0;i<o.length;i++)o[i].style.display=\"none\";for(i=0;i<a.length;i++)s=a[i],e.source===s.contentWindow&&(s.removeAttribute(\"style\"),\"height\"===t.message?(1e3<(r=parseInt(t.value,10))?r=1e3:~~r<200&&(r=200),s.height=r):\"link\"===t.message&&(r=new URL(s.getAttribute(\"src\")),n=new URL(t.value),c.test(n.protocol))&&n.host===r.host&&l.activeElement===s&&(d.top.location.href=t.value))}},d.addEventListener(\"message\",d.wp.receiveEmbedMessage,!1),l.addEventListener(\"DOMContentLoaded\",function(){for(var e,t,s=l.querySelectorAll(\"iframe.wp-embedded-content\"),r=0;r<s.length;r++)(t=(e=s[r]).getAttribute(\"data-secret\"))||(t=Math.random().toString(36).substring(2,12),e.src+=\"#?secret=\"+t,e.setAttribute(\"data-secret\",t)),e.contentWindow.postMessage({message:\"ready\",secret:t},\"*\")},!1)))}(window,document);\n\/\/# sourceURL=https:\/\/haberkuzey.com\/wp-includes\/js\/wp-embed.min.js\n\/* ]]> *\/\n<\/script>\n","thumbnail_url":"https:\/\/brtk.net\/wp-content\/uploads\/2025\/04\/11\/sadasdasdasda.jpg?ver=5a114cf2f9c816095f9f8cc1039d4cab","thumbnail_width":600,"thumbnail_height":337,"description":"T\u00fcrkiye\u2019nin \u00f6nde gelen uluslararas\u0131 diplomasi platformlar\u0131ndan biri olan Antalya Diplomasi Forumu (ADF), bu y\u0131l d\u00f6rd\u00fcnc\u00fc kez kap\u0131lar\u0131n\u0131 a\u00e7t\u0131. 11-13 Nisan 2025 tarihleri aras\u0131nda Antalya\u2019daki NEST Kongre Merkezi\u2019nde d\u00fczenlenen forum, \u201cAyr\u0131\u015fan D\u00fcnyada Diplomasiyi Sahiplenmek\u201d temas\u0131yla ger\u00e7ekle\u015ftiriliyor. Cumhurba\u015fkan\u0131 Recep Tayyip Erdo\u011fan\u2019\u0131n himayelerinde ve D\u0131\u015fi\u015fleri Bakanl\u0131\u011f\u0131\u2019n\u0131n ev sahipli\u011finde d\u00fczenlenen forumda, k\u00fcresel meseleler, b\u00f6lgesel i\u015f birlikleri ve diplomasinin gelece\u011fi [&hellip;]"}