{"version":"1.0","provider_name":"Haber Kuzey","provider_url":"https:\/\/haberkuzey.com","author_name":"haberkuzey","author_url":"https:\/\/haberkuzey.com\/index.php\/author\/haberkuzey\/","title":"Ankara\u2019da maden oca\u011f\u0131nda g\u00f6\u00e7\u00fck: 14 yaral\u0131 - Haber Kuzey","type":"rich","width":600,"height":338,"html":"<blockquote class=\"wp-embedded-content\" data-secret=\"ShIkYX63KE\"><a href=\"https:\/\/haberkuzey.com\/index.php\/2025\/04\/10\/ankarada-maden-ocaginda-gocuk-14-yarali\/\">Ankara\u2019da maden oca\u011f\u0131nda g\u00f6\u00e7\u00fck: 14 yaral\u0131<\/a><\/blockquote><iframe sandbox=\"allow-scripts\" security=\"restricted\" src=\"https:\/\/haberkuzey.com\/index.php\/2025\/04\/10\/ankarada-maden-ocaginda-gocuk-14-yarali\/embed\/#?secret=ShIkYX63KE\" width=\"600\" height=\"338\" title=\"&#8220;Ankara\u2019da maden oca\u011f\u0131nda g\u00f6\u00e7\u00fck: 14 yaral\u0131&#8221; &#8212; Haber Kuzey\" data-secret=\"ShIkYX63KE\" frameborder=\"0\" marginwidth=\"0\" marginheight=\"0\" scrolling=\"no\" class=\"wp-embedded-content\"><\/iframe><script type=\"text\/javascript\">\n\/* <![CDATA[ *\/\n\/*! This file is auto-generated *\/\n!function(d,l){\"use strict\";l.querySelector&&d.addEventListener&&\"undefined\"!=typeof URL&&(d.wp=d.wp||{},d.wp.receiveEmbedMessage||(d.wp.receiveEmbedMessage=function(e){var t=e.data;if((t||t.secret||t.message||t.value)&&!\/[^a-zA-Z0-9]\/.test(t.secret)){for(var s,r,n,a=l.querySelectorAll('iframe[data-secret=\"'+t.secret+'\"]'),o=l.querySelectorAll('blockquote[data-secret=\"'+t.secret+'\"]'),c=new RegExp(\"^https?:$\",\"i\"),i=0;i<o.length;i++)o[i].style.display=\"none\";for(i=0;i<a.length;i++)s=a[i],e.source===s.contentWindow&&(s.removeAttribute(\"style\"),\"height\"===t.message?(1e3<(r=parseInt(t.value,10))?r=1e3:~~r<200&&(r=200),s.height=r):\"link\"===t.message&&(r=new URL(s.getAttribute(\"src\")),n=new URL(t.value),c.test(n.protocol))&&n.host===r.host&&l.activeElement===s&&(d.top.location.href=t.value))}},d.addEventListener(\"message\",d.wp.receiveEmbedMessage,!1),l.addEventListener(\"DOMContentLoaded\",function(){for(var e,t,s=l.querySelectorAll(\"iframe.wp-embedded-content\"),r=0;r<s.length;r++)(t=(e=s[r]).getAttribute(\"data-secret\"))||(t=Math.random().toString(36).substring(2,12),e.src+=\"#?secret=\"+t,e.setAttribute(\"data-secret\",t)),e.contentWindow.postMessage({message:\"ready\",secret:t},\"*\")},!1)))}(window,document);\n\/\/# sourceURL=https:\/\/haberkuzey.com\/wp-includes\/js\/wp-embed.min.js\n\/* ]]> *\/\n<\/script>\n","thumbnail_url":"https:\/\/brtk.net\/wp-content\/uploads\/2025\/04\/10\/AA-20250410-37584272-37584271-ANKARADA_MADEN_OCAGINDA_MEYDANA_GELEN_GOCUKTE_13_ISCI_YARALANDI.jpg?ver=9c7e4c3fd1d498369e2117f27d53164d","thumbnail_width":600,"thumbnail_height":400,"description":"Ankara\u2019n\u0131n Beypazar\u0131 il\u00e7esinde maden oca\u011f\u0131nda meydana gelen g\u00f6\u00e7\u00fckte 2\u2019si a\u011f\u0131r 14 i\u015f\u00e7i yaraland\u0131. \u0130l\u00e7enin H\u0131rkatepe Mahallesi\u2019ndeki k\u00f6m\u00fcr madeninde sabaha kar\u015f\u0131 \u00fcretim makinelerinin oldu\u011fu b\u00f6l\u00fcmde g\u00f6\u00e7\u00fck meydana geldi. Bu s\u0131rada makinelerin yak\u0131n\u0131nda \u00e7al\u0131\u015fan i\u015f\u00e7ilerden 14\u2019\u00fc bas\u0131n\u00e7 etkisiyle yaraland\u0131. Yaral\u0131lar, Beypazar\u0131 Devlet Hastanesi\u2019ne kald\u0131r\u0131ld\u0131. Yaralanan i\u015f\u00e7ilerden 2\u2019si Ankara il merkezindeki hastaneye sevk edildi. Ankara Valisi Vasip \u015eahin, [&hellip;]"}