{"version":"1.0","provider_name":"Haber Kuzey","provider_url":"https:\/\/haberkuzey.com","author_name":"haberkuzey","author_url":"https:\/\/haberkuzey.com\/index.php\/author\/haberkuzey\/","title":"Erdo\u011fan, AA\u2019n\u0131n kurulu\u015funun 105. y\u0131l\u0131n\u0131 kutlad\u0131 - Haber Kuzey","type":"rich","width":600,"height":338,"html":"<blockquote class=\"wp-embedded-content\" data-secret=\"emhsKuEEka\"><a href=\"https:\/\/haberkuzey.com\/index.php\/2025\/04\/06\/erdogan-aanin-kurulusunun-105-yilini-kutladi\/\">Erdo\u011fan, AA\u2019n\u0131n kurulu\u015funun 105. y\u0131l\u0131n\u0131 kutlad\u0131<\/a><\/blockquote><iframe sandbox=\"allow-scripts\" security=\"restricted\" src=\"https:\/\/haberkuzey.com\/index.php\/2025\/04\/06\/erdogan-aanin-kurulusunun-105-yilini-kutladi\/embed\/#?secret=emhsKuEEka\" width=\"600\" height=\"338\" title=\"&#8220;Erdo\u011fan, AA\u2019n\u0131n kurulu\u015funun 105. y\u0131l\u0131n\u0131 kutlad\u0131&#8221; &#8212; Haber Kuzey\" data-secret=\"emhsKuEEka\" frameborder=\"0\" marginwidth=\"0\" marginheight=\"0\" scrolling=\"no\" class=\"wp-embedded-content\"><\/iframe><script type=\"text\/javascript\">\n\/* <![CDATA[ *\/\n\/*! This file is auto-generated *\/\n!function(d,l){\"use strict\";l.querySelector&&d.addEventListener&&\"undefined\"!=typeof URL&&(d.wp=d.wp||{},d.wp.receiveEmbedMessage||(d.wp.receiveEmbedMessage=function(e){var t=e.data;if((t||t.secret||t.message||t.value)&&!\/[^a-zA-Z0-9]\/.test(t.secret)){for(var s,r,n,a=l.querySelectorAll('iframe[data-secret=\"'+t.secret+'\"]'),o=l.querySelectorAll('blockquote[data-secret=\"'+t.secret+'\"]'),c=new RegExp(\"^https?:$\",\"i\"),i=0;i<o.length;i++)o[i].style.display=\"none\";for(i=0;i<a.length;i++)s=a[i],e.source===s.contentWindow&&(s.removeAttribute(\"style\"),\"height\"===t.message?(1e3<(r=parseInt(t.value,10))?r=1e3:~~r<200&&(r=200),s.height=r):\"link\"===t.message&&(r=new URL(s.getAttribute(\"src\")),n=new URL(t.value),c.test(n.protocol))&&n.host===r.host&&l.activeElement===s&&(d.top.location.href=t.value))}},d.addEventListener(\"message\",d.wp.receiveEmbedMessage,!1),l.addEventListener(\"DOMContentLoaded\",function(){for(var e,t,s=l.querySelectorAll(\"iframe.wp-embedded-content\"),r=0;r<s.length;r++)(t=(e=s[r]).getAttribute(\"data-secret\"))||(t=Math.random().toString(36).substring(2,12),e.src+=\"#?secret=\"+t,e.setAttribute(\"data-secret\",t)),e.contentWindow.postMessage({message:\"ready\",secret:t},\"*\")},!1)))}(window,document);\n\/\/# sourceURL=https:\/\/haberkuzey.com\/wp-includes\/js\/wp-embed.min.js\n\/* ]]> *\/\n<\/script>\n","thumbnail_url":"https:\/\/brtk.net\/wp-content\/uploads\/2025\/04\/06\/1743946883328thumbs_b_c_80e3e5d0e19c616afc356ab462427ae0.jpg?ver=cefb7fddcd48c579dbb226362c749dfc","thumbnail_width":600,"thumbnail_height":338,"description":"T\u00fcrkiye Cumhurba\u015fkan\u0131 Recep Tayyip Erdo\u011fan, \u201cAnadolu Ajans\u0131, T\u00fcrk bas\u0131n tarihinde \u00f6nemli bir yer edinmi\u015f, T\u00fcrkiye\u2019nin sesi olmu\u015f ve uluslararas\u0131 arenada da \u00fclkemizin duru\u015funu en do\u011fru \u015fekilde temsil etmi\u015ftir.\u201d ifadesini kulland\u0131. Erdo\u011fan, Anadolu Ajans\u0131n\u0131n (AA) kurulu\u015funun 105. y\u0131l d\u00f6n\u00fcm\u00fc dolay\u0131s\u0131yla AA Y\u00f6netim Kurulu Ba\u015fkan\u0131 ve Genel M\u00fcd\u00fcr\u00fc Serdar Karag\u00f6z\u2019e kutlama mesaj\u0131 g\u00f6nderdi. T\u00fcrkiye\u2019nin k\u00f6kl\u00fc ve sayg\u0131n [&hellip;]"}