{"version":"1.0","provider_name":"Haber Kuzey","provider_url":"https:\/\/haberkuzey.com","author_name":"haberkuzey","author_url":"https:\/\/haberkuzey.com\/index.php\/author\/haberkuzey\/","title":"Cevdet Y\u0131lmaz\u2019dan \u00d6zg\u00fcr \u00d6zel\u2019in a\u00e7\u0131klamalar\u0131na tepki - Haber Kuzey","type":"rich","width":600,"height":338,"html":"<blockquote class=\"wp-embedded-content\" data-secret=\"drgd5vNqbs\"><a href=\"https:\/\/haberkuzey.com\/index.php\/2025\/04\/06\/cevdet-yilmazdan-ozgur-ozelin-aciklamalarina-tepki\/\">Cevdet Y\u0131lmaz\u2019dan \u00d6zg\u00fcr \u00d6zel\u2019in a\u00e7\u0131klamalar\u0131na tepki<\/a><\/blockquote><iframe sandbox=\"allow-scripts\" security=\"restricted\" src=\"https:\/\/haberkuzey.com\/index.php\/2025\/04\/06\/cevdet-yilmazdan-ozgur-ozelin-aciklamalarina-tepki\/embed\/#?secret=drgd5vNqbs\" width=\"600\" height=\"338\" title=\"&#8220;Cevdet Y\u0131lmaz\u2019dan \u00d6zg\u00fcr \u00d6zel\u2019in a\u00e7\u0131klamalar\u0131na tepki&#8221; &#8212; Haber Kuzey\" data-secret=\"drgd5vNqbs\" frameborder=\"0\" marginwidth=\"0\" marginheight=\"0\" scrolling=\"no\" class=\"wp-embedded-content\"><\/iframe><script type=\"text\/javascript\">\n\/* <![CDATA[ *\/\n\/*! This file is auto-generated *\/\n!function(d,l){\"use strict\";l.querySelector&&d.addEventListener&&\"undefined\"!=typeof URL&&(d.wp=d.wp||{},d.wp.receiveEmbedMessage||(d.wp.receiveEmbedMessage=function(e){var t=e.data;if((t||t.secret||t.message||t.value)&&!\/[^a-zA-Z0-9]\/.test(t.secret)){for(var s,r,n,a=l.querySelectorAll('iframe[data-secret=\"'+t.secret+'\"]'),o=l.querySelectorAll('blockquote[data-secret=\"'+t.secret+'\"]'),c=new RegExp(\"^https?:$\",\"i\"),i=0;i<o.length;i++)o[i].style.display=\"none\";for(i=0;i<a.length;i++)s=a[i],e.source===s.contentWindow&&(s.removeAttribute(\"style\"),\"height\"===t.message?(1e3<(r=parseInt(t.value,10))?r=1e3:~~r<200&&(r=200),s.height=r):\"link\"===t.message&&(r=new URL(s.getAttribute(\"src\")),n=new URL(t.value),c.test(n.protocol))&&n.host===r.host&&l.activeElement===s&&(d.top.location.href=t.value))}},d.addEventListener(\"message\",d.wp.receiveEmbedMessage,!1),l.addEventListener(\"DOMContentLoaded\",function(){for(var e,t,s=l.querySelectorAll(\"iframe.wp-embedded-content\"),r=0;r<s.length;r++)(t=(e=s[r]).getAttribute(\"data-secret\"))||(t=Math.random().toString(36).substring(2,12),e.src+=\"#?secret=\"+t,e.setAttribute(\"data-secret\",t)),e.contentWindow.postMessage({message:\"ready\",secret:t},\"*\")},!1)))}(window,document);\n\/\/# sourceURL=https:\/\/haberkuzey.com\/wp-includes\/js\/wp-embed.min.js\n\/* ]]> *\/\n<\/script>\n","thumbnail_url":"https:\/\/brtk.net\/wp-content\/uploads\/2025\/04\/06\/1743944103193thumbs_b_c_a3e336a866729702ba6b2bdfc07e1442.jpg?ver=b9fb4df2ea6d5d228588c15395c119ba","thumbnail_width":600,"thumbnail_height":338,"description":"T\u00fcrkiye Cumhurba\u015fkan\u0131 Yard\u0131mc\u0131s\u0131 Cevdet Y\u0131lmaz, \u201cHalk\u0131n se\u00e7ti\u011fine \u2018cunta\u2019 demek, esas itibar\u0131yla halk\u0131 \u2018cuntac\u0131\u2019 olarak nitelendirmektir. Milli iradeyi yok saymakt\u0131r.\u201d ifadesini kulland\u0131. Y\u0131lmaz, sosyal medya hesab\u0131ndan yapt\u0131\u011f\u0131 a\u00e7\u0131klamada, CHP Genel Ba\u015fkan\u0131 \u00d6zg\u00fcr \u00d6zel\u2019in partisinin 21. Ola\u011fan\u00fcst\u00fc Kurultay\u0131\u2019nda yapt\u0131\u011f\u0131 konu\u015fmada, Cumhurba\u015fkan\u0131 Recep Tayyip Erdo\u011fan ve h\u00fck\u00fcmete y\u00f6nelik s\u00f6zlerine tepki g\u00f6sterdi. \u00d6zel\u2019in, May\u0131s 2023 se\u00e7imlerinde milletin y\u00fczde 50\u2019den [&hellip;]"}