{"version":"1.0","provider_name":"Haber Kuzey","provider_url":"https:\/\/haberkuzey.com","author_name":"haberkuzey","author_url":"https:\/\/haberkuzey.com\/index.php\/author\/haberkuzey\/","title":"Erdo\u011fan, Abbas ile telefonda g\u00f6r\u00fc\u015ft\u00fc - Haber Kuzey","type":"rich","width":600,"height":338,"html":"<blockquote class=\"wp-embedded-content\" data-secret=\"vQabk9R90w\"><a href=\"https:\/\/haberkuzey.com\/index.php\/2025\/03\/30\/erdogan-abbas-ile-telefonda-gorustu\/\">Erdo\u011fan, Abbas ile telefonda g\u00f6r\u00fc\u015ft\u00fc<\/a><\/blockquote><iframe sandbox=\"allow-scripts\" security=\"restricted\" src=\"https:\/\/haberkuzey.com\/index.php\/2025\/03\/30\/erdogan-abbas-ile-telefonda-gorustu\/embed\/#?secret=vQabk9R90w\" width=\"600\" height=\"338\" title=\"&#8220;Erdo\u011fan, Abbas ile telefonda g\u00f6r\u00fc\u015ft\u00fc&#8221; &#8212; Haber Kuzey\" data-secret=\"vQabk9R90w\" frameborder=\"0\" marginwidth=\"0\" marginheight=\"0\" scrolling=\"no\" class=\"wp-embedded-content\"><\/iframe><script type=\"text\/javascript\">\n\/* <![CDATA[ *\/\n\/*! This file is auto-generated *\/\n!function(d,l){\"use strict\";l.querySelector&&d.addEventListener&&\"undefined\"!=typeof URL&&(d.wp=d.wp||{},d.wp.receiveEmbedMessage||(d.wp.receiveEmbedMessage=function(e){var t=e.data;if((t||t.secret||t.message||t.value)&&!\/[^a-zA-Z0-9]\/.test(t.secret)){for(var s,r,n,a=l.querySelectorAll('iframe[data-secret=\"'+t.secret+'\"]'),o=l.querySelectorAll('blockquote[data-secret=\"'+t.secret+'\"]'),c=new RegExp(\"^https?:$\",\"i\"),i=0;i<o.length;i++)o[i].style.display=\"none\";for(i=0;i<a.length;i++)s=a[i],e.source===s.contentWindow&&(s.removeAttribute(\"style\"),\"height\"===t.message?(1e3<(r=parseInt(t.value,10))?r=1e3:~~r<200&&(r=200),s.height=r):\"link\"===t.message&&(r=new URL(s.getAttribute(\"src\")),n=new URL(t.value),c.test(n.protocol))&&n.host===r.host&&l.activeElement===s&&(d.top.location.href=t.value))}},d.addEventListener(\"message\",d.wp.receiveEmbedMessage,!1),l.addEventListener(\"DOMContentLoaded\",function(){for(var e,t,s=l.querySelectorAll(\"iframe.wp-embedded-content\"),r=0;r<s.length;r++)(t=(e=s[r]).getAttribute(\"data-secret\"))||(t=Math.random().toString(36).substring(2,12),e.src+=\"#?secret=\"+t,e.setAttribute(\"data-secret\",t)),e.contentWindow.postMessage({message:\"ready\",secret:t},\"*\")},!1)))}(window,document);\n\/\/# sourceURL=https:\/\/haberkuzey.com\/wp-includes\/js\/wp-embed.min.js\n\/* ]]> *\/\n<\/script>\n","thumbnail_url":"https:\/\/brtk.net\/wp-content\/uploads\/2025\/03\/29\/1743253953381thumbs_b_c_a16e7d33f9d480d18c9e3925105942ab.jpg?ver=704f689cab74cfe8f3d29a5a02ececcb","thumbnail_width":600,"thumbnail_height":338,"description":"T\u00fcrkiye Cumhurba\u015fkan\u0131 Recep Tayyip Erdo\u011fan, Filistin Devlet Ba\u015fkan\u0131 Mahmud Abbas ile yapt\u0131\u011f\u0131 telefon g\u00f6r\u00fc\u015fmesinde, \u0130srail\u2019in yeniden \u015fiddetlenen sald\u0131r\u0131lar\u0131yla Gazze\u2019deki insani krizin derinle\u015fti\u011fini, Filistinlilerin bu s\u00fcreci ancak birlik i\u00e7erisinde yekv\u00fccut olarak a\u015fabilece\u011fini kaydetti. TC Cumhurba\u015fkanl\u0131\u011f\u0131 \u0130leti\u015fim Ba\u015fkanl\u0131\u011f\u0131ndan yap\u0131lan a\u00e7\u0131klamaya g\u00f6re, Cumhurba\u015fkan\u0131 Erdo\u011fan ile Abbas\u2019\u0131n telefon g\u00f6r\u00fc\u015fmesinde \u0130srail\u2019in Filistin\u2019e y\u00f6nelik sald\u0131r\u0131lar\u0131, b\u00f6lgesel ve k\u00fcresel konular ele al\u0131nd\u0131. [&hellip;]"}