{"version":"1.0","provider_name":"Haber Kuzey","provider_url":"https:\/\/haberkuzey.com","author_name":"haberkuzey","author_url":"https:\/\/haberkuzey.com\/index.php\/author\/haberkuzey\/","title":"Erdo\u011fan, Katar Emiri Al Sani ile telefonda g\u00f6r\u00fc\u015ft\u00fc - Haber Kuzey","type":"rich","width":600,"height":338,"html":"<blockquote class=\"wp-embedded-content\" data-secret=\"M4hZ5awV2c\"><a href=\"https:\/\/haberkuzey.com\/index.php\/2025\/03\/29\/erdogan-katar-emiri-al-sani-ile-telefonda-gorustu\/\">Erdo\u011fan, Katar Emiri Al Sani ile telefonda g\u00f6r\u00fc\u015ft\u00fc<\/a><\/blockquote><iframe sandbox=\"allow-scripts\" security=\"restricted\" src=\"https:\/\/haberkuzey.com\/index.php\/2025\/03\/29\/erdogan-katar-emiri-al-sani-ile-telefonda-gorustu\/embed\/#?secret=M4hZ5awV2c\" width=\"600\" height=\"338\" title=\"&#8220;Erdo\u011fan, Katar Emiri Al Sani ile telefonda g\u00f6r\u00fc\u015ft\u00fc&#8221; &#8212; Haber Kuzey\" data-secret=\"M4hZ5awV2c\" frameborder=\"0\" marginwidth=\"0\" marginheight=\"0\" scrolling=\"no\" class=\"wp-embedded-content\"><\/iframe><script type=\"text\/javascript\">\n\/* <![CDATA[ *\/\n\/*! This file is auto-generated *\/\n!function(d,l){\"use strict\";l.querySelector&&d.addEventListener&&\"undefined\"!=typeof URL&&(d.wp=d.wp||{},d.wp.receiveEmbedMessage||(d.wp.receiveEmbedMessage=function(e){var t=e.data;if((t||t.secret||t.message||t.value)&&!\/[^a-zA-Z0-9]\/.test(t.secret)){for(var s,r,n,a=l.querySelectorAll('iframe[data-secret=\"'+t.secret+'\"]'),o=l.querySelectorAll('blockquote[data-secret=\"'+t.secret+'\"]'),c=new RegExp(\"^https?:$\",\"i\"),i=0;i<o.length;i++)o[i].style.display=\"none\";for(i=0;i<a.length;i++)s=a[i],e.source===s.contentWindow&&(s.removeAttribute(\"style\"),\"height\"===t.message?(1e3<(r=parseInt(t.value,10))?r=1e3:~~r<200&&(r=200),s.height=r):\"link\"===t.message&&(r=new URL(s.getAttribute(\"src\")),n=new URL(t.value),c.test(n.protocol))&&n.host===r.host&&l.activeElement===s&&(d.top.location.href=t.value))}},d.addEventListener(\"message\",d.wp.receiveEmbedMessage,!1),l.addEventListener(\"DOMContentLoaded\",function(){for(var e,t,s=l.querySelectorAll(\"iframe.wp-embedded-content\"),r=0;r<s.length;r++)(t=(e=s[r]).getAttribute(\"data-secret\"))||(t=Math.random().toString(36).substring(2,12),e.src+=\"#?secret=\"+t,e.setAttribute(\"data-secret\",t)),e.contentWindow.postMessage({message:\"ready\",secret:t},\"*\")},!1)))}(window,document);\n\/\/# sourceURL=https:\/\/haberkuzey.com\/wp-includes\/js\/wp-embed.min.js\n\/* ]]> *\/\n<\/script>\n","thumbnail_url":"https:\/\/brtk.net\/wp-content\/uploads\/2025\/03\/29\/1743253466014thumbs_b_c_6fe88327c90d8622dfa302ef2d4ab0c3.jpg?ver=2236f98921a81648d06b5f6105ed60c3","thumbnail_width":600,"thumbnail_height":338,"description":"T\u00fcrkiye Cumhurba\u015fkan\u0131 Recep Tayyip Erdo\u011fan, Katar Emiri \u015eeyh Temim bin Hamad Al Sani ile ger\u00e7ekle\u015ftirdi\u011fi telefon g\u00f6r\u00fc\u015fmesinde, \u0130srail\u2019in Gazze, L\u00fcbnan ve Suriye\u2019deki sald\u0131r\u0131lar\u0131 ve zul\u00fcmleri sebebiyle bayram\u0131n buruk kar\u015f\u0131land\u0131\u011f\u0131n\u0131, akan kan ve g\u00f6zya\u015flar\u0131n\u0131n dindirilmesi ve mazlumlara yard\u0131m i\u00e7in azami gayret g\u00f6stermeye devam edeceklerini belirtti. TC Cumhurba\u015fkanl\u0131\u011f\u0131 \u0130leti\u015fim Ba\u015fkanl\u0131\u011f\u0131ndan yap\u0131lan a\u00e7\u0131klamaya g\u00f6re, T\u00fcrkiye Cumhurba\u015fkan\u0131 Erdo\u011fan ile [&hellip;]"}