{"version":"1.0","provider_name":"Haber Kuzey","provider_url":"https:\/\/haberkuzey.com","author_name":"haberkuzey","author_url":"https:\/\/haberkuzey.com\/index.php\/author\/haberkuzey\/","title":"CHP Istanbul Maltepe\u2019de miting yapt\u0131 - Haber Kuzey","type":"rich","width":600,"height":338,"html":"<blockquote class=\"wp-embedded-content\" data-secret=\"JelqbakeeH\"><a href=\"https:\/\/haberkuzey.com\/index.php\/2025\/03\/29\/chp-istanbul-maltepede-miting-yapti\/\">CHP Istanbul Maltepe\u2019de miting yapt\u0131<\/a><\/blockquote><iframe sandbox=\"allow-scripts\" security=\"restricted\" src=\"https:\/\/haberkuzey.com\/index.php\/2025\/03\/29\/chp-istanbul-maltepede-miting-yapti\/embed\/#?secret=JelqbakeeH\" width=\"600\" height=\"338\" title=\"&#8220;CHP Istanbul Maltepe\u2019de miting yapt\u0131&#8221; &#8212; Haber Kuzey\" data-secret=\"JelqbakeeH\" frameborder=\"0\" marginwidth=\"0\" marginheight=\"0\" scrolling=\"no\" class=\"wp-embedded-content\"><\/iframe><script type=\"text\/javascript\">\n\/* <![CDATA[ *\/\n\/*! This file is auto-generated *\/\n!function(d,l){\"use strict\";l.querySelector&&d.addEventListener&&\"undefined\"!=typeof URL&&(d.wp=d.wp||{},d.wp.receiveEmbedMessage||(d.wp.receiveEmbedMessage=function(e){var t=e.data;if((t||t.secret||t.message||t.value)&&!\/[^a-zA-Z0-9]\/.test(t.secret)){for(var s,r,n,a=l.querySelectorAll('iframe[data-secret=\"'+t.secret+'\"]'),o=l.querySelectorAll('blockquote[data-secret=\"'+t.secret+'\"]'),c=new RegExp(\"^https?:$\",\"i\"),i=0;i<o.length;i++)o[i].style.display=\"none\";for(i=0;i<a.length;i++)s=a[i],e.source===s.contentWindow&&(s.removeAttribute(\"style\"),\"height\"===t.message?(1e3<(r=parseInt(t.value,10))?r=1e3:~~r<200&&(r=200),s.height=r):\"link\"===t.message&&(r=new URL(s.getAttribute(\"src\")),n=new URL(t.value),c.test(n.protocol))&&n.host===r.host&&l.activeElement===s&&(d.top.location.href=t.value))}},d.addEventListener(\"message\",d.wp.receiveEmbedMessage,!1),l.addEventListener(\"DOMContentLoaded\",function(){for(var e,t,s=l.querySelectorAll(\"iframe.wp-embedded-content\"),r=0;r<s.length;r++)(t=(e=s[r]).getAttribute(\"data-secret\"))||(t=Math.random().toString(36).substring(2,12),e.src+=\"#?secret=\"+t,e.setAttribute(\"data-secret\",t)),e.contentWindow.postMessage({message:\"ready\",secret:t},\"*\")},!1)))}(window,document);\n\/\/# sourceURL=https:\/\/haberkuzey.com\/wp-includes\/js\/wp-embed.min.js\n\/* ]]> *\/\n<\/script>\n","thumbnail_url":"https:\/\/brtk.net\/wp-content\/uploads\/2025\/03\/29\/1743259722787chp-lideri-ozgur-ozel-maltepe-mitinginde-j8ed.png?ver=0611fe1f503e8a1c70f8333a32417aea","thumbnail_width":600,"thumbnail_height":338,"description":"Cumhuriyet Halk Partisi, tutuklanan \u0130stanbul B\u00fcy\u00fck\u015fehir Belediye (\u0130BB) Ba\u015fkan\u0131 Ekrem \u0130mamo\u011flu i\u00e7in \u0130stanbul Maltepe\u2019de miting d\u00fczenledi. \u00c7ok say\u0131da ki\u015finin kat\u0131ld\u0131\u011f\u0131 mitingde \u0130mamo\u011flu\u2019nun e\u015fi Dilek \u0130mamo\u011flu, CHP \u0130stanbul \u0130l Ba\u015fkan\u0131 \u00d6zg\u00fcr \u00c7elik, Ankara Belediye Ba\u015fkan\u0131 Mansur Yava\u015f ve CHP Genel Ba\u015fkan\u0131 \u00d6zg\u00fcr \u00d6zel birer konu\u015fma yapt\u0131. \u0130BB Ba\u015fkan\u0131 Ekrem \u0130mamo\u011flu\u2019nun Marmara (Silivri) Cezaevi\u2019nden miting alan\u0131na g\u00f6nderdi\u011fi [&hellip;]"}