{"version":"1.0","provider_name":"Haber Kuzey","provider_url":"https:\/\/haberkuzey.com","author_name":"haberkuzey","author_url":"https:\/\/haberkuzey.com\/index.php\/author\/haberkuzey\/","title":"\u0130BB Ba\u015fkan Vekilli\u011fine Meclis \u00dcyesi Nuri Aslan se\u00e7ildi - Haber Kuzey","type":"rich","width":600,"height":338,"html":"<blockquote class=\"wp-embedded-content\" data-secret=\"k1ayfnqdXG\"><a href=\"https:\/\/haberkuzey.com\/index.php\/2025\/03\/26\/ibb-baskan-vekilligine-meclis-uyesi-nuri-aslan-secildi\/\">\u0130BB Ba\u015fkan Vekilli\u011fine Meclis \u00dcyesi Nuri Aslan se\u00e7ildi<\/a><\/blockquote><iframe sandbox=\"allow-scripts\" security=\"restricted\" src=\"https:\/\/haberkuzey.com\/index.php\/2025\/03\/26\/ibb-baskan-vekilligine-meclis-uyesi-nuri-aslan-secildi\/embed\/#?secret=k1ayfnqdXG\" width=\"600\" height=\"338\" title=\"&#8220;\u0130BB Ba\u015fkan Vekilli\u011fine Meclis \u00dcyesi Nuri Aslan se\u00e7ildi&#8221; &#8212; Haber Kuzey\" data-secret=\"k1ayfnqdXG\" frameborder=\"0\" marginwidth=\"0\" marginheight=\"0\" scrolling=\"no\" class=\"wp-embedded-content\"><\/iframe><script type=\"text\/javascript\">\n\/* <![CDATA[ *\/\n\/*! This file is auto-generated *\/\n!function(d,l){\"use strict\";l.querySelector&&d.addEventListener&&\"undefined\"!=typeof URL&&(d.wp=d.wp||{},d.wp.receiveEmbedMessage||(d.wp.receiveEmbedMessage=function(e){var t=e.data;if((t||t.secret||t.message||t.value)&&!\/[^a-zA-Z0-9]\/.test(t.secret)){for(var s,r,n,a=l.querySelectorAll('iframe[data-secret=\"'+t.secret+'\"]'),o=l.querySelectorAll('blockquote[data-secret=\"'+t.secret+'\"]'),c=new RegExp(\"^https?:$\",\"i\"),i=0;i<o.length;i++)o[i].style.display=\"none\";for(i=0;i<a.length;i++)s=a[i],e.source===s.contentWindow&&(s.removeAttribute(\"style\"),\"height\"===t.message?(1e3<(r=parseInt(t.value,10))?r=1e3:~~r<200&&(r=200),s.height=r):\"link\"===t.message&&(r=new URL(s.getAttribute(\"src\")),n=new URL(t.value),c.test(n.protocol))&&n.host===r.host&&l.activeElement===s&&(d.top.location.href=t.value))}},d.addEventListener(\"message\",d.wp.receiveEmbedMessage,!1),l.addEventListener(\"DOMContentLoaded\",function(){for(var e,t,s=l.querySelectorAll(\"iframe.wp-embedded-content\"),r=0;r<s.length;r++)(t=(e=s[r]).getAttribute(\"data-secret\"))||(t=Math.random().toString(36).substring(2,12),e.src+=\"#?secret=\"+t,e.setAttribute(\"data-secret\",t)),e.contentWindow.postMessage({message:\"ready\",secret:t},\"*\")},!1)))}(window,document);\n\/\/# sourceURL=https:\/\/haberkuzey.com\/wp-includes\/js\/wp-embed.min.js\n\/* ]]> *\/\n<\/script>\n","thumbnail_url":"https:\/\/brtk.net\/wp-content\/uploads\/2025\/03\/26\/nuri-aslan.png?ver=b0a4825b3dec6679f0c1e3725e816cc3","thumbnail_width":600,"thumbnail_height":333,"description":"\u0130stanbul B\u00fcy\u00fck\u015fehir Belediyesi (\u0130BB) Meclisinde, B\u00fcy\u00fck\u015fehir Belediye Ba\u015fkan\u0131 Ekrem \u0130mamo\u011flu\u2019nun yolsuzluk soru\u015fturmas\u0131 kapsam\u0131nda g\u00f6revinden uzakla\u015ft\u0131r\u0131lmas\u0131 nedeniyle yap\u0131lan oylamada, \u0130BB Ba\u015fkan Vekilli\u011fine CHP\u2019li Meclis \u00dcyesi Nuri Aslan se\u00e7ildi. \u0130BB Meclisi, \u0130BB Ba\u015fkanl\u0131\u011f\u0131 g\u00f6revinden uzakla\u015ft\u0131r\u0131lan ve yolsuzluk soru\u015fturmas\u0131 kapsam\u0131nda tutuklanan Ekrem \u0130mamo\u011flu\u2019nun yerine ba\u015fkan vekili se\u00e7ilmesi i\u00e7in topland\u0131. Meclis 2. Ba\u015fkanvekili G\u00f6khan G\u00fcm\u00fc\u015fda\u011f\u2019\u0131n ba\u015fkanl\u0131\u011f\u0131nda Sara\u00e7hane\u2019deki belediye binas\u0131nda [&hellip;]"}