{"version":"1.0","provider_name":"Haber Kuzey","provider_url":"https:\/\/haberkuzey.com","author_name":"haberkuzey","author_url":"https:\/\/haberkuzey.com\/index.php\/author\/haberkuzey\/","title":"Ankara\u2019da baz\u0131 otob\u00fcs ve metro duraklar\u0131 kapat\u0131ld\u0131 - Haber Kuzey","type":"rich","width":600,"height":338,"html":"<blockquote class=\"wp-embedded-content\" data-secret=\"B4f5EReP2G\"><a href=\"https:\/\/haberkuzey.com\/index.php\/2025\/03\/25\/ankarada-bazi-otobus-ve-metro-duraklari-kapatildi\/\">Ankara\u2019da baz\u0131 otob\u00fcs ve metro duraklar\u0131 kapat\u0131ld\u0131<\/a><\/blockquote><iframe sandbox=\"allow-scripts\" security=\"restricted\" src=\"https:\/\/haberkuzey.com\/index.php\/2025\/03\/25\/ankarada-bazi-otobus-ve-metro-duraklari-kapatildi\/embed\/#?secret=B4f5EReP2G\" width=\"600\" height=\"338\" title=\"&#8220;Ankara\u2019da baz\u0131 otob\u00fcs ve metro duraklar\u0131 kapat\u0131ld\u0131&#8221; &#8212; Haber Kuzey\" data-secret=\"B4f5EReP2G\" frameborder=\"0\" marginwidth=\"0\" marginheight=\"0\" scrolling=\"no\" class=\"wp-embedded-content\"><\/iframe><script type=\"text\/javascript\">\n\/* <![CDATA[ *\/\n\/*! This file is auto-generated *\/\n!function(d,l){\"use strict\";l.querySelector&&d.addEventListener&&\"undefined\"!=typeof URL&&(d.wp=d.wp||{},d.wp.receiveEmbedMessage||(d.wp.receiveEmbedMessage=function(e){var t=e.data;if((t||t.secret||t.message||t.value)&&!\/[^a-zA-Z0-9]\/.test(t.secret)){for(var s,r,n,a=l.querySelectorAll('iframe[data-secret=\"'+t.secret+'\"]'),o=l.querySelectorAll('blockquote[data-secret=\"'+t.secret+'\"]'),c=new RegExp(\"^https?:$\",\"i\"),i=0;i<o.length;i++)o[i].style.display=\"none\";for(i=0;i<a.length;i++)s=a[i],e.source===s.contentWindow&&(s.removeAttribute(\"style\"),\"height\"===t.message?(1e3<(r=parseInt(t.value,10))?r=1e3:~~r<200&&(r=200),s.height=r):\"link\"===t.message&&(r=new URL(s.getAttribute(\"src\")),n=new URL(t.value),c.test(n.protocol))&&n.host===r.host&&l.activeElement===s&&(d.top.location.href=t.value))}},d.addEventListener(\"message\",d.wp.receiveEmbedMessage,!1),l.addEventListener(\"DOMContentLoaded\",function(){for(var e,t,s=l.querySelectorAll(\"iframe.wp-embedded-content\"),r=0;r<s.length;r++)(t=(e=s[r]).getAttribute(\"data-secret\"))||(t=Math.random().toString(36).substring(2,12),e.src+=\"#?secret=\"+t,e.setAttribute(\"data-secret\",t)),e.contentWindow.postMessage({message:\"ready\",secret:t},\"*\")},!1)))}(window,document);\n\/\/# sourceURL=https:\/\/haberkuzey.com\/wp-includes\/js\/wp-embed.min.js\n\/* ]]> *\/\n<\/script>\n","thumbnail_url":"https:\/\/brtk.net\/wp-content\/uploads\/2025\/03\/25\/thumbs_b_c_bdd235505f08a1aa18e06970bb28295b.jpg?ver=d4b1d640916feb166a1fa641f5d59443","thumbnail_width":600,"thumbnail_height":338,"description":"EGO Genel M\u00fcd\u00fcrl\u00fc\u011f\u00fc, baz\u0131 metro ve otob\u00fcs duraklar\u0131n\u0131n kullan\u0131lmayaca\u011f\u0131n\u0131 bildirdi. Genel M\u00fcd\u00fcrl\u00fc\u011f\u00fcn sosyal medya hesab\u0131ndan payla\u015f\u0131lan a\u00e7\u0131klamaya g\u00f6re, Ankara Valili\u011finin ald\u0131\u011f\u0131 karar gere\u011fince saat 19.00\u2019dan itibaren K\u0131z\u0131lay, ODT\u00dc ve S\u00f6\u011f\u00fct\u00f6z\u00fc metro duraklar\u0131 ile K\u0131z\u0131lay Ankaray dura\u011f\u0131nda yolcu ini\u015f ve bini\u015fleri yap\u0131lmayacak. Saat 19.00\u2019dan itibaren ODT\u00dc \u00f6n\u00fcndeki duraklar\u0131 kullanan otob\u00fcsler yolcu indirip bindiremeyecek ve ODT\u00dc kamp\u00fcs\u00fc [&hellip;]"}