{"version":"1.0","provider_name":"Haber Kuzey","provider_url":"https:\/\/haberkuzey.com","author_name":"haberkuzey","author_url":"https:\/\/haberkuzey.com\/index.php\/author\/haberkuzey\/","title":"Cumhuriyet Halk Partisi ola\u011fan\u00fcst\u00fc kurultaya gidiyor - Haber Kuzey","type":"rich","width":600,"height":338,"html":"<blockquote class=\"wp-embedded-content\" data-secret=\"0DVDpvifCs\"><a href=\"https:\/\/haberkuzey.com\/index.php\/2025\/03\/21\/cumhuriyet-halk-partisi-olaganustu-kurultaya-gidiyor\/\">Cumhuriyet Halk Partisi ola\u011fan\u00fcst\u00fc kurultaya gidiyor<\/a><\/blockquote><iframe sandbox=\"allow-scripts\" security=\"restricted\" src=\"https:\/\/haberkuzey.com\/index.php\/2025\/03\/21\/cumhuriyet-halk-partisi-olaganustu-kurultaya-gidiyor\/embed\/#?secret=0DVDpvifCs\" width=\"600\" height=\"338\" title=\"&#8220;Cumhuriyet Halk Partisi ola\u011fan\u00fcst\u00fc kurultaya gidiyor&#8221; &#8212; Haber Kuzey\" data-secret=\"0DVDpvifCs\" frameborder=\"0\" marginwidth=\"0\" marginheight=\"0\" scrolling=\"no\" class=\"wp-embedded-content\"><\/iframe><script type=\"text\/javascript\">\n\/* <![CDATA[ *\/\n\/*! This file is auto-generated *\/\n!function(d,l){\"use strict\";l.querySelector&&d.addEventListener&&\"undefined\"!=typeof URL&&(d.wp=d.wp||{},d.wp.receiveEmbedMessage||(d.wp.receiveEmbedMessage=function(e){var t=e.data;if((t||t.secret||t.message||t.value)&&!\/[^a-zA-Z0-9]\/.test(t.secret)){for(var s,r,n,a=l.querySelectorAll('iframe[data-secret=\"'+t.secret+'\"]'),o=l.querySelectorAll('blockquote[data-secret=\"'+t.secret+'\"]'),c=new RegExp(\"^https?:$\",\"i\"),i=0;i<o.length;i++)o[i].style.display=\"none\";for(i=0;i<a.length;i++)s=a[i],e.source===s.contentWindow&&(s.removeAttribute(\"style\"),\"height\"===t.message?(1e3<(r=parseInt(t.value,10))?r=1e3:~~r<200&&(r=200),s.height=r):\"link\"===t.message&&(r=new URL(s.getAttribute(\"src\")),n=new URL(t.value),c.test(n.protocol))&&n.host===r.host&&l.activeElement===s&&(d.top.location.href=t.value))}},d.addEventListener(\"message\",d.wp.receiveEmbedMessage,!1),l.addEventListener(\"DOMContentLoaded\",function(){for(var e,t,s=l.querySelectorAll(\"iframe.wp-embedded-content\"),r=0;r<s.length;r++)(t=(e=s[r]).getAttribute(\"data-secret\"))||(t=Math.random().toString(36).substring(2,12),e.src+=\"#?secret=\"+t,e.setAttribute(\"data-secret\",t)),e.contentWindow.postMessage({message:\"ready\",secret:t},\"*\")},!1)))}(window,document);\n\/\/# sourceURL=https:\/\/haberkuzey.com\/wp-includes\/js\/wp-embed.min.js\n\/* ]]> *\/\n<\/script>\n","thumbnail_url":"https:\/\/brtk.net\/wp-content\/uploads\/2025\/03\/21\/chp.webp?ver=e5ee6cba51488376692ad217b78e2f46","thumbnail_width":600,"thumbnail_height":338,"description":"Cumhuriyet Halk Partisi Genel Ba\u015fkan\u0131 \u00d6zg\u00fcr \u00d6zel, parti t\u00fcz\u00fc\u011f\u00fcndeki yetkiyi kullanarak ola\u011fan\u00fcst\u00fc kurultay\u0131 toplama karar\u0131 ald\u0131. Buna g\u00f6re CHP Kurultay\u0131 6 Nisan\u2019da toplanacak. CHP lideri \u00d6zel, bu karar\u0131 olas\u0131 bir kayyum atamas\u0131na \u00f6nlem olarak ald\u0131klar\u0131n\u0131 anlatt\u0131. \u00d6zel, \u201cT\u00fcz\u00fc\u011f\u00fcm\u00fcz\u00fcn 48\u2019nci maddesinin alt\u0131nc\u0131 fikresi gere\u011fince, 15 g\u00fcn sonras\u0131na ola\u011fan\u00fcst\u00fc kurultay karar\u0131 ald\u0131\u011f\u0131m\u0131z\u0131, partiyi ola\u011fan\u00fcst\u00fc kurultaya g\u00f6t\u00fcrmek suretiyle [&hellip;]"}