{"version":"1.0","provider_name":"Haber Kuzey","provider_url":"https:\/\/haberkuzey.com","author_name":"haberkuzey","author_url":"https:\/\/haberkuzey.com\/index.php\/author\/haberkuzey\/","title":"T\u00fcrkiye MGK toplant\u0131s\u0131na ili\u015fkin bildiri yay\u0131mland\u0131 - Haber Kuzey","type":"rich","width":600,"height":338,"html":"<blockquote class=\"wp-embedded-content\" data-secret=\"ZbbEoKfd4v\"><a href=\"https:\/\/haberkuzey.com\/index.php\/2025\/03\/20\/turkiye-mgk-toplantisina-iliskin-bildiri-yayimlandi\/\">T\u00fcrkiye MGK toplant\u0131s\u0131na ili\u015fkin bildiri yay\u0131mland\u0131<\/a><\/blockquote><iframe sandbox=\"allow-scripts\" security=\"restricted\" src=\"https:\/\/haberkuzey.com\/index.php\/2025\/03\/20\/turkiye-mgk-toplantisina-iliskin-bildiri-yayimlandi\/embed\/#?secret=ZbbEoKfd4v\" width=\"600\" height=\"338\" title=\"&#8220;T\u00fcrkiye MGK toplant\u0131s\u0131na ili\u015fkin bildiri yay\u0131mland\u0131&#8221; &#8212; Haber Kuzey\" data-secret=\"ZbbEoKfd4v\" frameborder=\"0\" marginwidth=\"0\" marginheight=\"0\" scrolling=\"no\" class=\"wp-embedded-content\"><\/iframe><script type=\"text\/javascript\">\n\/* <![CDATA[ *\/\n\/*! This file is auto-generated *\/\n!function(d,l){\"use strict\";l.querySelector&&d.addEventListener&&\"undefined\"!=typeof URL&&(d.wp=d.wp||{},d.wp.receiveEmbedMessage||(d.wp.receiveEmbedMessage=function(e){var t=e.data;if((t||t.secret||t.message||t.value)&&!\/[^a-zA-Z0-9]\/.test(t.secret)){for(var s,r,n,a=l.querySelectorAll('iframe[data-secret=\"'+t.secret+'\"]'),o=l.querySelectorAll('blockquote[data-secret=\"'+t.secret+'\"]'),c=new RegExp(\"^https?:$\",\"i\"),i=0;i<o.length;i++)o[i].style.display=\"none\";for(i=0;i<a.length;i++)s=a[i],e.source===s.contentWindow&&(s.removeAttribute(\"style\"),\"height\"===t.message?(1e3<(r=parseInt(t.value,10))?r=1e3:~~r<200&&(r=200),s.height=r):\"link\"===t.message&&(r=new URL(s.getAttribute(\"src\")),n=new URL(t.value),c.test(n.protocol))&&n.host===r.host&&l.activeElement===s&&(d.top.location.href=t.value))}},d.addEventListener(\"message\",d.wp.receiveEmbedMessage,!1),l.addEventListener(\"DOMContentLoaded\",function(){for(var e,t,s=l.querySelectorAll(\"iframe.wp-embedded-content\"),r=0;r<s.length;r++)(t=(e=s[r]).getAttribute(\"data-secret\"))||(t=Math.random().toString(36).substring(2,12),e.src+=\"#?secret=\"+t,e.setAttribute(\"data-secret\",t)),e.contentWindow.postMessage({message:\"ready\",secret:t},\"*\")},!1)))}(window,document);\n\/\/# sourceURL=https:\/\/haberkuzey.com\/wp-includes\/js\/wp-embed.min.js\n\/* ]]> *\/\n<\/script>\n","thumbnail_url":"https:\/\/brtk.net\/wp-content\/uploads\/2025\/03\/20\/1742487860805thumbs_b_c_8083f4ec80603b6b540d6ae9e6b9890e.jpg?ver=474ced2d31d52887e0d28a9f71a7cccd","thumbnail_width":600,"thumbnail_height":338,"description":"T\u00fcrkiye Cumhuriyeti Milli G\u00fcvenlik Kurulu (MGK) bildirisinde, Ter\u00f6rs\u00fcz T\u00fcrkiye hedefine ula\u015f\u0131lmas\u0131yla milli birlik ve beraberli\u011fin daha da peki\u015fece\u011fi, t\u00fcm vatanda\u015flar\u0131n huzur ve refah\u0131n\u0131n artaca\u011f\u0131, \u00fclkenin sosyoekonomik geli\u015fimi ve kalk\u0131nma s\u00fcrecinin h\u0131zlanaca\u011f\u0131, demokrasinin g\u00fc\u00e7lenece\u011fi ifade edildi. TC Cumhurba\u015fkan\u0131 Recep Tayyip Erdo\u011fan\u2019\u0131n ba\u015fkanl\u0131\u011f\u0131nda, TC Cumhurba\u015fkanl\u0131\u011f\u0131 K\u00fclliyesi\u2019nde yap\u0131lan MGK toplant\u0131s\u0131n\u0131n ard\u0131ndan bildiri yay\u0131mland\u0131. TC Cumhurba\u015fkanl\u0131\u011f\u0131 \u0130leti\u015fim Ba\u015fkanl\u0131\u011f\u0131n\u0131n sosyal [&hellip;]"}