{"version":"1.0","provider_name":"Haber Kuzey","provider_url":"https:\/\/haberkuzey.com","author_name":"haberkuzey","author_url":"https:\/\/haberkuzey.com\/index.php\/author\/haberkuzey\/","title":"T\u00fcrkiye\u2019nin Ayd\u0131n ilinde orman yang\u0131n\u0131\u2026 - Haber Kuzey","type":"rich","width":600,"height":338,"html":"<blockquote class=\"wp-embedded-content\" data-secret=\"wQp0pDcRL6\"><a href=\"https:\/\/haberkuzey.com\/index.php\/2025\/03\/16\/turkiyenin-aydin-ilinde-orman-yangini\/\">T\u00fcrkiye\u2019nin Ayd\u0131n ilinde orman yang\u0131n\u0131\u2026<\/a><\/blockquote><iframe sandbox=\"allow-scripts\" security=\"restricted\" src=\"https:\/\/haberkuzey.com\/index.php\/2025\/03\/16\/turkiyenin-aydin-ilinde-orman-yangini\/embed\/#?secret=wQp0pDcRL6\" width=\"600\" height=\"338\" title=\"&#8220;T\u00fcrkiye\u2019nin Ayd\u0131n ilinde orman yang\u0131n\u0131\u2026&#8221; &#8212; Haber Kuzey\" data-secret=\"wQp0pDcRL6\" frameborder=\"0\" marginwidth=\"0\" marginheight=\"0\" scrolling=\"no\" class=\"wp-embedded-content\"><\/iframe><script type=\"text\/javascript\">\n\/* <![CDATA[ *\/\n\/*! This file is auto-generated *\/\n!function(d,l){\"use strict\";l.querySelector&&d.addEventListener&&\"undefined\"!=typeof URL&&(d.wp=d.wp||{},d.wp.receiveEmbedMessage||(d.wp.receiveEmbedMessage=function(e){var t=e.data;if((t||t.secret||t.message||t.value)&&!\/[^a-zA-Z0-9]\/.test(t.secret)){for(var s,r,n,a=l.querySelectorAll('iframe[data-secret=\"'+t.secret+'\"]'),o=l.querySelectorAll('blockquote[data-secret=\"'+t.secret+'\"]'),c=new RegExp(\"^https?:$\",\"i\"),i=0;i<o.length;i++)o[i].style.display=\"none\";for(i=0;i<a.length;i++)s=a[i],e.source===s.contentWindow&&(s.removeAttribute(\"style\"),\"height\"===t.message?(1e3<(r=parseInt(t.value,10))?r=1e3:~~r<200&&(r=200),s.height=r):\"link\"===t.message&&(r=new URL(s.getAttribute(\"src\")),n=new URL(t.value),c.test(n.protocol))&&n.host===r.host&&l.activeElement===s&&(d.top.location.href=t.value))}},d.addEventListener(\"message\",d.wp.receiveEmbedMessage,!1),l.addEventListener(\"DOMContentLoaded\",function(){for(var e,t,s=l.querySelectorAll(\"iframe.wp-embedded-content\"),r=0;r<s.length;r++)(t=(e=s[r]).getAttribute(\"data-secret\"))||(t=Math.random().toString(36).substring(2,12),e.src+=\"#?secret=\"+t,e.setAttribute(\"data-secret\",t)),e.contentWindow.postMessage({message:\"ready\",secret:t},\"*\")},!1)))}(window,document);\n\/\/# sourceURL=https:\/\/haberkuzey.com\/wp-includes\/js\/wp-embed.min.js\n\/* ]]> *\/\n<\/script>\n","thumbnail_url":"https:\/\/brtk.net\/wp-content\/uploads\/2025\/03\/16\/1742127254666thumbs_b_c_62bf3a9e813ace47d4358bda0e43d727.jpg?ver=f7707541a8b63f5eff14a9429ad153b5","thumbnail_width":600,"thumbnail_height":338,"description":"T\u00fcrkiye\u2019nin Ayd\u0131n ilinin Bozdo\u011fan il\u00e7esinde orman yang\u0131n\u0131 meydana geldi\u011fi ve yang\u0131na m\u00fcdahale edildi\u011fi bildirildi. AA\u2019n\u0131n haberine g\u00f6re, Alt\u0131nta\u015f Mahallesi\u2019nin \u00fcst k\u0131s\u0131mlar\u0131ndaki ormanl\u0131k alanda hen\u00fcz belirlenemeyen nedenle yang\u0131n \u00e7\u0131kt\u0131. \u0130hbar \u00fczerine b\u00f6lgeye Nazilli Orman \u0130\u015fletme M\u00fcd\u00fcrl\u00fc\u011f\u00fc ekipleri sevk edildi. R\u00fczg\u00e2r\u0131n da etkili oldu\u011fu b\u00f6lgede ekiplerin m\u00fcdahalesinin s\u00fcrd\u00fc\u011f\u00fc a\u00e7\u0131kland\u0131."}