{"version":"1.0","provider_name":"Haber Kuzey","provider_url":"https:\/\/haberkuzey.com","author_name":"haberkuzey","author_url":"https:\/\/haberkuzey.com\/index.php\/author\/haberkuzey\/","title":"T\u00fcrkiye\u2019de yapay zeka ile ilgili hukuki altyap\u0131 yolda - Haber Kuzey","type":"rich","width":600,"height":338,"html":"<blockquote class=\"wp-embedded-content\" data-secret=\"6zOFYzeGdN\"><a href=\"https:\/\/haberkuzey.com\/index.php\/2025\/03\/08\/turkiyede-yapay-zeka-ile-ilgili-hukuki-altyapi-yolda\/\">T\u00fcrkiye\u2019de yapay zeka ile ilgili hukuki altyap\u0131 yolda<\/a><\/blockquote><iframe sandbox=\"allow-scripts\" security=\"restricted\" src=\"https:\/\/haberkuzey.com\/index.php\/2025\/03\/08\/turkiyede-yapay-zeka-ile-ilgili-hukuki-altyapi-yolda\/embed\/#?secret=6zOFYzeGdN\" width=\"600\" height=\"338\" title=\"&#8220;T\u00fcrkiye\u2019de yapay zeka ile ilgili hukuki altyap\u0131 yolda&#8221; &#8212; Haber Kuzey\" data-secret=\"6zOFYzeGdN\" frameborder=\"0\" marginwidth=\"0\" marginheight=\"0\" scrolling=\"no\" class=\"wp-embedded-content\"><\/iframe><script type=\"text\/javascript\">\n\/* <![CDATA[ *\/\n\/*! This file is auto-generated *\/\n!function(d,l){\"use strict\";l.querySelector&&d.addEventListener&&\"undefined\"!=typeof URL&&(d.wp=d.wp||{},d.wp.receiveEmbedMessage||(d.wp.receiveEmbedMessage=function(e){var t=e.data;if((t||t.secret||t.message||t.value)&&!\/[^a-zA-Z0-9]\/.test(t.secret)){for(var s,r,n,a=l.querySelectorAll('iframe[data-secret=\"'+t.secret+'\"]'),o=l.querySelectorAll('blockquote[data-secret=\"'+t.secret+'\"]'),c=new RegExp(\"^https?:$\",\"i\"),i=0;i<o.length;i++)o[i].style.display=\"none\";for(i=0;i<a.length;i++)s=a[i],e.source===s.contentWindow&&(s.removeAttribute(\"style\"),\"height\"===t.message?(1e3<(r=parseInt(t.value,10))?r=1e3:~~r<200&&(r=200),s.height=r):\"link\"===t.message&&(r=new URL(s.getAttribute(\"src\")),n=new URL(t.value),c.test(n.protocol))&&n.host===r.host&&l.activeElement===s&&(d.top.location.href=t.value))}},d.addEventListener(\"message\",d.wp.receiveEmbedMessage,!1),l.addEventListener(\"DOMContentLoaded\",function(){for(var e,t,s=l.querySelectorAll(\"iframe.wp-embedded-content\"),r=0;r<s.length;r++)(t=(e=s[r]).getAttribute(\"data-secret\"))||(t=Math.random().toString(36).substring(2,12),e.src+=\"#?secret=\"+t,e.setAttribute(\"data-secret\",t)),e.contentWindow.postMessage({message:\"ready\",secret:t},\"*\")},!1)))}(window,document);\n\/\/# sourceURL=https:\/\/haberkuzey.com\/wp-includes\/js\/wp-embed.min.js\n\/* ]]> *\/\n<\/script>\n","thumbnail_url":"https:\/\/brtk.net\/wp-content\/uploads\/2025\/03\/08\/1741428299562thumbs_b_c_3566c24f4820be08d05e78de3ddde607.jpg?ver=3ea0d0d861d1d93f1527f8787726e095","thumbnail_width":600,"thumbnail_height":338,"description":"\u201cTBMM Yapay Zeka Ara\u015ft\u0131rma Komisyonu Ba\u015fkan\u0131 Fatih D\u00f6nmez, T\u00fcrkiye\u2019de yapay zeka alan\u0131nda yap\u0131lacak d\u00fczenlemelerle ilgili olarak, \u2018\u00c7al\u0131\u015fmalar\u0131m\u0131z tamamland\u0131\u011f\u0131nda etik ve hukuki \u00e7er\u00e7eveye dair altyap\u0131 haz\u0131rlanm\u0131\u015f olacak.\u2019 dedi.\u201d D\u00f6nmez, \u0130spanya\u2019n\u0131n Barselona kentinde d\u00fczenlenen Mobil D\u00fcnya Kongresi (MWC) 2025\u2019te AA muhabirine, Komisyonun ocakta \u00e7al\u0131\u015fmalar\u0131na ba\u015flad\u0131\u011f\u0131n\u0131 dile getirdi. \u00c7al\u0131\u015fmalar\u0131 \u00fc\u00e7 ay i\u00e7inde tamamlamay\u0131 planlad\u0131klar\u0131n\u0131 bildiren D\u00f6nmez, \u201cBu kapsamda [&hellip;]"}