{"version":"1.0","provider_name":"Haber Kuzey","provider_url":"https:\/\/haberkuzey.com","author_name":"haberkuzey","author_url":"https:\/\/haberkuzey.com\/index.php\/author\/haberkuzey\/","title":"Erdo\u011fan: \u201cAB\u2019ye tam \u00fcyelik hedefimizi muhafaza ediyoruz\u201d - Haber Kuzey","type":"rich","width":600,"height":338,"html":"<blockquote class=\"wp-embedded-content\" data-secret=\"1p2mqFWgjS\"><a href=\"https:\/\/haberkuzey.com\/index.php\/2025\/03\/07\/erdogan-abye-tam-uyelik-hedefimizi-muhafaza-ediyoruz\/\">Erdo\u011fan: \u201cAB\u2019ye tam \u00fcyelik hedefimizi muhafaza ediyoruz\u201d<\/a><\/blockquote><iframe sandbox=\"allow-scripts\" security=\"restricted\" src=\"https:\/\/haberkuzey.com\/index.php\/2025\/03\/07\/erdogan-abye-tam-uyelik-hedefimizi-muhafaza-ediyoruz\/embed\/#?secret=1p2mqFWgjS\" width=\"600\" height=\"338\" title=\"&#8220;Erdo\u011fan: \u201cAB\u2019ye tam \u00fcyelik hedefimizi muhafaza ediyoruz\u201d&#8221; &#8212; Haber Kuzey\" data-secret=\"1p2mqFWgjS\" frameborder=\"0\" marginwidth=\"0\" marginheight=\"0\" scrolling=\"no\" class=\"wp-embedded-content\"><\/iframe><script type=\"text\/javascript\">\n\/* <![CDATA[ *\/\n\/*! This file is auto-generated *\/\n!function(d,l){\"use strict\";l.querySelector&&d.addEventListener&&\"undefined\"!=typeof URL&&(d.wp=d.wp||{},d.wp.receiveEmbedMessage||(d.wp.receiveEmbedMessage=function(e){var t=e.data;if((t||t.secret||t.message||t.value)&&!\/[^a-zA-Z0-9]\/.test(t.secret)){for(var s,r,n,a=l.querySelectorAll('iframe[data-secret=\"'+t.secret+'\"]'),o=l.querySelectorAll('blockquote[data-secret=\"'+t.secret+'\"]'),c=new RegExp(\"^https?:$\",\"i\"),i=0;i<o.length;i++)o[i].style.display=\"none\";for(i=0;i<a.length;i++)s=a[i],e.source===s.contentWindow&&(s.removeAttribute(\"style\"),\"height\"===t.message?(1e3<(r=parseInt(t.value,10))?r=1e3:~~r<200&&(r=200),s.height=r):\"link\"===t.message&&(r=new URL(s.getAttribute(\"src\")),n=new URL(t.value),c.test(n.protocol))&&n.host===r.host&&l.activeElement===s&&(d.top.location.href=t.value))}},d.addEventListener(\"message\",d.wp.receiveEmbedMessage,!1),l.addEventListener(\"DOMContentLoaded\",function(){for(var e,t,s=l.querySelectorAll(\"iframe.wp-embedded-content\"),r=0;r<s.length;r++)(t=(e=s[r]).getAttribute(\"data-secret\"))||(t=Math.random().toString(36).substring(2,12),e.src+=\"#?secret=\"+t,e.setAttribute(\"data-secret\",t)),e.contentWindow.postMessage({message:\"ready\",secret:t},\"*\")},!1)))}(window,document);\n\/\/# sourceURL=https:\/\/haberkuzey.com\/wp-includes\/js\/wp-embed.min.js\n\/* ]]> *\/\n<\/script>\n","thumbnail_url":"https:\/\/brtk.net\/wp-content\/uploads\/2025\/03\/07\/1741350779152thumbs_b_c_9878572148add870a69f2e348f7d5152.jpg?ver=e1749c2be0c680806452eb8ede74212d","thumbnail_width":600,"thumbnail_height":338,"description":"T\u00fcrkiye Cumhurba\u015fkan\u0131 Recep Tayyip Erdo\u011fan, \u201cAvrupa Birli\u011fi\u2019ne tam \u00fcyelik hedefimizi muhafaza ediyoruz. AB\u2019nin de art\u0131k stratejik ve vizyoner tutum benimsemesini, \u00fcyelik m\u00fczakerelerimizin canland\u0131r\u0131lmas\u0131n\u0131 bekliyoruz.\u201d dedi. Avrupa Birli\u011fi\u2019nin (AB) d\u00fczenledi\u011fi Fikirda\u015f \u00dclke Liderleri \u00c7evrimi\u00e7i Toplant\u0131s\u0131\u2019na Vahdettin K\u00f6\u015fk\u00fc\u2019nden kat\u0131lan Cumhurba\u015fkan\u0131 Erdo\u011fan, burada yapt\u0131\u011f\u0131 konu\u015fmada, T\u00fcrkiye olarak ilk g\u00fcnden itibaren sava\u015f\u0131n diyalog yoluyla sonland\u0131r\u0131lmas\u0131 i\u00e7in \u00e7ok yo\u011fun ve [&hellip;]"}