{"version":"1.0","provider_name":"Haber Kuzey","provider_url":"https:\/\/haberkuzey.com","author_name":"haberkuzey","author_url":"https:\/\/haberkuzey.com\/index.php\/author\/haberkuzey\/","title":"Cumhurba\u015fkan\u0131 Tatar: Se\u00e7imde yeniden aday olaca\u011f\u0131m - Haber Kuzey","type":"rich","width":600,"height":338,"html":"<blockquote class=\"wp-embedded-content\" data-secret=\"eiXOay57ie\"><a href=\"https:\/\/haberkuzey.com\/index.php\/2025\/03\/04\/cumhurbaskani-tatar-secimde-yeniden-aday-olacagim\/\">Cumhurba\u015fkan\u0131 Tatar: Se\u00e7imde yeniden aday olaca\u011f\u0131m<\/a><\/blockquote><iframe sandbox=\"allow-scripts\" security=\"restricted\" src=\"https:\/\/haberkuzey.com\/index.php\/2025\/03\/04\/cumhurbaskani-tatar-secimde-yeniden-aday-olacagim\/embed\/#?secret=eiXOay57ie\" width=\"600\" height=\"338\" title=\"&#8220;Cumhurba\u015fkan\u0131 Tatar: Se\u00e7imde yeniden aday olaca\u011f\u0131m&#8221; &#8212; Haber Kuzey\" data-secret=\"eiXOay57ie\" frameborder=\"0\" marginwidth=\"0\" marginheight=\"0\" scrolling=\"no\" class=\"wp-embedded-content\"><\/iframe><script type=\"text\/javascript\">\n\/* <![CDATA[ *\/\n\/*! This file is auto-generated *\/\n!function(d,l){\"use strict\";l.querySelector&&d.addEventListener&&\"undefined\"!=typeof URL&&(d.wp=d.wp||{},d.wp.receiveEmbedMessage||(d.wp.receiveEmbedMessage=function(e){var t=e.data;if((t||t.secret||t.message||t.value)&&!\/[^a-zA-Z0-9]\/.test(t.secret)){for(var s,r,n,a=l.querySelectorAll('iframe[data-secret=\"'+t.secret+'\"]'),o=l.querySelectorAll('blockquote[data-secret=\"'+t.secret+'\"]'),c=new RegExp(\"^https?:$\",\"i\"),i=0;i<o.length;i++)o[i].style.display=\"none\";for(i=0;i<a.length;i++)s=a[i],e.source===s.contentWindow&&(s.removeAttribute(\"style\"),\"height\"===t.message?(1e3<(r=parseInt(t.value,10))?r=1e3:~~r<200&&(r=200),s.height=r):\"link\"===t.message&&(r=new URL(s.getAttribute(\"src\")),n=new URL(t.value),c.test(n.protocol))&&n.host===r.host&&l.activeElement===s&&(d.top.location.href=t.value))}},d.addEventListener(\"message\",d.wp.receiveEmbedMessage,!1),l.addEventListener(\"DOMContentLoaded\",function(){for(var e,t,s=l.querySelectorAll(\"iframe.wp-embedded-content\"),r=0;r<s.length;r++)(t=(e=s[r]).getAttribute(\"data-secret\"))||(t=Math.random().toString(36).substring(2,12),e.src+=\"#?secret=\"+t,e.setAttribute(\"data-secret\",t)),e.contentWindow.postMessage({message:\"ready\",secret:t},\"*\")},!1)))}(window,document);\n\/\/# sourceURL=https:\/\/haberkuzey.com\/wp-includes\/js\/wp-embed.min.js\n\/* ]]> *\/\n<\/script>\n","thumbnail_url":"https:\/\/brtk.net\/wp-content\/uploads\/2025\/03\/04\/1741091410927TATAR-KARAR.jpg?ver=5635e1165c56e01000a25410b26ecb12","thumbnail_width":600,"thumbnail_height":400,"description":"KKTC halk\u0131 5 y\u0131lda bir ger\u00e7ekle\u015ftirilen Cumhurba\u015fkanl\u0131\u011f\u0131 se\u00e7imi i\u00e7in bu y\u0131l sand\u0131k ba\u015f\u0131na gidecek. Se\u00e7im \u00f6ncesi de\u011ferlendirmelerde bulunan Cumhurba\u015fkan\u0131 Ersin Tatar, 2025 Cumhurba\u015fkanl\u0131\u011f\u0131 se\u00e7iminde yeniden aday olaca\u011f\u0131n\u0131 a\u00e7\u0131klad\u0131. Cumhurba\u015fkan\u0131 Ersin Tatar, \u00f6zel bir kanala yapt\u0131\u011f\u0131 de\u011ferlendirmede, bu y\u0131l yap\u0131lacak Cumhurba\u015fkanl\u0131\u011f\u0131 se\u00e7iminde yeniden aday olaca\u011f\u0131n\u0131 belirtti. Cumhurba\u015fkan\u0131 Tatar, \u201c\u0130ki devletli \u00e7\u00f6z\u00fcm siyasetini savunan ve T\u00fcrkiye ile [&hellip;]"}