{"version":"1.0","provider_name":"Haber Kuzey","provider_url":"https:\/\/haberkuzey.com","author_name":"haberkuzey","author_url":"https:\/\/haberkuzey.com\/index.php\/author\/haberkuzey\/","title":"T\u00fcrkiye\u2019de \u015fubat ay\u0131 enflasyonu y\u00fczde 2,27 - Haber Kuzey","type":"rich","width":600,"height":338,"html":"<blockquote class=\"wp-embedded-content\" data-secret=\"DpHgNiJPib\"><a href=\"https:\/\/haberkuzey.com\/index.php\/2025\/03\/03\/turkiyede-subat-ayi-enflasyonu-yuzde-227\/\">T\u00fcrkiye\u2019de \u015fubat ay\u0131 enflasyonu y\u00fczde 2,27<\/a><\/blockquote><iframe sandbox=\"allow-scripts\" security=\"restricted\" src=\"https:\/\/haberkuzey.com\/index.php\/2025\/03\/03\/turkiyede-subat-ayi-enflasyonu-yuzde-227\/embed\/#?secret=DpHgNiJPib\" width=\"600\" height=\"338\" title=\"&#8220;T\u00fcrkiye\u2019de \u015fubat ay\u0131 enflasyonu y\u00fczde 2,27&#8221; &#8212; Haber Kuzey\" data-secret=\"DpHgNiJPib\" frameborder=\"0\" marginwidth=\"0\" marginheight=\"0\" scrolling=\"no\" class=\"wp-embedded-content\"><\/iframe><script type=\"text\/javascript\">\n\/* <![CDATA[ *\/\n\/*! This file is auto-generated *\/\n!function(d,l){\"use strict\";l.querySelector&&d.addEventListener&&\"undefined\"!=typeof URL&&(d.wp=d.wp||{},d.wp.receiveEmbedMessage||(d.wp.receiveEmbedMessage=function(e){var t=e.data;if((t||t.secret||t.message||t.value)&&!\/[^a-zA-Z0-9]\/.test(t.secret)){for(var s,r,n,a=l.querySelectorAll('iframe[data-secret=\"'+t.secret+'\"]'),o=l.querySelectorAll('blockquote[data-secret=\"'+t.secret+'\"]'),c=new RegExp(\"^https?:$\",\"i\"),i=0;i<o.length;i++)o[i].style.display=\"none\";for(i=0;i<a.length;i++)s=a[i],e.source===s.contentWindow&&(s.removeAttribute(\"style\"),\"height\"===t.message?(1e3<(r=parseInt(t.value,10))?r=1e3:~~r<200&&(r=200),s.height=r):\"link\"===t.message&&(r=new URL(s.getAttribute(\"src\")),n=new URL(t.value),c.test(n.protocol))&&n.host===r.host&&l.activeElement===s&&(d.top.location.href=t.value))}},d.addEventListener(\"message\",d.wp.receiveEmbedMessage,!1),l.addEventListener(\"DOMContentLoaded\",function(){for(var e,t,s=l.querySelectorAll(\"iframe.wp-embedded-content\"),r=0;r<s.length;r++)(t=(e=s[r]).getAttribute(\"data-secret\"))||(t=Math.random().toString(36).substring(2,12),e.src+=\"#?secret=\"+t,e.setAttribute(\"data-secret\",t)),e.contentWindow.postMessage({message:\"ready\",secret:t},\"*\")},!1)))}(window,document);\n\/\/# sourceURL=https:\/\/haberkuzey.com\/wp-includes\/js\/wp-embed.min.js\n\/* ]]> *\/\n<\/script>\n","thumbnail_url":"https:\/\/brtk.net\/wp-content\/uploads\/2024\/05\/03\/enflasyon.jpg?ver=354122ceed9025458f77d82a60cb6f06","thumbnail_width":600,"thumbnail_height":338,"description":"T\u00fcrkiye\u2019de T\u00fcketici Fiyat Endeksi (T\u00dcFE), \u015fubatta ayl\u0131k bazda y\u00fczde 2,27, Yurt \u0130\u00e7i \u00dcretici Fiyat Endeksi (Y\u0130-\u00dcFE) y\u00fczde 2,12 art\u0131\u015f g\u00f6sterdi. Y\u0131ll\u0131k enflasyon t\u00fcketici fiyatlar\u0131nda y\u00fczde 39,05, yurt i\u00e7i \u00fcretici fiyatlar\u0131nda y\u00fczde 25,21 olarak kay\u0131tlara ge\u00e7ti. T\u00fcrkiye \u0130statistik Kurumu (T\u00dc\u0130K) verilerine g\u00f6re, \u015fubatta 12 ayl\u0131k ortalamalar dikkate al\u0131nd\u0131\u011f\u0131nda t\u00fcketici fiyatlar\u0131 y\u00fczde 53,83, yurt i\u00e7i \u00fcretici fiyatlar\u0131 [&hellip;]"}